{"id":13233,"date":"2022-08-17T17:38:34","date_gmt":"2022-08-17T16:38:34","guid":{"rendered":"https:\/\/www.dppireland.ie\/maidir-linne\/"},"modified":"2025-02-11T11:17:06","modified_gmt":"2025-02-11T11:17:06","slug":"about-us","status":"publish","type":"page","link":"https:\/\/www.dppireland.ie\/ga\/about-us\/","title":{"rendered":"Maidir Linne"},"content":{"rendered":"<div class=\"wpb-content-wrapper\"><p>[vc_row][vc_column][vc_column_text css=&#8221;&#8221;]Buna\u00edodh Oifig an Sti\u00farth\u00f3ra Ionch\u00faiseamh Poibl\u00ed le dl\u00ed faoin <a href=\"https:\/\/www.irishstatutebook.ie\/eli\/1974\/act\/22\/enacted\/en\/html#\">Acht um Ionch\u00faiseamh i gCionta, 1974<\/a>. T\u00e1 Catherine Pierse, an Sti\u00farth\u00f3ir, neamhsple\u00e1ch ag comhl\u00edonadh a feidhmeanna di.<\/p>\n<p>Is iad seo na dualgais at\u00e1 ar an Sti\u00farth\u00f3ir:<\/p>\n<ul>\n<li>an dl\u00ed coiri\u00fail a fhorfheidhmi\u00fa sna c\u00fairteanna thar ceann Mhuintir na h\u00c9ireann<\/li>\n<li>ionch\u00faisimh phoibl\u00ed a threor\u00fa agus a mhaoirsi\u00fa ar d\u00edot\u00e1il (c\u00faisimh fhoirmi\u00fala i scr\u00edbhinn) sna c\u00fairteanna<\/li>\n<li>treoir agus comhairle ghinear\u00e1lta a thabhairt don <a href=\"https:\/\/www.garda.ie\/ga\/\">Gharda S\u00edoch\u00e1na<\/a> (seirbh\u00eds p\u00f3il\u00edneachta na h\u00c9ireann) maidir le c\u00e1sanna achoimre (c\u00e1sanna n\u00edos neamh-thromch\u00fais\u00ed a fh\u00e9adfar a \u00e9isteacht sa Ch\u00fairt D\u00faiche) agus<\/li>\n<li>treoir shonrach a thabhairt don Gharda S\u00edoch\u00e1na (na Garda\u00ed) i gc\u00e1sanna ina n-iarrtar \u00ed.<\/li>\n<\/ul>\n<p>Sol\u00e1thra\u00edonn an Pr\u00edomh-Aturnae Ionch\u00faisimh seirbh\u00eds aturnaetha laistigh d\u2019Oifig an Sti\u00farth\u00f3ra Ionch\u00faiseamh Poibl\u00ed thar ceann an Sti\u00farth\u00f3ra i gc\u00e1sanna a nd\u00e9ile\u00e1iltear leo i mBaile \u00c1tha Cliath.<\/p>\n<h2>Sol\u00e1thar seirbh\u00edse lasmuigh de Bhaile \u00c1tha Cliath<\/h2>\n<p>Gn\u00edomha\u00edonn an tseirbh\u00eds Aturnaetha St\u00e1it (30 aturnae i gcleachtadh pr\u00edobh\u00e1ideach a bhfosta\u00edonn an Sti\u00farth\u00f3ir Ionch\u00faiseamh Poibl\u00ed iad ar bhonn conartha) thar ceann an Sti\u00farth\u00f3ra i gC\u00fairteanna Cuarda agus, \u00f3 am go ch\u00e9ile, sna C\u00fairteanna D\u00faiche lasmuigh de Bhaile \u00c1tha Cliath. Taca\u00edonn na haturnaetha sin le habhc\u00f3id\u00ed pr\u00edobh\u00e1ideacha at\u00e1 ag obair don Sti\u00farth\u00f3ir Ionch\u00faiseamh Poibl\u00ed chun c\u00e1s an ionch\u00faisimh a chur i l\u00e1thair sa Ch\u00fairt Chuarda ina gcontae faoi seach.<\/p>\n<p>Tr\u00edd is tr\u00edd, is ann d\u2019Aturnae St\u00e1it amh\u00e1in in aghaidh an chontae. I gcontaetha \u00e1irithe, \u00e1fach, scoilteadh limist\u00e9ir Aturnae St\u00e1it chun tosca amhail an daonra a chur san \u00e1ireamh.<\/p>\n<p><a href=\"https:\/\/www.dppireland.ie\/ga\/contact-us\/local-state-solicitors\">F\u00e9ach sonra\u00ed teagmh\u00e1la le haghaidh na nAturnaetha St\u00e1it go l\u00e9ir<\/a>.<\/p>\n<h2>T\u00e1 ceithre rann\u00e1n ag Oifig an Sti\u00farth\u00f3ra Ionch\u00faiseamh Poibl\u00ed:<\/h2>\n<ol>\n<li style=\"list-style-type: none;\">\n<ol>\n<li style=\"text-align: left;\"><a href=\"https:\/\/www.dppireland.ie\/ga\/about-us\/our-organisation#accordion-organisation-collapse-an-rannan-stiurtha\"><strong>Rann\u00e1n na Aonaid Sti\u00fartha agus Speisialt\u00f3ra<\/strong><\/a>\u00a0\u2013 at\u00e1 comhdh\u00e9anta d\u2019ionch\u00faisitheoir\u00ed a scr\u00fada\u00edonn comhaid imscr\u00fadaithe choiri\u00fail agus a chinneann c\u00e9 acu a thionscn\u00f3far n\u00f3 nach dtionscn\u00f3far ionch\u00faiseamh. T\u00e1 an tAonad Speisialta Airgeadais agus An tAonad Chionta Tromch\u00faiseacha agus Gn\u00e9asacha ar \u00e1ireamh sa rann\u00e1n freisin.\n<ul>\n<li>An Ch\u00fairt D\u00faiche<\/li>\n<li>An Ch\u00fairt Chuarda<\/li>\n<li>Athbhreithni\u00fa Breithi\u00fanach<\/li>\n<li>An Ch\u00fairt Achomhairc<\/li>\n<\/ul>\n<\/li>\n<\/ol>\n<\/li>\n<li><a href=\"https:\/\/www.dppireland.ie\/ga\/about-us\/our-organisation#accordion-organisation-collapse-an-rannan-aturnaetha\"><strong>An Rann\u00e1n Aturnaetha<\/strong><\/a> \u2013 at\u00e1 comhdh\u00e9anta d\u2019ionch\u00faisitheoir\u00ed agus feidhmeannaigh dhl\u00ed a ullmha\u00edonn agus a sheolann c\u00e1sanna thar ceann an Sti\u00farth\u00f3ra sna c\u00fairteanna go l\u00e9ir a shu\u00edonn i mBaile \u00c1tha Cliath, lena n-\u00e1ir\u00edtear:<\/li>\n<li><a href=\"https:\/\/www.dppireland.ie\/ga\/about-us\/our-organisation#accordion-organisation-collapse-an-rannan-seirbhisi-tacaiochta-ionchuiseamh\"><strong>An Rann\u00e1n Seirbh\u00eds\u00ed Taca\u00edochta Ionch\u00faiseamh<\/strong><\/a> \u2013 a chuims\u00edonn an tAonad Idirn\u00e1isi\u00fanta, an tAonad Beartais agus Taighde Ionch\u00faiseamh (lena n-\u00e1ir\u00edtear na seirbh\u00eds\u00ed bainist\u00edochta leabharlainne, faisn\u00e9ise agus eolais) agus an tAonad Idirchaidrimh \u00cdospartach.<\/li>\n<li><a href=\"https:\/\/www.dppireland.ie\/ga\/about-us\/our-organisation#accordion-organisation-collapse-an-rannan-seirbhisi-corparaideacha\"><strong>An Rann\u00e1n Seirbh\u00eds\u00ed Corpar\u00e1ideacha<\/strong><\/a> \u2013 a chuims\u00edonn s\u00e9 seo gr\u00e1id agus gairmeacha ginear\u00e1lta na st\u00e1tseirbh\u00edse a shol\u00e1thra\u00edonn seirbh\u00eds\u00ed agus taca\u00edochta\u00ed don Oifig i r\u00e9imse na n-acmhainn\u00ed daonna, forbairt eagra\u00edocht\u00fail, TF, Airgeadais, cumars\u00e1id, rialachas agus c\u00f3ir\u00edocht.<\/li>\n<\/ol>\n<p><a href=\"https:\/\/www.dppireland.ie\/ga\/about-us\/our-organisation\"><b>Is f\u00e9idir leat tuilleadh eolais a l\u00e9amh ar obair na ceithre rann\u00e1n sa chuid &#8216;\u00c1r nEagra\u00edocht&#8217; den l\u00e1ithre\u00e1n seo.<\/b><\/a><\/p>\n<p><a href=\"https:\/\/www.dppireland.ie\/ga\/about-us\/organisation-chart\">F\u00e9ach \u00e1r gCairt Eagr\u00fach\u00e1in<\/a>.<\/p>\n<p><strong>N\u00ed<\/strong> thugann an Sti\u00farth\u00f3ir n\u00e1 a foireann comhairle dl\u00ed do dhaoine den phobal. M\u00e1 bh\u00edonn comhairle dl\u00ed uait, t\u00e9igh i gcomhairle le d\u2019aturnae.[\/vc_column_text][\/vc_column][\/vc_row]<\/p>\n<\/div>","protected":false},"excerpt":{"rendered":"<p>[vc_row][vc_column][vc_column_text css=&#8221;&#8221;]Buna\u00edodh Oifig an Sti\u00farth\u00f3ra Ionch\u00faiseamh Poibl\u00ed le dl\u00ed faoin Acht um Ionch\u00faiseamh i gCionta, 1974. T\u00e1 Catherine Pierse, an Sti\u00farth\u00f3ir, neamhsple\u00e1ch ag comhl\u00edonadh a feidhmeanna di. Is iad seo na dualgais at\u00e1 ar an Sti\u00farth\u00f3ir: an dl\u00ed coiri\u00fail a fhorfheidhmi\u00fa sna c\u00fairteanna thar ceann Mhuintir na h\u00c9ireann ionch\u00faisimh phoibl\u00ed a threor\u00fa agus a mhaoirsi\u00fa &hellip; <a href=\"https:\/\/www.dppireland.ie\/ga\/about-us\/\">Continued<\/a><\/p>\n","protected":false},"author":1,"featured_media":0,"parent":0,"menu_order":2,"comment_status":"closed","ping_status":"closed","template":"","meta":{"_acf_changed":false,"om_disable_all_campaigns":false,"_relevanssi_hide_post":"","_relevanssi_hide_content":"","_relevanssi_pin_for_all":"","_relevanssi_pin_keywords":"","_relevanssi_unpin_keywords":"","_relevanssi_related_keywords":"","_relevanssi_related_include_ids":"","_relevanssi_related_exclude_ids":"","_relevanssi_related_no_append":"","_relevanssi_related_not_related":"","_relevanssi_related_posts":"","_relevanssi_noindex_reason":"","_monsterinsights_skip_tracking":false,"_monsterinsights_sitenote_active":false,"_monsterinsights_sitenote_note":"","_monsterinsights_sitenote_category":0,"_uf_show_specific_survey":0,"_uf_disable_surveys":false,"footnotes":""},"class_list":["post-13233","page","type-page","status-publish","hentry"],"acf":[],"yoast_head":"<!-- This site is optimized with the Yoast SEO plugin v27.5 - https:\/\/yoast.com\/product\/yoast-seo-wordpress\/ -->\n<title>Maidir Linne - Office of the Director of Public Prosecutions<\/title>\n<meta name=\"description\" content=\"Office of the Director of Public Prosecutions - Providing a prosecution that is independent, fair and effective\" \/>\n<meta name=\"robots\" content=\"index, follow, max-snippet:-1, max-image-preview:large, max-video-preview:-1\" \/>\n<link rel=\"canonical\" href=\"https:\/\/www.dppireland.ie\/ga\/about-us\/\" \/>\n<meta property=\"og:locale\" content=\"ga_IE\" \/>\n<meta property=\"og:type\" content=\"article\" \/>\n<meta property=\"og:title\" content=\"Maidir Linne - Office of the Director of Public Prosecutions\" \/>\n<meta property=\"og:description\" content=\"Office of the Director of Public Prosecutions - Providing a prosecution that is independent, fair and effective\" \/>\n<meta property=\"og:url\" content=\"https:\/\/www.dppireland.ie\/ga\/about-us\/\" \/>\n<meta property=\"og:site_name\" content=\"Office of the Director of Public Prosecutions\" \/>\n<meta property=\"article:modified_time\" content=\"2025-02-11T11:17:06+00:00\" \/>\n<meta name=\"twitter:card\" content=\"summary_large_image\" \/>\n<meta name=\"twitter:label1\" content=\"Est. reading time\" \/>\n\t<meta name=\"twitter:data1\" content=\"2 minutes\" \/>\n<script type=\"application\/ld+json\" class=\"yoast-schema-graph\">{\"@context\":\"https:\\\/\\\/schema.org\",\"@graph\":[{\"@type\":\"WebPage\",\"@id\":\"https:\\\/\\\/www.dppireland.ie\\\/ga\\\/about-us\\\/\",\"url\":\"https:\\\/\\\/www.dppireland.ie\\\/ga\\\/about-us\\\/\",\"name\":\"Maidir Linne - Office of the Director of Public Prosecutions\",\"isPartOf\":{\"@id\":\"https:\\\/\\\/www.dppireland.ie\\\/#website\"},\"datePublished\":\"2022-08-17T16:38:34+00:00\",\"dateModified\":\"2025-02-11T11:17:06+00:00\",\"description\":\"Office of the Director of Public Prosecutions - Providing a prosecution that is independent, fair and effective\",\"breadcrumb\":{\"@id\":\"https:\\\/\\\/www.dppireland.ie\\\/ga\\\/about-us\\\/#breadcrumb\"},\"inLanguage\":\"ga-IE\",\"potentialAction\":[{\"@type\":\"ReadAction\",\"target\":[\"https:\\\/\\\/www.dppireland.ie\\\/ga\\\/about-us\\\/\"]}]},{\"@type\":\"BreadcrumbList\",\"@id\":\"https:\\\/\\\/www.dppireland.ie\\\/ga\\\/about-us\\\/#breadcrumb\",\"itemListElement\":[{\"@type\":\"ListItem\",\"position\":1,\"name\":\"Home\",\"item\":\"https:\\\/\\\/www.dppireland.ie\\\/ga\\\/\"},{\"@type\":\"ListItem\",\"position\":2,\"name\":\"Maidir Linne\"}]},{\"@type\":\"WebSite\",\"@id\":\"https:\\\/\\\/www.dppireland.ie\\\/#website\",\"url\":\"https:\\\/\\\/www.dppireland.ie\\\/\",\"name\":\"Office of the Director of Public Prosecutions\",\"description\":\"Providing a prosecution that is independent, fair and effective\",\"potentialAction\":[{\"@type\":\"SearchAction\",\"target\":{\"@type\":\"EntryPoint\",\"urlTemplate\":\"https:\\\/\\\/www.dppireland.ie\\\/?s={search_term_string}\"},\"query-input\":{\"@type\":\"PropertyValueSpecification\",\"valueRequired\":true,\"valueName\":\"search_term_string\"}}],\"inLanguage\":\"ga-IE\"}]}<\/script>\n<!-- \/ Yoast SEO plugin. -->","yoast_head_json":{"title":"Maidir Linne - Office of the Director of Public Prosecutions","description":"Office of the Director of Public Prosecutions - Providing a prosecution that is independent, fair and effective","robots":{"index":"index","follow":"follow","max-snippet":"max-snippet:-1","max-image-preview":"max-image-preview:large","max-video-preview":"max-video-preview:-1"},"canonical":"https:\/\/www.dppireland.ie\/ga\/about-us\/","og_locale":"ga_IE","og_type":"article","og_title":"Maidir Linne - Office of the Director of Public Prosecutions","og_description":"Office of the Director of Public Prosecutions - Providing a prosecution that is independent, fair and effective","og_url":"https:\/\/www.dppireland.ie\/ga\/about-us\/","og_site_name":"Office of the Director of Public Prosecutions","article_modified_time":"2025-02-11T11:17:06+00:00","twitter_card":"summary_large_image","twitter_misc":{"Est. reading time":"2 minutes"},"schema":{"@context":"https:\/\/schema.org","@graph":[{"@type":"WebPage","@id":"https:\/\/www.dppireland.ie\/ga\/about-us\/","url":"https:\/\/www.dppireland.ie\/ga\/about-us\/","name":"Maidir Linne - Office of the Director of Public Prosecutions","isPartOf":{"@id":"https:\/\/www.dppireland.ie\/#website"},"datePublished":"2022-08-17T16:38:34+00:00","dateModified":"2025-02-11T11:17:06+00:00","description":"Office of the Director of Public Prosecutions - Providing a prosecution that is independent, fair and effective","breadcrumb":{"@id":"https:\/\/www.dppireland.ie\/ga\/about-us\/#breadcrumb"},"inLanguage":"ga-IE","potentialAction":[{"@type":"ReadAction","target":["https:\/\/www.dppireland.ie\/ga\/about-us\/"]}]},{"@type":"BreadcrumbList","@id":"https:\/\/www.dppireland.ie\/ga\/about-us\/#breadcrumb","itemListElement":[{"@type":"ListItem","position":1,"name":"Home","item":"https:\/\/www.dppireland.ie\/ga\/"},{"@type":"ListItem","position":2,"name":"Maidir Linne"}]},{"@type":"WebSite","@id":"https:\/\/www.dppireland.ie\/#website","url":"https:\/\/www.dppireland.ie\/","name":"Office of the Director of Public Prosecutions","description":"Providing a prosecution that is independent, fair and effective","potentialAction":[{"@type":"SearchAction","target":{"@type":"EntryPoint","urlTemplate":"https:\/\/www.dppireland.ie\/?s={search_term_string}"},"query-input":{"@type":"PropertyValueSpecification","valueRequired":true,"valueName":"search_term_string"}}],"inLanguage":"ga-IE"}]}},"jetpack_sharing_enabled":true,"_links":{"self":[{"href":"https:\/\/www.dppireland.ie\/ga\/wp-json\/wp\/v2\/pages\/13233","targetHints":{"allow":["GET"]}}],"collection":[{"href":"https:\/\/www.dppireland.ie\/ga\/wp-json\/wp\/v2\/pages"}],"about":[{"href":"https:\/\/www.dppireland.ie\/ga\/wp-json\/wp\/v2\/types\/page"}],"author":[{"embeddable":true,"href":"https:\/\/www.dppireland.ie\/ga\/wp-json\/wp\/v2\/users\/1"}],"replies":[{"embeddable":true,"href":"https:\/\/www.dppireland.ie\/ga\/wp-json\/wp\/v2\/comments?post=13233"}],"version-history":[{"count":19,"href":"https:\/\/www.dppireland.ie\/ga\/wp-json\/wp\/v2\/pages\/13233\/revisions"}],"predecessor-version":[{"id":26371,"href":"https:\/\/www.dppireland.ie\/ga\/wp-json\/wp\/v2\/pages\/13233\/revisions\/26371"}],"wp:attachment":[{"href":"https:\/\/www.dppireland.ie\/ga\/wp-json\/wp\/v2\/media?parent=13233"}],"curies":[{"name":"wp","href":"https:\/\/api.w.org\/{rel}","templated":true}]}}