{"id":10505,"date":"2019-01-24T14:33:24","date_gmt":"2019-01-24T14:33:24","guid":{"rendered":"https:\/\/www.dppireland.ie\/criminal-justice-system\/"},"modified":"2024-05-23T13:47:14","modified_gmt":"2024-05-23T12:47:14","slug":"criminal-justice-system","status":"publish","type":"page","link":"https:\/\/www.dppireland.ie\/ga\/criminal-justice-system\/","title":{"rendered":"An C\u00f3ras Ceartais Choiri\u00fail"},"content":{"rendered":"<div class=\"wpb-content-wrapper\"><p>[vc_row][vc_column][vc_column_text css=&#8221;&#8221;]Treoir ghairid is ea an m\u00e9id seo a leanas maidir leis an gC\u00f3ras Ceartais Choiri\u00fail agus m\u00edn\u00edtear ann cad a tharla\u00edonn sna c\u00e1sanna seo a leanas:<\/p>\n<ul>\n<li>nuair a thuairisc\u00edtear coir<\/li>\n<li>nuair a chuirtear comhad chuig an Sti\u00farth\u00f3ir Ionch\u00faiseamh Poibl\u00ed<\/li>\n<li>nuair a chinneann an Sti\u00farth\u00f3ir Ionch\u00faiseamh Poibl\u00ed duine a ionch\u00faiseamh n\u00f3 gan duine a ionch\u00faiseamh<\/li>\n<li>nuair a th\u00e9ann c\u00e1s os comhair na c\u00fairte<\/li>\n<\/ul>\n<p>M\u00e1s \u00edospartach n\u00f3 finn\u00e9 th\u00fa, t\u00e1 s\u00fail againn go mbeidh an roinn seo d\u00e1r su\u00edomh \u00fas\u00e1ideach duit agus go gcuideoidh s\u00e9 leat tuiscint a fh\u00e1il ar an d\u00f3igh a bhfeidhm\u00edtear an c\u00f3ras ceartais.<\/p>\n<p>Chomhoibrigh Oifig an Sti\u00farth\u00f3ra Ionch\u00faiseamh Poibl\u00ed le Newstalk chun podchraoladh 20 n\u00f3im\u00e9ad a th\u00e1irgeadh d\u00e1 sraith <em>\u2018Let Me Explain\u2019<\/em> \u2013 <a href=\"https:\/\/link.goloudplayer.com\/s\/pGFh6PANNXsu\"><strong>\u2018Let Me Explain the Criminal Justice System\u2019<\/strong><\/a> \u2013 agus is f\u00e9idir \u00e9isteacht leis an bpodchraoladh seo <a href=\"https:\/\/link.goloudplayer.com\/s\/pGFh6PANNXsu\">anseo<\/a> (i mB\u00e9arla).<\/p>\n<p>T\u00e1 doicim\u00e9ad a mh\u00edn\u00edonn n\u00edos mionsonraithe conas a oibr\u00edonn an <strong><a href=\"https:\/\/www.dppireland.ie\/ga\/publication-category\/prosecution-system-in-ireland\">C\u00f3ras Ionch\u00faisimh in \u00c9irinn<\/a><\/strong> ar f\u00e1il <a href=\"https:\/\/www.dppireland.ie\/ga\/publication-category\/prosecution-system-in-ireland\">anseo<\/a> freisin.[\/vc_column_text][\/vc_column][\/vc_row][vc_row][vc_column]<div class=\"row boxes\">\n<div class=\"col-md-4\">\r\n    <div class=\"box box-feature\">\r\n        <img decoding=\"async\" src=\"https:\/\/www.dppireland.ie\/app\/themes\/dpp\/resources\/img\/icon-search.svg\" alt=\"\"\/>\r\n        <h2><a href=\"https:\/\/www.dppireland.ie\/ga\/criminal-justice-system\/investigation\/\" target=\"\">Imscr\u00fad\u00fa<\/a><\/h2>\r\n        <p>Cad \u00e9 a tharla\u00edonn nuair a thuairisc\u00edonn duine coir?<\/p>\n\r\n        <p aria-hidden=\"true\"><a class=\"btn\" href=\"https:\/\/www.dppireland.ie\/ga\/criminal-justice-system\/investigation\/\" target=\"\" tabindex=\"-1\">Tuilleadh eolais<\/a><\/p>\r\n        \r\n    <\/div>\r\n<\/div>\r\n<div class=\"col-md-4\">\r\n    <div class=\"box box-feature\">\r\n        <img decoding=\"async\" src=\"https:\/\/www.dppireland.ie\/app\/themes\/dpp\/resources\/img\/icon-page.svg\" alt=\"\"\/>\r\n        <h2><a href=\"https:\/\/www.dppireland.ie\/ga\/criminal-justice-system\/decision-to-prosecute\/\" target=\"\">Cinneadh maidir le duine a ionch\u00faiseamh<\/a><\/h2>\r\n        <p>Cad a tharla\u00edonn nuair a chuirtear comhad chuig an Sti\u00farth\u00f3ir Ionch\u00faiseamh Poibl\u00ed? Conas a thagann an Sti\u00farth\u00f3ir Ionch\u00faiseamh Poibl\u00ed ar chinneadh maidir le duine a ionch\u00faiseamh?<\/p>\n\r\n        <p aria-hidden=\"true\"><a class=\"btn\" href=\"https:\/\/www.dppireland.ie\/ga\/criminal-justice-system\/decision-to-prosecute\/\" target=\"\" tabindex=\"-1\">Tuilleadh eolais<\/a><\/p>\r\n        \r\n    <\/div>\r\n<\/div>\r\n<div class=\"col-md-4\">\r\n    <div class=\"box box-feature\">\r\n        <img decoding=\"async\" src=\"https:\/\/www.dppireland.ie\/app\/themes\/dpp\/resources\/img\/icon-handcuffs.svg\" alt=\"\"\/>\r\n        <h2><a href=\"https:\/\/www.dppireland.ie\/ga\/criminal-justice-system\/charging-the-accused\/\" target=\"\">An duine c\u00faisithe a ch\u00faiseamh<\/a><\/h2>\r\n        <p>Cad a tharla\u00edonn i ndiaidh do na Garda\u00ed an duine c\u00faisithe a ch\u00faiseamh? Cad iad na c\u00fairteanna ar f\u00e9idir leo c\u00e1sanna coiri\u00fala a \u00e9isteacht?<\/p>\n\r\n        <p aria-hidden=\"true\"><a class=\"btn\" href=\"https:\/\/www.dppireland.ie\/ga\/criminal-justice-system\/charging-the-accused\/\" target=\"\" tabindex=\"-1\">Tuilleadh eolais<\/a><\/p>\r\n        \r\n    <\/div>\r\n<\/div>\r\n<\/div><div class=\"row boxes\">\n<div class=\"col-md-4\">\r\n    <div class=\"box box-feature\">\r\n        <img decoding=\"async\" src=\"https:\/\/www.dppireland.ie\/app\/themes\/dpp\/resources\/img\/icon-scales.svg\" alt=\"\"\/>\r\n        <h2><a href=\"https:\/\/www.dppireland.ie\/ga\/criminal-justice-system\/the-court-case\/\" target=\"\">An C\u00e1s C\u00fairte<\/a><\/h2>\r\n        <p>Cad iad na daoine ar f\u00e9idir leo bheith ina bhfinn\u00e9 i gc\u00e1s coiri\u00fail? An f\u00e9idir liom an Leabhar Fianaise a fheice\u00e1il? An bhfuil c\u00faiseanna ar bith ann lena bhf\u00e9adfadh s\u00e9 nach<br \/>\nrachadh triail ar aghaidh?<\/p>\n\r\n        <p aria-hidden=\"true\"><a class=\"btn\" href=\"https:\/\/www.dppireland.ie\/ga\/criminal-justice-system\/the-court-case\/\" target=\"\" tabindex=\"-1\">Tuilleadh eolais<\/a><\/p>\r\n        \r\n    <\/div>\r\n<\/div>\r\n<div class=\"col-md-4\">\r\n    <div class=\"box box-feature\">\r\n        <img decoding=\"async\" src=\"https:\/\/www.dppireland.ie\/app\/themes\/dpp\/resources\/img\/icon-person.svg\" alt=\"\"\/>\r\n        <h2><a href=\"https:\/\/www.dppireland.ie\/ga\/criminal-justice-system\/victims-of-crime\/\" target=\"\">\u00cdospartaigh na coireachta<\/a><\/h2>\r\n        <p>Cad a tharla\u00edonn ag cruinni\u00fa r\u00e9amhthrialach? An f\u00e9idir liom gan m&#8217;ainm a thabhairt agus m\u2019fhianaise \u00e1 tabhairt agam? C\u00e9n d\u00f3igh a bhfaigheann an breitheamh amach faoin<br \/>\ntionchar a bh\u00ed ag an gcoir orm?<\/p>\n\r\n        <p aria-hidden=\"true\"><a class=\"btn\" href=\"https:\/\/www.dppireland.ie\/ga\/criminal-justice-system\/victims-of-crime\/\" target=\"\" tabindex=\"-1\">Tuilleadh eolais<\/a><\/p>\r\n        \r\n    <\/div>\r\n<\/div>\r\n<div class=\"col-md-4\">\r\n    <div class=\"box box-feature\">\r\n        <img decoding=\"async\" src=\"https:\/\/www.dppireland.ie\/app\/themes\/dpp\/resources\/img\/icon-gavel.svg\" alt=\"\"\/>\r\n        <h2><a href=\"https:\/\/www.dppireland.ie\/ga\/criminal-justice-system\/sentencing-and-appeals\/\" target=\"\">Pianbhreith a chur agus achomhairc<\/a><\/h2>\r\n        <p>M\u00e1 chinneann an gi\u00fair\u00e9 go bhfuil an duine c\u00faisithe ciontach, caithfidh an breitheamh an phianbhreith ba cheart a chur a chinneadh. An f\u00e9idir leis an duine c\u00faisithe an phianbhreith a thug an breitheamh d\u00f3 n\u00f3 di a achomharc? An f\u00e9idir leis an Sti\u00farth\u00f3ir Ionch\u00faiseamh Poibl\u00ed an phianbhreith a achomharc?<\/p>\n\r\n        <p aria-hidden=\"true\"><a class=\"btn\" href=\"https:\/\/www.dppireland.ie\/ga\/criminal-justice-system\/sentencing-and-appeals\/\" target=\"\" tabindex=\"-1\">Tuilleadh eolais<\/a><\/p>\r\n        \r\n    <\/div>\r\n<\/div>\r\n<\/div><div class=\"row boxes\">\n<div class=\"col-md-4\">\r\n    <div class=\"box box-feature\">\r\n        <img decoding=\"async\" src=\"https:\/\/www.dppireland.ie\/app\/themes\/dpp\/resources\/img\/icon-scales.svg\" alt=\"\"\/>\r\n        <h2><a href=\"https:\/\/www.dppireland.ie\/ga\/publication-category\/prosecution-system-in-ireland\" target=\"\">An C\u00f3ras Ionch\u00faisimh in \u00c9irinn<\/a><\/h2>\r\n        <p>Doicim\u00e9ad a shol\u00e1thra\u00edonn n\u00edos m\u00f3 sonra\u00ed faoin tSeirbh\u00eds Ionch\u00faisimh in \u00c9irinn, agus an obair at\u00e1 ar si\u00fal faoi l\u00e1thair ag na \u2018ionch\u00faisitheoir\u00ed\u2019 \u00e9ags\u00fala i gc\u00f3ras ionch\u00faisimh na h\u00c9ireann.<\/p>\n\r\n        <p aria-hidden=\"true\"><a class=\"btn\" href=\"https:\/\/www.dppireland.ie\/ga\/publication-category\/prosecution-system-in-ireland\" target=\"\" tabindex=\"-1\">Tuilleadh Eolais<\/a><\/p>\r\n        \r\n    <\/div>\r\n<\/div>\r\n<div class=\"col-md-4\">\r\n    <div class=\"box box-feature\">\r\n        <img decoding=\"async\" src=\"https:\/\/www.dppireland.ie\/app\/themes\/dpp\/resources\/img\/icon-scroll.svg\" alt=\"\"\/>\r\n        <h2><a href=\"https:\/\/www.dppireland.ie\/ga\/criminal-justice-system\/letters-of-rights\" target=\"\">Cearta daoine faoi amhras agus na daoine at\u00e1 c\u00faisithe<\/a><\/h2>\r\n        <p>Litir faoi Chearta, anois go bhfuil Toghairthe chun na C\u00fairte ort.<\/p>\n<p>Litir um Chearta &#8211; Ghabh na Garda\u00ed t\u00fa agus t\u00e1 cearta dleathacha agat agus t\u00fa faoi choime\u00e1d an Gharda S\u00edoch\u00e1na.<\/p>\n\r\n        <p aria-hidden=\"true\"><a class=\"btn\" href=\"https:\/\/www.dppireland.ie\/ga\/criminal-justice-system\/letters-of-rights\" target=\"\" tabindex=\"-1\">Tuilleadh Eolais<\/a><\/p>\r\n        \r\n    <\/div>\r\n<\/div>\r\n<\/div>[\/vc_column][\/vc_row]<\/p>\n<\/div>","protected":false},"excerpt":{"rendered":"<p>[vc_row][vc_column][vc_column_text css=&#8221;&#8221;]Treoir ghairid is ea an m\u00e9id seo a leanas maidir leis an gC\u00f3ras Ceartais Choiri\u00fail agus m\u00edn\u00edtear ann cad a tharla\u00edonn sna c\u00e1sanna seo a leanas: nuair a thuairisc\u00edtear coir nuair a chuirtear comhad chuig an Sti\u00farth\u00f3ir Ionch\u00faiseamh Poibl\u00ed nuair a chinneann an Sti\u00farth\u00f3ir Ionch\u00faiseamh Poibl\u00ed duine a ionch\u00faiseamh n\u00f3 gan duine a ionch\u00faiseamh &hellip; <a href=\"https:\/\/www.dppireland.ie\/ga\/criminal-justice-system\/\">Continued<\/a><\/p>\n","protected":false},"author":1,"featured_media":0,"parent":0,"menu_order":3,"comment_status":"closed","ping_status":"closed","template":"","meta":{"_acf_changed":false,"om_disable_all_campaigns":false,"_relevanssi_hide_post":"","_relevanssi_hide_content":"","_relevanssi_pin_for_all":"","_relevanssi_pin_keywords":"","_relevanssi_unpin_keywords":"","_relevanssi_related_keywords":"","_relevanssi_related_include_ids":"","_relevanssi_related_exclude_ids":"","_relevanssi_related_no_append":"","_relevanssi_related_not_related":"","_relevanssi_related_posts":"","_relevanssi_noindex_reason":"","_monsterinsights_skip_tracking":false,"_monsterinsights_sitenote_active":false,"_monsterinsights_sitenote_note":"","_monsterinsights_sitenote_category":0,"_uf_show_specific_survey":0,"_uf_disable_surveys":false,"footnotes":""},"class_list":["post-10505","page","type-page","status-publish","hentry"],"acf":[],"yoast_head":"<!-- This site is optimized with the Yoast SEO plugin v27.5 - https:\/\/yoast.com\/product\/yoast-seo-wordpress\/ -->\n<title>An C\u00f3ras Ceartais Choiri\u00fail - Office of the Director of Public Prosecutions<\/title>\n<meta name=\"description\" content=\"Office of the Director of Public Prosecutions - Providing a prosecution that is independent, fair and effective\" \/>\n<meta name=\"robots\" content=\"index, follow, max-snippet:-1, max-image-preview:large, max-video-preview:-1\" \/>\n<link rel=\"canonical\" href=\"https:\/\/www.dppireland.ie\/ga\/criminal-justice-system\/\" \/>\n<meta property=\"og:locale\" content=\"ga_IE\" \/>\n<meta property=\"og:type\" content=\"article\" \/>\n<meta property=\"og:title\" content=\"An C\u00f3ras Ceartais Choiri\u00fail - Office of the Director of Public Prosecutions\" \/>\n<meta property=\"og:description\" content=\"Office of the Director of Public Prosecutions - Providing a prosecution that is independent, fair and effective\" \/>\n<meta property=\"og:url\" content=\"https:\/\/www.dppireland.ie\/ga\/criminal-justice-system\/\" \/>\n<meta property=\"og:site_name\" content=\"Office of the Director of Public Prosecutions\" \/>\n<meta property=\"article:modified_time\" content=\"2024-05-23T12:47:14+00:00\" \/>\n<meta name=\"twitter:card\" content=\"summary_large_image\" \/>\n<meta name=\"twitter:label1\" content=\"Est. reading time\" \/>\n\t<meta name=\"twitter:data1\" content=\"2 minutes\" \/>\n<script type=\"application\/ld+json\" class=\"yoast-schema-graph\">{\"@context\":\"https:\\\/\\\/schema.org\",\"@graph\":[{\"@type\":\"WebPage\",\"@id\":\"https:\\\/\\\/www.dppireland.ie\\\/ga\\\/criminal-justice-system\\\/\",\"url\":\"https:\\\/\\\/www.dppireland.ie\\\/ga\\\/criminal-justice-system\\\/\",\"name\":\"An C\u00f3ras Ceartais Choiri\u00fail - Office of the Director of Public Prosecutions\",\"isPartOf\":{\"@id\":\"https:\\\/\\\/www.dppireland.ie\\\/#website\"},\"datePublished\":\"2019-01-24T14:33:24+00:00\",\"dateModified\":\"2024-05-23T12:47:14+00:00\",\"description\":\"Office of the Director of Public Prosecutions - Providing a prosecution that is independent, fair and effective\",\"breadcrumb\":{\"@id\":\"https:\\\/\\\/www.dppireland.ie\\\/ga\\\/criminal-justice-system\\\/#breadcrumb\"},\"inLanguage\":\"ga-IE\",\"potentialAction\":[{\"@type\":\"ReadAction\",\"target\":[\"https:\\\/\\\/www.dppireland.ie\\\/ga\\\/criminal-justice-system\\\/\"]}]},{\"@type\":\"BreadcrumbList\",\"@id\":\"https:\\\/\\\/www.dppireland.ie\\\/ga\\\/criminal-justice-system\\\/#breadcrumb\",\"itemListElement\":[{\"@type\":\"ListItem\",\"position\":1,\"name\":\"Home\",\"item\":\"https:\\\/\\\/www.dppireland.ie\\\/ga\\\/\"},{\"@type\":\"ListItem\",\"position\":2,\"name\":\"An C\u00f3ras Ceartais Choiri\u00fail\"}]},{\"@type\":\"WebSite\",\"@id\":\"https:\\\/\\\/www.dppireland.ie\\\/#website\",\"url\":\"https:\\\/\\\/www.dppireland.ie\\\/\",\"name\":\"Office of the Director of Public Prosecutions\",\"description\":\"Providing a prosecution that is independent, fair and effective\",\"potentialAction\":[{\"@type\":\"SearchAction\",\"target\":{\"@type\":\"EntryPoint\",\"urlTemplate\":\"https:\\\/\\\/www.dppireland.ie\\\/?s={search_term_string}\"},\"query-input\":{\"@type\":\"PropertyValueSpecification\",\"valueRequired\":true,\"valueName\":\"search_term_string\"}}],\"inLanguage\":\"ga-IE\"}]}<\/script>\n<!-- \/ Yoast SEO plugin. -->","yoast_head_json":{"title":"An C\u00f3ras Ceartais Choiri\u00fail - Office of the Director of Public Prosecutions","description":"Office of the Director of Public Prosecutions - Providing a prosecution that is independent, fair and effective","robots":{"index":"index","follow":"follow","max-snippet":"max-snippet:-1","max-image-preview":"max-image-preview:large","max-video-preview":"max-video-preview:-1"},"canonical":"https:\/\/www.dppireland.ie\/ga\/criminal-justice-system\/","og_locale":"ga_IE","og_type":"article","og_title":"An C\u00f3ras Ceartais Choiri\u00fail - Office of the Director of Public Prosecutions","og_description":"Office of the Director of Public Prosecutions - Providing a prosecution that is independent, fair and effective","og_url":"https:\/\/www.dppireland.ie\/ga\/criminal-justice-system\/","og_site_name":"Office of the Director of Public Prosecutions","article_modified_time":"2024-05-23T12:47:14+00:00","twitter_card":"summary_large_image","twitter_misc":{"Est. reading time":"2 minutes"},"schema":{"@context":"https:\/\/schema.org","@graph":[{"@type":"WebPage","@id":"https:\/\/www.dppireland.ie\/ga\/criminal-justice-system\/","url":"https:\/\/www.dppireland.ie\/ga\/criminal-justice-system\/","name":"An C\u00f3ras Ceartais Choiri\u00fail - Office of the Director of Public Prosecutions","isPartOf":{"@id":"https:\/\/www.dppireland.ie\/#website"},"datePublished":"2019-01-24T14:33:24+00:00","dateModified":"2024-05-23T12:47:14+00:00","description":"Office of the Director of Public Prosecutions - Providing a prosecution that is independent, fair and effective","breadcrumb":{"@id":"https:\/\/www.dppireland.ie\/ga\/criminal-justice-system\/#breadcrumb"},"inLanguage":"ga-IE","potentialAction":[{"@type":"ReadAction","target":["https:\/\/www.dppireland.ie\/ga\/criminal-justice-system\/"]}]},{"@type":"BreadcrumbList","@id":"https:\/\/www.dppireland.ie\/ga\/criminal-justice-system\/#breadcrumb","itemListElement":[{"@type":"ListItem","position":1,"name":"Home","item":"https:\/\/www.dppireland.ie\/ga\/"},{"@type":"ListItem","position":2,"name":"An C\u00f3ras Ceartais Choiri\u00fail"}]},{"@type":"WebSite","@id":"https:\/\/www.dppireland.ie\/#website","url":"https:\/\/www.dppireland.ie\/","name":"Office of the Director of Public Prosecutions","description":"Providing a prosecution that is independent, fair and effective","potentialAction":[{"@type":"SearchAction","target":{"@type":"EntryPoint","urlTemplate":"https:\/\/www.dppireland.ie\/?s={search_term_string}"},"query-input":{"@type":"PropertyValueSpecification","valueRequired":true,"valueName":"search_term_string"}}],"inLanguage":"ga-IE"}]}},"jetpack_sharing_enabled":true,"_links":{"self":[{"href":"https:\/\/www.dppireland.ie\/ga\/wp-json\/wp\/v2\/pages\/10505","targetHints":{"allow":["GET"]}}],"collection":[{"href":"https:\/\/www.dppireland.ie\/ga\/wp-json\/wp\/v2\/pages"}],"about":[{"href":"https:\/\/www.dppireland.ie\/ga\/wp-json\/wp\/v2\/types\/page"}],"author":[{"embeddable":true,"href":"https:\/\/www.dppireland.ie\/ga\/wp-json\/wp\/v2\/users\/1"}],"replies":[{"embeddable":true,"href":"https:\/\/www.dppireland.ie\/ga\/wp-json\/wp\/v2\/comments?post=10505"}],"version-history":[{"count":9,"href":"https:\/\/www.dppireland.ie\/ga\/wp-json\/wp\/v2\/pages\/10505\/revisions"}],"predecessor-version":[{"id":24237,"href":"https:\/\/www.dppireland.ie\/ga\/wp-json\/wp\/v2\/pages\/10505\/revisions\/24237"}],"wp:attachment":[{"href":"https:\/\/www.dppireland.ie\/ga\/wp-json\/wp\/v2\/media?parent=10505"}],"curies":[{"name":"wp","href":"https:\/\/api.w.org\/{rel}","templated":true}]}}