{"id":10504,"date":"2019-01-24T14:33:45","date_gmt":"2019-01-24T14:33:45","guid":{"rendered":"https:\/\/www.dppireland.ie\/victims-witnesses\/"},"modified":"2022-09-16T15:02:24","modified_gmt":"2022-09-16T14:02:24","slug":"victims-witnesses","status":"publish","type":"page","link":"https:\/\/www.dppireland.ie\/ga\/victims-witnesses\/","title":{"rendered":"\u00cdospartaigh agus Finn\u00e9ithe"},"content":{"rendered":"<div class=\"wpb-content-wrapper\"><p>[vc_row][vc_column][vc_column_text]M\u00e1s \u00edospartach na coireachta t\u00fa f\u00e9in n\u00f3 duine de do theaghlach n\u00f3 m\u00e1 chonaic t\u00fa coir \u00e1 d\u00e9anamh, beidh t\u00fa p\u00e1irteach sa ch\u00f3ras ceartais choiri\u00fail. D\u2019fh\u00e9adf\u00e1 a bheith tr\u00edna ch\u00e9ile agus a bheith faoi strus mar gheall air sin. Cheapf\u00e1 go bhfuil an c\u00f3ras ceartais choiri\u00fail an-chasta, go h\u00e1irithe m\u00e1 t\u00e1 t\u00fa ag d\u00e9ile\u00e1il le h\u00e9ifeachta\u00ed na coire f\u00e9in chomh maith.<\/p>\n<p>Baineann an roinn seo d\u00e1r su\u00edomh gr\u00e9as\u00e1in go sonrach le h\u00edospartaigh agus finn\u00e9ithe agus tugtar iarraidh ann freagairt a thabhairt ar na ceisteanna is minice a chuireann daoine orainn. B\u2019fh\u00e9idir go mbeadh s\u00e9 \u00fas\u00e1ideach duit chomh maith \u00e1r dh\u00e1 leabhr\u00e1n a l\u00e9amh <a href=\"https:\/\/www.dppireland.ie\/ga\/publications\/information-for-the-public\/\">The Role of the DPP<\/a> agus <a href=\"https:\/\/www.dppireland.ie\/ga\/publications\/information-for-the-public\/\">Going to Court as a Witness<\/a>. Is f\u00e9idir leat c\u00f3ipeanna priont\u00e1ilte de na leabhr\u00e1in sin a iarraidh chomh maith tr\u00edd an nguth\u00e1n +353 (0)1 858 8500 n\u00f3 le r\u00edomhphost chuig: dpp@dppireland.ie.[\/vc_column_text][\/vc_column][\/vc_row][vc_row][vc_column]<div class=\"row boxes\">\n<div class=\"col-md-4\">\r\n    <div class=\"box box-feature\">\r\n        <img decoding=\"async\" src=\"https:\/\/www.dppireland.ie\/app\/themes\/dpp\/resources\/img\/icon-page.svg\" alt=\"\"\/>\r\n        <h2><a href=\"https:\/\/www.dppireland.ie\/ga\/victims-witnesses\/how-we-make-prosecution-decisions\/\" target=\"\">An d\u00f3igh a nd\u00e9anaimid cinnt\u00ed maidir le hionch\u00faiseamh<\/a><\/h2>\r\n        <p>T\u00e1 an cinneadh maidir le duine a ionch\u00faiseamh n\u00f3 gan duine a ionch\u00faiseamh an-t\u00e1bhachtach. C\u00e9n d\u00f3igh a gcinnimid? Cad \u00e9 a bhreithn\u00edmid?<\/p>\n\r\n        <p aria-hidden=\"true\"><a class=\"btn\" href=\"https:\/\/www.dppireland.ie\/ga\/victims-witnesses\/how-we-make-prosecution-decisions\/\" target=\"\" tabindex=\"-1\">Tuilleadh eolais<\/a><\/p>\r\n        \r\n    <\/div>\r\n<\/div>\r\n<div class=\"col-md-4\">\r\n    <div class=\"box box-feature\">\r\n        <img decoding=\"async\" src=\"https:\/\/www.dppireland.ie\/app\/themes\/dpp\/resources\/img\/icon-question.svg\" alt=\"\"\/>\r\n        <h2><a href=\"https:\/\/www.dppireland.ie\/ga\/victims-witnesses\/decisions-not-to-procecute\/\" target=\"\">Cinneadh gan duine a ionch\u00faiseamh<\/a><\/h2>\r\n        <p>An d\u00f3igh le c\u00faiseanna ar chinnt\u00ed agus ar athbhreithnithe cinnt\u00ed a iarraidh nuair a chinneann an Sti\u00farth\u00f3ir Ionch\u00faiseamh Poibl\u00ed gan duine a\u00a0 ionch\u00faiseamh.<\/p>\n\r\n        <p aria-hidden=\"true\"><a class=\"btn\" href=\"https:\/\/www.dppireland.ie\/ga\/victims-witnesses\/decisions-not-to-procecute\/\" target=\"\" tabindex=\"-1\">Tuilleadh eolais<\/a><\/p>\r\n        \r\n    <\/div>\r\n<\/div>\r\n<div class=\"col-md-4\">\r\n    <div class=\"box box-feature\">\r\n        <img decoding=\"async\" src=\"https:\/\/www.dppireland.ie\/app\/themes\/dpp\/resources\/img\/icon-candle.svg\" alt=\"\"\/>\r\n        <h2><a href=\"https:\/\/www.dppireland.ie\/ga\/victims-witnesses\/decisions-not-to-procecute\/fatal-cases\/\" target=\"\">C\u00e1sanna Marfacha<\/a><\/h2>\r\n        <p>L\u00e9igh \u00e1r mbeartais maidir le c\u00faiseanna a thabhairt le cinnt\u00ed gan duine a ionch\u00faiseamh i gc\u00e1sanna marfacha.<\/p>\n\r\n        <p aria-hidden=\"true\"><a class=\"btn\" href=\"https:\/\/www.dppireland.ie\/ga\/victims-witnesses\/decisions-not-to-procecute\/fatal-cases\/\" target=\"\" tabindex=\"-1\">Tuilleadh eolais<\/a><\/p>\r\n        \r\n    <\/div>\r\n<\/div>\r\n<\/div><div class=\"row boxes\">\n<div class=\"col-md-6\">\r\n    <div class=\"box box-feature\">\r\n        <img decoding=\"async\" src=\"https:\/\/www.dppireland.ie\/app\/themes\/dpp\/resources\/img\/icon-person.svg\" alt=\"\"\/>\r\n        <h2><a href=\"https:\/\/www.dppireland.ie\/ga\/victims-witnesses\/making-a-victim-impact-statement\/\" target=\"\">R\u00e1iteas tionchair \u00edospartaigh a dh\u00e9anamh<\/a><\/h2>\r\n        <p>Is \u00e9ard is R\u00e1iteas Tionchair \u00cdospartaigh ann cuntas i d\u2019fhocail f\u00e9in ar an tionchar a bh\u00ed ag an gcoir ort.<\/p>\n\r\n        <p aria-hidden=\"true\"><a class=\"btn\" href=\"https:\/\/www.dppireland.ie\/ga\/victims-witnesses\/making-a-victim-impact-statement\/\" target=\"\" tabindex=\"-1\">Tuilleadh eolais<\/a><\/p>\r\n        \r\n    <\/div>\r\n<\/div>\r\n<div class=\"col-md-6\">\r\n    <div class=\"box box-feature\">\r\n        <img decoding=\"async\" src=\"https:\/\/www.dppireland.ie\/app\/themes\/dpp\/resources\/img\/icon-gavel.svg\" alt=\"\"\/>\r\n        <h2><a href=\"https:\/\/www.dppireland.ie\/ga\/victims-witnesses\/appeals-information\/\" target=\"\">Faisn\u00e9is Achomhairc<\/a><\/h2>\r\n        <p>Breathnaigh eolas mar gheall ar Achomharc Chiont\u00fa, Achomharc Pion\u00f3s, agus Achomharc P\u00edon\u00f3s R\u00f3-\u00c9adrom agus cad a bheith ag s\u00fail ag na \u00c9isteachta\u00ed Achomharc.<\/p>\n\r\n        <p aria-hidden=\"true\"><a class=\"btn\" href=\"https:\/\/www.dppireland.ie\/ga\/victims-witnesses\/appeals-information\/\" target=\"\" tabindex=\"-1\">Tuilleadh eolais<\/a><\/p>\r\n        \r\n    <\/div>\r\n<\/div>\r\n<\/div><div class=\"row boxes\">\n<div class=\"col-md-4\">\r\n    <div class=\"box box-feature\">\r\n        <img decoding=\"async\" src=\"https:\/\/www.dppireland.ie\/app\/themes\/dpp\/resources\/img\/icon-page.svg\" alt=\"\"\/>\r\n        <h2><a href=\"https:\/\/www.dppireland.ie\/ga\/victims-witnesses\/victims-charter\/\" target=\"\">Cairt \u00cdospartach<\/a><\/h2>\r\n        <p>Cad is f\u00e9idir leat bheith ag s\u00fail leis \u00f3n\u00e1r nOifig? Cad is f\u00e9idir leat a dh\u00e9anamh mura mb\u00edonn t\u00fa s\u00e1sta linn.<\/p>\n\r\n        <p aria-hidden=\"true\"><a class=\"btn\" href=\"https:\/\/www.dppireland.ie\/ga\/victims-witnesses\/victims-charter\/\" target=\"\" tabindex=\"-1\">Tuilleadh eolais<\/a><\/p>\r\n        \r\n    <\/div>\r\n<\/div>\r\n<div class=\"col-md-4\">\r\n    <div class=\"box box-feature\">\r\n        <img decoding=\"async\" src=\"https:\/\/www.dppireland.ie\/app\/themes\/dpp\/resources\/img\/icon-phone.svg\" alt=\"\"\/>\r\n        <h2><a href=\"https:\/\/www.dppireland.ie\/ga\/victims-witnesses\/crime-victims-helpline\/\" target=\"\">L\u00edne Chabhrach d\u2019\u00cdospartaigh na Coireachta<\/a><\/h2>\r\n        <p>L\u00edne chabhrach n\u00e1isi\u00fanta r\u00fanda is ea an L\u00edne Chabhrach d\u2019\u00cdospartaigh na Coireachta a thairgeann taca\u00edocht d\u2019\u00edospartaigh na coireachta in \u00c9irinn.<\/p>\n\r\n        <p aria-hidden=\"true\"><a class=\"btn\" href=\"https:\/\/www.dppireland.ie\/ga\/victims-witnesses\/crime-victims-helpline\/\" target=\"\" tabindex=\"-1\">Tuilleadh eolais<\/a><\/p>\r\n        \r\n    <\/div>\r\n<\/div>\r\n<div class=\"col-md-4\">\r\n    <div class=\"box box-feature\">\r\n        <img decoding=\"async\" src=\"https:\/\/www.dppireland.ie\/app\/themes\/dpp\/resources\/img\/icon-contact.svg\" alt=\"\"\/>\r\n        <h2><a href=\"https:\/\/www.dppireland.ie\/ga\/victims-witnesses\/useful-contacts-for-victims\/\" target=\"\">Teagmh\u00e1la \u00fas\u00e1ideacha<\/a><\/h2>\r\n        <p>Liosta de theagmh\u00e1lacha \u00fas\u00e1ideacha d\u2019\u00edospartaigh na coireachta.<\/p>\n\r\n        <p aria-hidden=\"true\"><a class=\"btn\" href=\"https:\/\/www.dppireland.ie\/ga\/victims-witnesses\/useful-contacts-for-victims\/\" target=\"\" tabindex=\"-1\">Tuilleadh eolais<\/a><\/p>\r\n        \r\n    <\/div>\r\n<\/div>\r\n<\/div><div class=\"row boxes\">\n<div class=\"col-md-6\">\r\n    <div class=\"box box-feature\">\r\n        <img decoding=\"async\" src=\"https:\/\/www.dppireland.ie\/app\/themes\/dpp\/resources\/img\/icon-speech.svg\" alt=\"\"\/>\r\n        <h2><a href=\"https:\/\/www.dppireland.ie\/ga\/victims-witnesses\/complaints-policy\/\" target=\"\">Beartas na ngear\u00e1n:<\/a><\/h2>\r\n        <p>Conas is f\u00e9idir leat gear\u00e1n a dh\u00e9anamh faoi na seirbh\u00eds\u00ed a shol\u00e1thra\u00edonn Oifig an Sti\u00farth\u00f3ra Ionch\u00faiseamh Poibl\u00ed a theann i gcion go d\u00edreach ort.<\/p>\n\r\n        <p aria-hidden=\"true\"><a class=\"btn\" href=\"https:\/\/www.dppireland.ie\/ga\/victims-witnesses\/complaints-policy\/\" target=\"\" tabindex=\"-1\">Tuilleadh eolais<\/a><\/p>\r\n        \r\n    <\/div>\r\n<\/div>\r\n<div class=\"col-md-6\">\r\n    <div class=\"box box-feature\">\r\n        <img decoding=\"async\" src=\"https:\/\/www.dppireland.ie\/app\/themes\/dpp\/resources\/img\/icon-paperclip.svg\" alt=\"\"\/>\r\n        <h2><a href=\"https:\/\/www.dppireland.ie\/ga\/publications\/information-for-the-public\/\" target=\"\">Leabhr\u00e1in faisn\u00e9ise d\u2019\u00edospartaigh agus d\u2019fhinn\u00e9ithe<\/a><\/h2>\r\n        <p>\u00cdosl\u00f3d\u00e1il leabhr\u00e1in maidir le r\u00f3l an Sti\u00farth\u00f3ra Ionch\u00faiseamh Poibl\u00ed, ag dul chun na c\u00fairte mar fhinn\u00e9, an d\u00f3igh a nd\u00e9anaimid cinnt\u00ed maidir le hionch\u00faisimh, r\u00e1iteas tionchair \u00edospartaigh a dh\u00e9anamh, agus nithe eile.<\/p>\n\r\n        <p aria-hidden=\"true\"><a class=\"btn\" href=\"https:\/\/www.dppireland.ie\/ga\/publications\/information-for-the-public\/\" target=\"\" tabindex=\"-1\">F\u00e9ach gach leabhr\u00e1n faisn\u00e9ise<\/a><\/p>\r\n        \r\n    <\/div>\r\n<\/div>\r\n<\/div>[\/vc_column][\/vc_row][vc_row][vc_column][\/vc_column][\/vc_row]<\/p>\n<\/div>","protected":false},"excerpt":{"rendered":"<p>[vc_row][vc_column][vc_column_text]M\u00e1s \u00edospartach na coireachta t\u00fa f\u00e9in n\u00f3 duine de do theaghlach n\u00f3 m\u00e1 chonaic t\u00fa coir \u00e1 d\u00e9anamh, beidh t\u00fa p\u00e1irteach sa ch\u00f3ras ceartais choiri\u00fail. D\u2019fh\u00e9adf\u00e1 a bheith tr\u00edna ch\u00e9ile agus a bheith faoi strus mar gheall air sin. Cheapf\u00e1 go bhfuil an c\u00f3ras ceartais choiri\u00fail an-chasta, go h\u00e1irithe m\u00e1 t\u00e1 t\u00fa ag d\u00e9ile\u00e1il le &hellip; <a href=\"https:\/\/www.dppireland.ie\/ga\/victims-witnesses\/\">Continued<\/a><\/p>\n","protected":false},"author":1,"featured_media":0,"parent":0,"menu_order":4,"comment_status":"closed","ping_status":"closed","template":"","meta":{"_acf_changed":false,"om_disable_all_campaigns":false,"_relevanssi_hide_post":"","_relevanssi_hide_content":"","_relevanssi_pin_for_all":"","_relevanssi_pin_keywords":"","_relevanssi_unpin_keywords":"","_relevanssi_related_keywords":"","_relevanssi_related_include_ids":"","_relevanssi_related_exclude_ids":"","_relevanssi_related_no_append":"","_relevanssi_related_not_related":"","_relevanssi_related_posts":"","_relevanssi_noindex_reason":"","_monsterinsights_skip_tracking":false,"_monsterinsights_sitenote_active":false,"_monsterinsights_sitenote_note":"","_monsterinsights_sitenote_category":0,"_uf_show_specific_survey":0,"_uf_disable_surveys":false,"footnotes":""},"class_list":["post-10504","page","type-page","status-publish","hentry"],"acf":[],"yoast_head":"<!-- This site is optimized with the Yoast SEO plugin v27.5 - https:\/\/yoast.com\/product\/yoast-seo-wordpress\/ -->\n<title>\u00cdospartaigh agus Finn\u00e9ithe - Office of the Director of Public Prosecutions<\/title>\n<meta name=\"description\" content=\"Office of the Director of Public Prosecutions - Providing a prosecution that is independent, fair and effective\" \/>\n<meta name=\"robots\" content=\"index, follow, max-snippet:-1, max-image-preview:large, max-video-preview:-1\" \/>\n<link rel=\"canonical\" href=\"https:\/\/www.dppireland.ie\/ga\/victims-witnesses\/\" \/>\n<meta property=\"og:locale\" content=\"ga_IE\" \/>\n<meta property=\"og:type\" content=\"article\" \/>\n<meta property=\"og:title\" content=\"\u00cdospartaigh agus Finn\u00e9ithe - Office of the Director of Public Prosecutions\" \/>\n<meta property=\"og:description\" content=\"Office of the Director of Public Prosecutions - Providing a prosecution that is independent, fair and effective\" \/>\n<meta property=\"og:url\" content=\"https:\/\/www.dppireland.ie\/ga\/victims-witnesses\/\" \/>\n<meta property=\"og:site_name\" content=\"Office of the Director of Public Prosecutions\" \/>\n<meta property=\"article:modified_time\" content=\"2022-09-16T14:02:24+00:00\" \/>\n<meta name=\"twitter:card\" content=\"summary_large_image\" \/>\n<meta name=\"twitter:label1\" content=\"Est. reading time\" \/>\n\t<meta name=\"twitter:data1\" content=\"2 minutes\" \/>\n<script type=\"application\/ld+json\" class=\"yoast-schema-graph\">{\"@context\":\"https:\\\/\\\/schema.org\",\"@graph\":[{\"@type\":\"WebPage\",\"@id\":\"https:\\\/\\\/www.dppireland.ie\\\/ga\\\/victims-witnesses\\\/\",\"url\":\"https:\\\/\\\/www.dppireland.ie\\\/ga\\\/victims-witnesses\\\/\",\"name\":\"\u00cdospartaigh agus Finn\u00e9ithe - Office of the Director of Public Prosecutions\",\"isPartOf\":{\"@id\":\"https:\\\/\\\/www.dppireland.ie\\\/#website\"},\"datePublished\":\"2019-01-24T14:33:45+00:00\",\"dateModified\":\"2022-09-16T14:02:24+00:00\",\"description\":\"Office of the Director of Public Prosecutions - Providing a prosecution that is independent, fair and effective\",\"breadcrumb\":{\"@id\":\"https:\\\/\\\/www.dppireland.ie\\\/ga\\\/victims-witnesses\\\/#breadcrumb\"},\"inLanguage\":\"ga-IE\",\"potentialAction\":[{\"@type\":\"ReadAction\",\"target\":[\"https:\\\/\\\/www.dppireland.ie\\\/ga\\\/victims-witnesses\\\/\"]}]},{\"@type\":\"BreadcrumbList\",\"@id\":\"https:\\\/\\\/www.dppireland.ie\\\/ga\\\/victims-witnesses\\\/#breadcrumb\",\"itemListElement\":[{\"@type\":\"ListItem\",\"position\":1,\"name\":\"Home\",\"item\":\"https:\\\/\\\/www.dppireland.ie\\\/ga\\\/\"},{\"@type\":\"ListItem\",\"position\":2,\"name\":\"\u00cdospartaigh agus Finn\u00e9ithe\"}]},{\"@type\":\"WebSite\",\"@id\":\"https:\\\/\\\/www.dppireland.ie\\\/#website\",\"url\":\"https:\\\/\\\/www.dppireland.ie\\\/\",\"name\":\"Office of the Director of Public Prosecutions\",\"description\":\"Providing a prosecution that is independent, fair and effective\",\"potentialAction\":[{\"@type\":\"SearchAction\",\"target\":{\"@type\":\"EntryPoint\",\"urlTemplate\":\"https:\\\/\\\/www.dppireland.ie\\\/?s={search_term_string}\"},\"query-input\":{\"@type\":\"PropertyValueSpecification\",\"valueRequired\":true,\"valueName\":\"search_term_string\"}}],\"inLanguage\":\"ga-IE\"}]}<\/script>\n<!-- \/ Yoast SEO plugin. -->","yoast_head_json":{"title":"\u00cdospartaigh agus Finn\u00e9ithe - Office of the Director of Public Prosecutions","description":"Office of the Director of Public Prosecutions - Providing a prosecution that is independent, fair and effective","robots":{"index":"index","follow":"follow","max-snippet":"max-snippet:-1","max-image-preview":"max-image-preview:large","max-video-preview":"max-video-preview:-1"},"canonical":"https:\/\/www.dppireland.ie\/ga\/victims-witnesses\/","og_locale":"ga_IE","og_type":"article","og_title":"\u00cdospartaigh agus Finn\u00e9ithe - Office of the Director of Public Prosecutions","og_description":"Office of the Director of Public Prosecutions - Providing a prosecution that is independent, fair and effective","og_url":"https:\/\/www.dppireland.ie\/ga\/victims-witnesses\/","og_site_name":"Office of the Director of Public Prosecutions","article_modified_time":"2022-09-16T14:02:24+00:00","twitter_card":"summary_large_image","twitter_misc":{"Est. reading time":"2 minutes"},"schema":{"@context":"https:\/\/schema.org","@graph":[{"@type":"WebPage","@id":"https:\/\/www.dppireland.ie\/ga\/victims-witnesses\/","url":"https:\/\/www.dppireland.ie\/ga\/victims-witnesses\/","name":"\u00cdospartaigh agus Finn\u00e9ithe - Office of the Director of Public Prosecutions","isPartOf":{"@id":"https:\/\/www.dppireland.ie\/#website"},"datePublished":"2019-01-24T14:33:45+00:00","dateModified":"2022-09-16T14:02:24+00:00","description":"Office of the Director of Public Prosecutions - Providing a prosecution that is independent, fair and effective","breadcrumb":{"@id":"https:\/\/www.dppireland.ie\/ga\/victims-witnesses\/#breadcrumb"},"inLanguage":"ga-IE","potentialAction":[{"@type":"ReadAction","target":["https:\/\/www.dppireland.ie\/ga\/victims-witnesses\/"]}]},{"@type":"BreadcrumbList","@id":"https:\/\/www.dppireland.ie\/ga\/victims-witnesses\/#breadcrumb","itemListElement":[{"@type":"ListItem","position":1,"name":"Home","item":"https:\/\/www.dppireland.ie\/ga\/"},{"@type":"ListItem","position":2,"name":"\u00cdospartaigh agus Finn\u00e9ithe"}]},{"@type":"WebSite","@id":"https:\/\/www.dppireland.ie\/#website","url":"https:\/\/www.dppireland.ie\/","name":"Office of the Director of Public Prosecutions","description":"Providing a prosecution that is independent, fair and effective","potentialAction":[{"@type":"SearchAction","target":{"@type":"EntryPoint","urlTemplate":"https:\/\/www.dppireland.ie\/?s={search_term_string}"},"query-input":{"@type":"PropertyValueSpecification","valueRequired":true,"valueName":"search_term_string"}}],"inLanguage":"ga-IE"}]}},"jetpack_sharing_enabled":true,"_links":{"self":[{"href":"https:\/\/www.dppireland.ie\/ga\/wp-json\/wp\/v2\/pages\/10504","targetHints":{"allow":["GET"]}}],"collection":[{"href":"https:\/\/www.dppireland.ie\/ga\/wp-json\/wp\/v2\/pages"}],"about":[{"href":"https:\/\/www.dppireland.ie\/ga\/wp-json\/wp\/v2\/types\/page"}],"author":[{"embeddable":true,"href":"https:\/\/www.dppireland.ie\/ga\/wp-json\/wp\/v2\/users\/1"}],"replies":[{"embeddable":true,"href":"https:\/\/www.dppireland.ie\/ga\/wp-json\/wp\/v2\/comments?post=10504"}],"version-history":[{"count":14,"href":"https:\/\/www.dppireland.ie\/ga\/wp-json\/wp\/v2\/pages\/10504\/revisions"}],"predecessor-version":[{"id":18054,"href":"https:\/\/www.dppireland.ie\/ga\/wp-json\/wp\/v2\/pages\/10504\/revisions\/18054"}],"wp:attachment":[{"href":"https:\/\/www.dppireland.ie\/ga\/wp-json\/wp\/v2\/media?parent=10504"}],"curies":[{"name":"wp","href":"https:\/\/api.w.org\/{rel}","templated":true}]}}