{"id":10497,"date":"2019-01-24T15:47:24","date_gmt":"2019-01-24T15:47:24","guid":{"rendered":"https:\/\/www.dppireland.ie\/customer-service\/"},"modified":"2025-06-20T13:01:46","modified_gmt":"2025-06-20T12:01:46","slug":"customer-service","status":"publish","type":"page","link":"https:\/\/www.dppireland.ie\/ga\/about-us\/customer-service\/","title":{"rendered":"Cairt Custaim\u00e9ir\u00ed"},"content":{"rendered":"<div class=\"wpb-content-wrapper\"><p>[vc_row][vc_column][vc_column_text]<\/p>\n<h2>Cairt Seirbh\u00edse ar Ardchaighde\u00e1n 2021 \u2013 2023<\/h2>\n<h3>R\u00e1iteas Misin<\/h3>\n<p>Seirbh\u00eds ionch\u00faisimh at\u00e1 cothrom, neamhsple\u00e1ch agus \u00e9ifeachtach a shol\u00e1thar ar son mhuintir uile na h\u00c9ireann<\/p>\n<h3>C\u00e9 sinne?<\/h3>\n<p>Buna\u00edodh Oifig an Sti\u00farth\u00f3ra Ionch\u00faiseamh Poibl\u00ed faoin Acht um Ionch\u00faiseamh i gCionta, 1974. Tagra\u00edtear don Sti\u00farth\u00f3ir Ionch\u00faiseamh Poibl\u00ed freisin mar an Sti\u00farth\u00f3ir sa Chairt seo.<\/p>\n<p>T\u00e1 ceithre phr\u00edomhrann\u00e1n in Oifig an Sti\u00farth\u00f3ra:<\/p>\n<ol>\n<li>T\u00e1 an <strong>Rann\u00e1n Sti\u00fartha<\/strong> comhdh\u00e9anta d\u2019abhc\u00f3id\u00ed agus d\u2019aturnaetha a scr\u00fada\u00edonn comhaid imscr\u00fadaithe choiri\u00fail agus a chinneann cib\u00e9 ar ch\u00f3ir ionch\u00faiseamh a dh\u00e9anamh.<\/li>\n<li>T\u00e1 an <strong>Rann\u00e1n Aturnaetha<\/strong> comhdh\u00e9anta d\u2019aturnaetha agus d\u2019fheidhmeannaigh dl\u00edthi\u00fala a ullmha\u00edonn agus a sheolann c\u00e1sanna thar ceann an Sti\u00farth\u00f3ra i ngach su\u00ed de na C\u00fairteanna i mBaile \u00c1tha Cliath.<\/li>\n<li>I <strong>Rann\u00e1n na Seirbh\u00eds\u00ed Taca\u00edochta Ionch\u00faisimh<\/strong> cuims\u00edtear an tAonad Beartas agus Taighde ina sol\u00e1thra\u00edtear taighde dl\u00edthi\u00fail agus beartais, ina bhforbra\u00edtear beartais um ionch\u00faiseamh agus ina dtugtar comhairle faoi dhoicim\u00e9id beartas dl\u00edthi\u00fail a chuirtear ar aghaidh chuig an Oifig lena mbreithni\u00fa; Aonad na Leabharlainne ina sol\u00e1thra\u00edtear faisn\u00e9is agus seirbh\u00eds\u00ed saineolais don fhoireann dhl\u00edthi\u00fail agus don fhoireann riarach\u00e1in araon; Aonad Idirchaidrimh na n\u00cdospartach at\u00e1 freagrach as a chinnti\u00fa go gcomhl\u00edonann an Oifig a hoibleag\u00e1id\u00ed arna leagan amach i dTreoir AE 2012\/29\/AE, lena mbuna\u00edtear \u00edoschaighde\u00e1in maidir le cearta, taca\u00edocht agus cosaint \u00edospartaigh na coireachta; agus an tAonad Idirn\u00e1isi\u00fanta ina nd\u00e9ile\u00e1iltear le r\u00e9ims\u00ed an dl\u00ed choiri\u00fail idirn\u00e1isi\u00fanta, lena n-\u00e1ir\u00edtear eiseachadadh, Bar\u00e1ntais Gabh\u00e1la Eorpacha agus iarratais ar ch\u00fanamh dl\u00edthi\u00fail frithph\u00e1irteach.<\/li>\n<li>T\u00e1 an <strong>Rann\u00e1n Seirbh\u00eds\u00ed Corpar\u00e1ideacha<\/strong> cuireann s\u00e9 le strait\u00e9is fhorioml\u00e1n na hOifige tr\u00ed raon feidhmeanna gn\u00f3 lena, n-\u00e1ir\u00edtear acmhainn\u00ed\u00a0 daonna agus forbairt eagr\u00fach\u00e1in, airgeadas, TFC, bainist\u00edocht saor\u00e1id\u00ed, sol\u00e1thar, cumars\u00e1id, rialachas agus seirbh\u00eds\u00ed taca\u00edochta eile do na\u00a0 tr\u00ed rann\u00e1n dl\u00ed.<\/li>\n<\/ol>\n<h3>Cad a dh\u00e9anaimid?<\/h3>\n<p>Cinneann an Sti\u00farth\u00f3ir cib\u00e9 an gc\u00fais\u00edtear daoine i gcionta coiri\u00fala agus cad iad na c\u00faisimh ba ch\u00f3ir a bheith i gceist. \u00d3 bh\u00edonn c\u00faisimh tionscanta b\u00edonn Oifig an Sti\u00farth\u00f3ra i gceannas ar an gc\u00e1s ionch\u00faisimh.<\/p>\n<p>Gn\u00edomha\u00edonn an Pr\u00edomh-Aturnae Ionch\u00faisimh mar aturnae don Sti\u00farth\u00f3ir agus b\u00edonn i gceannas ar an Rann\u00e1n Aturnaetha in Oifig an Sti\u00farth\u00f3ra. D\u00e9anann foireann an Rann\u00e1in Aturnaetha uir\u00edolla ar an Sti\u00farth\u00f3ir i ngach c\u00fairt i mBaile \u00c1tha Cliath. D\u00e9anann Aturnaetha St\u00e1it \u00c1iti\u00fala uir\u00edolla ar an Sti\u00farth\u00f3ir i gc\u00fairteanna lasmuigh de Bhaile \u00c1tha Cliath.<\/p>\n<h3>Ruda\u00ed nach nd\u00e9anaimid<\/h3>\n<p>N\u00cd dh\u00e9anann Oifig an Sti\u00farth\u00f3ra:<\/p>\n<ul>\n<li>coireanna a imscr\u00fad\u00fa \u2013 is iad An Garda S\u00edoch\u00e1na a imscr\u00fada\u00edonn coireanna.<\/li>\n<li>comhairle dhl\u00edthi\u00fail a thabhairt do dhaoine den phobal \u2013 ba ch\u00f3ir do dhaoine a bh\u00edonn ag lorg comhairle den s\u00f3rt sin dul i gcomhairle lena gcomhairleoir dl\u00ed f\u00e9in.<\/li>\n<\/ul>\n<h3>A mb\u00edtear ag s\u00fail leis uainn<\/h3>\n<p>T\u00e1 an Sti\u00farth\u00f3ir Ionch\u00faiseamh Poibl\u00ed agus a foireann d\u00edograiseach le seirbh\u00eds ionch\u00faisimh ar ardchaighde\u00e1n a chur ar f\u00e1il. F\u00e9adfaidh t\u00fa, is t\u00fa ag d\u00e9ile\u00e1il le hOifig an Sti\u00farth\u00f3ra Ionch\u00faiseamh Poibl\u00ed, a bheith ag s\u00fail le:<\/p>\n<h4>Neamhsple\u00e1chas<\/h4>\n<p>Is cro\u00edluach de chuid na hOifige \u00e9 an neamhsple\u00e1chas. B\u00edonn an Sti\u00farth\u00f3ir Ionch\u00faiseamh Poibl\u00ed neamhsple\u00e1ch i mbun a cuid oibre. N\u00ed f\u00e9idir leis an Rialtas n\u00e1 leis an nGarda S\u00edoch\u00e1na iallach a chur ar an Sti\u00farth\u00f3ir Ionch\u00faiseamh Poibl\u00ed aon ch\u00e1s ar leith a ionch\u00faiseamh n\u00e1 n\u00ed f\u00e9idir leo cosc a chur uirthi c\u00e1s a ionch\u00faiseamh.<\/p>\n<h4>Cothroime<\/h4>\n<p>Oibr\u00edonn Oifig an Sti\u00farth\u00f3ra chuig na caighde\u00e1in ghairmi\u00fala is airde agus d\u00e9ile\u00e1lann le gach duine d\u00e1 mb\u00edonn d\u00e9ile\u00e1il aici leo go cothrom, go comhionann agus go comhlean\u00fanach.<\/p>\n<h4>Breithni\u00fa c\u00faramach<\/h4>\n<p>Is cinneadh an-t\u00e1bhachtach \u00e9 an cinneadh ionch\u00faiseamh a dh\u00e9anamh n\u00f3 gan ionch\u00faiseamh a dh\u00e9anamh. M\u00e1 ionch\u00fais\u00edtear daoine is f\u00e9idir go leor dam\u00e1iste a dh\u00e9anamh d\u00f3ibh fi\u00fa m\u00e1 chinntear n\u00edos faide anonn nach bhfuil siad ciontach. B\u00edonn go leor struis ag baint le triail choiri\u00fail, go h\u00e1irithe don \u00edospartach. Ag an am c\u00e9anna, is f\u00e9idir le cinneadh gan ionch\u00faiseamh a dh\u00e9anamh go leor struis agus suaitheadh a chruth\u00fa don \u00edospartach. Mar sin caithfear an cinneadh cib\u00e9 an nd\u00e9anfar ionch\u00faiseamh a bhreithni\u00fa go han-ch\u00faramach.<\/p>\n<h4>R\u00fandacht<\/h4>\n<p>Pl\u00e9ifear le gach \u00e1bhar a chuirtear ar aghaidh chuig Oifig an Sti\u00farth\u00f3ra Ionch\u00faiseamh Poibl\u00ed go cu\u00ed agus faoi r\u00fan. Nuair a chinneann an Sti\u00farth\u00f3ir Ionch\u00faiseamh Poibl\u00ed gan c\u00e1s a ionch\u00faiseamh tugtar na c\u00faiseanna a bh\u00edonn lena cinneadh don Gharda S\u00edoch\u00e1na n\u00f3 do ghn\u00edomhaireacht imscr\u00fad\u00fach\u00e1in eile agus coinn\u00edtear faoi r\u00fan iad. F\u00e9adfaidh \u00edospartach iarraidh ar achoimre ar na c\u00faiseanna a bh\u00ed leis an gcinneadh, \u00e1fach. Baineann seo le gach cinneadh a dh\u00e9antar an 16 Samhain 2015 n\u00f3 ina dhiaidh sin.<\/p>\n<p>I gc\u00e1sanna ina bhfuair an t-\u00edospartach b\u00e1s, f\u00e9adfaidh duine muinteartha an \u00edospartaigh \u00e9agtha iarraidh orainn \u00e1r gc\u00faiseanna a thabhairt len\u00e1r gcinneadh gan ionch\u00faiseamh a dh\u00e9anamh. Baineann seo le gach c\u00e1s inar tharla an b\u00e1s an 22 Deireadh F\u00f3mhair 2008 n\u00f3 ina dhiaidh sin.<\/p>\n<h4>Gn\u00edomh Tr\u00e1th\u00fail<\/h4>\n<p>D\u00e9ile\u00e1lfaidh an Sti\u00farth\u00f3ir Ionch\u00faiseamh Poibl\u00ed agus a foireann le comhaid, fiosruithe agus nithe eile a chuirtear chuig a hOifig in am tr\u00e1tha.<\/p>\n<h4>Athbhreithni\u00fa<\/h4>\n<p>M\u00e1s \u00edospartach n\u00f3 duine c\u00faisithe t\u00fa, n\u00f3 duine d\u00e1 dteaghlach, n\u00f3 a ndl\u00edod\u00f3ir, docht\u00fair n\u00f3 oibr\u00ed s\u00f3isialta is f\u00e9idir leat iarraidh ar an Sti\u00farth\u00f3ir athmhachnamh a dh\u00e9anamh ar chinneadh a bh\u00edonn glactha. Is f\u00e9idir leat sin a dh\u00e9anamh tr\u00ed iarraidh a chur i scr\u00edbhinn chuig Oifig an Sti\u00farth\u00f3ra Ionch\u00faiseamh Poibl\u00ed.<\/p>\n<h4>C\u00fairt\u00e9is &amp; Meas<\/h4>\n<p>Caithfidh foireann Oifig an Sti\u00farth\u00f3ra Ionch\u00faiseamh Phoibl\u00ed leis na daoine lena mbeidh siad ag d\u00e9ile\u00e1il go c\u00fairt\u00e9iseach agus le meas.<\/p>\n<h4>\u00cdogaireacht<\/h4>\n<p>T\u00e1 Oifig an Sti\u00farth\u00f3ra tiomanta d\u00e9ile\u00e1il le h\u00edospartaigh agus le finn\u00e9ithe leis an meas agus an \u00edogaireacht is m\u00f3. Beidh meas ag an Sti\u00farth\u00f3ir ar aon tuairim a l\u00e9ireoidh \u00edospartaigh coireachta nuair a bheidh cinnt\u00ed \u00e1 nd\u00e9anamh i gc\u00e1sanna saini\u00fala cib\u00e9 an nd\u00e9anfar ionch\u00faiseamh.<\/p>\n<p>Nuair a bh\u00edonn cionta \u00e1 n-ionch\u00faiseamh sa ch\u00fairt:<\/p>\n<ul>\n<li>oibreoidh an Sti\u00farth\u00f3ir leis an nGarda S\u00edoch\u00e1na lena chinnti\u00fa go gcoinn\u00edtear \u00edospartaigh coireachta go hioml\u00e1n ar an eolas faoi fhorbairt\u00ed sa ch\u00e1s, go h\u00e1irithe m\u00e1s cion de chineal for\u00e9igneach n\u00f3 gn\u00e9asach an cion.<\/li>\n<li>m\u00edneoimid, i gc\u00e1s gur ind\u00e9anta sin, pr\u00f3isis na c\u00fairte a bheidh i gceist and cuirfimid \u00e1r leabhr\u00e1n eolais ar &#8216;Ag dul chuig an gC\u00fairt mar Fhinn\u00e9&#8217;.<\/li>\n<li>ar iarratas \u00f3 \u00edospartach coireachta, \u00e9ascoidh Oifig an Sti\u00farth\u00f3ra cruinni\u00fa r\u00e9amhthrialach le habhc\u00f3ide agus le hionada\u00ed \u00f3 Rann\u00e1n Aturnaetha Oifig an Sti\u00farth\u00f3ra. Is \u00e9 cusp\u00f3ir an chruinnithe seo n\u00e1 an pr\u00f3iseas trialach a mh\u00edni\u00fa duit agus aon cheisteanna a d\u2019fh\u00e9adfadh a bheith agat a fhreagairt. Ba ch\u00f3ir a thabhairt ar aird, \u00e1fach, nach f\u00e9idir le hionada\u00ed an Sti\u00farth\u00f3ra fianaise a phl\u00e9 le finn\u00e9ithe roimh an gc\u00e1s.<\/li>\n<\/ul>\n<h4>Achomhairc<\/h4>\n<p>Maidir le c\u00e1sanna a thriailtear sa Ch\u00fairt Chuarda, sa Phr\u00edomh-Ch\u00fairt Choiri\u00fail n\u00f3 sa Ch\u00fairt Choiri\u00fail Speisialta f\u00e9adfaidh an Sti\u00farth\u00f3ir Ionch\u00faiseamh Poibl\u00ed iarratas a dh\u00e9anamh chuig an gC\u00fairt Achomhairc Choiri\u00fail chun pianbhreith a athbhreithni\u00fa m\u00e1 cheapann s\u00ed an phianbhreith a bheith n\u00edos boige n\u00e1 mar ba ch\u00f3ir. M\u00e1s \u00edospartach t\u00fa, n\u00f3 m\u00e1s duine de theaghlach an \u00edospartaigh t\u00fa, m\u00e1s t\u00fa aturnae, docht\u00fair n\u00f3 oibr\u00ed s\u00f3isialta an \u00edospartaigh f\u00e9adfaidh t\u00fa iarraidh ar an Sti\u00farth\u00f3ir Ionch\u00faiseamh Poibl\u00ed chomh bog is a bh\u00ed pianbhreith a ghearr na c\u00fairteanna a fhiosr\u00fa.<\/p>\n<h4>Eolas<\/h4>\n<p>Sol\u00e1thra\u00edonn Oifig an Sti\u00farth\u00f3ra eolas a bhfuil rochtain \u00e9asca air maidir le hobair na hoifige tri <a href=\"https:\/\/www.dppireland.ie\/ga\/publications\/information-for-the-public\/\">threoirleabhair eolais<\/a>, <a href=\"https:\/\/www.dppireland.ie\/publication-category\/annual-reports\/\">Tuarasc\u00e1lacha Bliant\u00fala<\/a>, <a href=\"https:\/\/www.dppireland.ie\/ga\/publication-category\/guidelines-for-prosecutors\/\">Treoirl\u00ednte Ionch\u00faisimh<\/a> agus <a href=\"https:\/\/www.dppireland.ie\/ga\/publications\/\">foilseach\u00e1in<\/a> eile a fhoilsi\u00fa, agus t\u00e1 siad sin ar fad ar f\u00e1il ar l\u00e1ithre\u00e1n gr\u00e9as\u00e1in na hOifige ag <a href=\"http:\/\/www.dppireland.ie\">www.dppireland.ie<\/a>.<\/p>\n<p>Faoi alt 42(f) den Acht um <a href=\"https:\/\/www.dppireland.ie\/ga\/compliance\/freedom-of-information\/\">Shaor\u00e1il Faisn\u00e9ise<\/a>, 2014, n\u00ed f\u00e9idir ach taifid a bhaineann le riarach\u00e1n ginear\u00e1lta na hOifige a bheith poibl\u00ed. Cialla\u00edonn s\u00e9 sin nach f\u00e9idir leis an bpobal faisn\u00e9is \u00f3 chomhaid a bhaineann le c\u00e1sanna coiri\u00fala aonair a fh\u00e1il.<\/p>\n<h4>Comhionannas na dTeangacha Oifigi\u00fala<\/h4>\n<p>Foils\u00edtear gach foilseach\u00e1n a eis\u00edonn Oifig an Sti\u00farth\u00f3ra I nGaeilge agus i mB\u00e9arla agus t\u00e1 \u00e1r l\u00e1ithre\u00e1n gr\u00e9as\u00e1in d\u00e1theangach. Cabhr\u00f3imid freisin leat do ghn\u00f3 a sti\u00faradh tr\u00ed mhe\u00e1n na Gaeilge.<\/p>\n<h4>Polasa\u00ed Gear\u00e1n<\/h4>\n<p>M\u00e1 bh\u00edonn gear\u00e1n agat faoin tsl\u00ed a n-oibr\u00edmid is f\u00e9idir leat scr\u00edobh chuig Oifig an Sti\u00farth\u00f3ra agus d\u00e9ile\u00e1lfar le do ghear\u00e1n go pras.<\/p>\n<h3>Mionsonra\u00ed Teagmh\u00e1la<\/h3>\n<p><strong>Oifig an Sti\u00farth\u00f3ra Ionch\u00faiseamh Poibl\u00ed<\/strong><br \/>\nB\u00f3thar na hOtharlainne,<br \/>\nBaile \u00c1tha Cliath 7<br \/>\nD07 FHN8.<br \/>\nTeil: + 353 1 858 8500<br \/>\nFaics: + 353 1 642 7406<br \/>\nL\u00e1ithre\u00e1n Gr\u00e9as\u00e1in: <a href=\"http:\/\/www.dppireland.ie\">www.dppireland.ie<\/a><\/p>\n<p><strong>An Pr\u00edomh-Aturnae Ionch\u00faisimh<\/strong><br \/>\n<strong>Oifig an Sti\u00farth\u00f3ra Ionch\u00faiseamh Poibl\u00ed<\/strong><br \/>\nB\u00f3thar na hOtharlainne,<br \/>\nBaile \u00c1tha Cliath 7<br \/>\nD07 FHN8.<br \/>\nTeil: +353 1 858 8500<br \/>\nFaics: +353 1 642 7406<br \/>\nL\u00e1ithre\u00e1n Gr\u00e9as\u00e1in: <a href=\"http:\/\/www.dppireland.ie\">www.dppireland.ie<\/a><\/p>\n<h3>\u00cdosl\u00f3d\u00e1lacha<\/h3>\n<ul>\n<li><a href=\"https:\/\/www.dppireland.ie\/app\/uploads\/2024\/05\/QS-Charter-2021-2023-irl.pdf\"><em style=\"font-size: 1rem;\">Cairt Seirbh\u00edse ar Ardchaighde\u00e1n 2021-2023\u00a0(PDF)<\/em><\/a><\/li>\n<li><a href=\"https:\/\/www.dppireland.ie\/app\/uploads\/2024\/05\/QS-Action-Plan-2021-2023-irl.pdf\"><em style=\"font-size: 1rem;\">Ardchaighde\u00e1in Sheirbh\u00eds ar Gn\u00edomha\u00edochta Plean 2021-2023 (PDF)<\/em><\/a><\/li>\n<\/ul>\n<p><em>\u00a9 Office of the Director of Public Prosecutions (Meitheamh 2021)<\/em>[\/vc_column_text][\/vc_column][\/vc_row]<\/p>\n<\/div>","protected":false},"excerpt":{"rendered":"<p>[vc_row][vc_column][vc_column_text] Cairt Seirbh\u00edse ar Ardchaighde\u00e1n 2021 \u2013 2023 R\u00e1iteas Misin Seirbh\u00eds ionch\u00faisimh at\u00e1 cothrom, neamhsple\u00e1ch agus \u00e9ifeachtach a shol\u00e1thar ar son mhuintir uile na h\u00c9ireann C\u00e9 sinne? Buna\u00edodh Oifig an Sti\u00farth\u00f3ra Ionch\u00faiseamh Poibl\u00ed faoin Acht um Ionch\u00faiseamh i gCionta, 1974. Tagra\u00edtear don Sti\u00farth\u00f3ir Ionch\u00faiseamh Poibl\u00ed freisin mar an Sti\u00farth\u00f3ir sa Chairt seo. T\u00e1 ceithre phr\u00edomhrann\u00e1n &hellip; <a href=\"https:\/\/www.dppireland.ie\/ga\/about-us\/customer-service\/\">Continued<\/a><\/p>\n","protected":false},"author":1,"featured_media":0,"parent":13233,"menu_order":5,"comment_status":"closed","ping_status":"closed","template":"","meta":{"_acf_changed":false,"om_disable_all_campaigns":false,"_relevanssi_hide_post":"","_relevanssi_hide_content":"","_relevanssi_pin_for_all":"","_relevanssi_pin_keywords":"","_relevanssi_unpin_keywords":"","_relevanssi_related_keywords":"","_relevanssi_related_include_ids":"","_relevanssi_related_exclude_ids":"","_relevanssi_related_no_append":"","_relevanssi_related_not_related":"","_relevanssi_related_posts":"","_relevanssi_noindex_reason":"","_monsterinsights_skip_tracking":false,"_monsterinsights_sitenote_active":false,"_monsterinsights_sitenote_note":"","_monsterinsights_sitenote_category":0,"_uf_show_specific_survey":0,"_uf_disable_surveys":false,"footnotes":""},"class_list":["post-10497","page","type-page","status-publish","hentry"],"acf":[],"yoast_head":"<!-- This site is optimized with the Yoast SEO plugin v27.5 - https:\/\/yoast.com\/product\/yoast-seo-wordpress\/ -->\n<title>Cairt Custaim\u00e9ir\u00ed - Office of the Director of Public Prosecutions<\/title>\n<meta name=\"description\" content=\"Office of the Director of Public Prosecutions - Providing a prosecution that is independent, fair and effective\" \/>\n<meta name=\"robots\" content=\"index, follow, max-snippet:-1, max-image-preview:large, max-video-preview:-1\" \/>\n<link rel=\"canonical\" href=\"https:\/\/www.dppireland.ie\/ga\/about-us\/customer-service\/\" \/>\n<meta property=\"og:locale\" content=\"ga_IE\" \/>\n<meta property=\"og:type\" content=\"article\" \/>\n<meta property=\"og:title\" content=\"Cairt Custaim\u00e9ir\u00ed - Office of the Director of Public Prosecutions\" \/>\n<meta property=\"og:description\" content=\"Office of the Director of Public Prosecutions - Providing a prosecution that is independent, fair and effective\" \/>\n<meta property=\"og:url\" content=\"https:\/\/www.dppireland.ie\/ga\/about-us\/customer-service\/\" \/>\n<meta property=\"og:site_name\" content=\"Office of the Director of Public Prosecutions\" \/>\n<meta property=\"article:modified_time\" content=\"2025-06-20T12:01:46+00:00\" \/>\n<meta name=\"twitter:card\" content=\"summary_large_image\" \/>\n<meta name=\"twitter:label1\" content=\"Est. reading time\" \/>\n\t<meta name=\"twitter:data1\" content=\"6 minutes\" \/>\n<script type=\"application\/ld+json\" class=\"yoast-schema-graph\">{\"@context\":\"https:\\\/\\\/schema.org\",\"@graph\":[{\"@type\":\"WebPage\",\"@id\":\"https:\\\/\\\/www.dppireland.ie\\\/ga\\\/about-us\\\/customer-service\\\/\",\"url\":\"https:\\\/\\\/www.dppireland.ie\\\/ga\\\/about-us\\\/customer-service\\\/\",\"name\":\"Cairt Custaim\u00e9ir\u00ed - Office of the Director of Public Prosecutions\",\"isPartOf\":{\"@id\":\"https:\\\/\\\/www.dppireland.ie\\\/#website\"},\"datePublished\":\"2019-01-24T15:47:24+00:00\",\"dateModified\":\"2025-06-20T12:01:46+00:00\",\"description\":\"Office of the Director of Public Prosecutions - Providing a prosecution that is independent, fair and effective\",\"breadcrumb\":{\"@id\":\"https:\\\/\\\/www.dppireland.ie\\\/ga\\\/about-us\\\/customer-service\\\/#breadcrumb\"},\"inLanguage\":\"ga-IE\",\"potentialAction\":[{\"@type\":\"ReadAction\",\"target\":[\"https:\\\/\\\/www.dppireland.ie\\\/ga\\\/about-us\\\/customer-service\\\/\"]}]},{\"@type\":\"BreadcrumbList\",\"@id\":\"https:\\\/\\\/www.dppireland.ie\\\/ga\\\/about-us\\\/customer-service\\\/#breadcrumb\",\"itemListElement\":[{\"@type\":\"ListItem\",\"position\":1,\"name\":\"Home\",\"item\":\"https:\\\/\\\/www.dppireland.ie\\\/ga\\\/\"},{\"@type\":\"ListItem\",\"position\":2,\"name\":\"Maidir Linne\",\"item\":\"https:\\\/\\\/www.dppireland.ie\\\/ga\\\/about-us\\\/\"},{\"@type\":\"ListItem\",\"position\":3,\"name\":\"Cairt Custaim\u00e9ir\u00ed\"}]},{\"@type\":\"WebSite\",\"@id\":\"https:\\\/\\\/www.dppireland.ie\\\/#website\",\"url\":\"https:\\\/\\\/www.dppireland.ie\\\/\",\"name\":\"Office of the Director of Public Prosecutions\",\"description\":\"Providing a prosecution that is independent, fair and effective\",\"potentialAction\":[{\"@type\":\"SearchAction\",\"target\":{\"@type\":\"EntryPoint\",\"urlTemplate\":\"https:\\\/\\\/www.dppireland.ie\\\/?s={search_term_string}\"},\"query-input\":{\"@type\":\"PropertyValueSpecification\",\"valueRequired\":true,\"valueName\":\"search_term_string\"}}],\"inLanguage\":\"ga-IE\"}]}<\/script>\n<!-- \/ Yoast SEO plugin. -->","yoast_head_json":{"title":"Cairt Custaim\u00e9ir\u00ed - Office of the Director of Public Prosecutions","description":"Office of the Director of Public Prosecutions - Providing a prosecution that is independent, fair and effective","robots":{"index":"index","follow":"follow","max-snippet":"max-snippet:-1","max-image-preview":"max-image-preview:large","max-video-preview":"max-video-preview:-1"},"canonical":"https:\/\/www.dppireland.ie\/ga\/about-us\/customer-service\/","og_locale":"ga_IE","og_type":"article","og_title":"Cairt Custaim\u00e9ir\u00ed - Office of the Director of Public Prosecutions","og_description":"Office of the Director of Public Prosecutions - Providing a prosecution that is independent, fair and effective","og_url":"https:\/\/www.dppireland.ie\/ga\/about-us\/customer-service\/","og_site_name":"Office of the Director of Public Prosecutions","article_modified_time":"2025-06-20T12:01:46+00:00","twitter_card":"summary_large_image","twitter_misc":{"Est. reading time":"6 minutes"},"schema":{"@context":"https:\/\/schema.org","@graph":[{"@type":"WebPage","@id":"https:\/\/www.dppireland.ie\/ga\/about-us\/customer-service\/","url":"https:\/\/www.dppireland.ie\/ga\/about-us\/customer-service\/","name":"Cairt Custaim\u00e9ir\u00ed - Office of the Director of Public Prosecutions","isPartOf":{"@id":"https:\/\/www.dppireland.ie\/#website"},"datePublished":"2019-01-24T15:47:24+00:00","dateModified":"2025-06-20T12:01:46+00:00","description":"Office of the Director of Public Prosecutions - Providing a prosecution that is independent, fair and effective","breadcrumb":{"@id":"https:\/\/www.dppireland.ie\/ga\/about-us\/customer-service\/#breadcrumb"},"inLanguage":"ga-IE","potentialAction":[{"@type":"ReadAction","target":["https:\/\/www.dppireland.ie\/ga\/about-us\/customer-service\/"]}]},{"@type":"BreadcrumbList","@id":"https:\/\/www.dppireland.ie\/ga\/about-us\/customer-service\/#breadcrumb","itemListElement":[{"@type":"ListItem","position":1,"name":"Home","item":"https:\/\/www.dppireland.ie\/ga\/"},{"@type":"ListItem","position":2,"name":"Maidir Linne","item":"https:\/\/www.dppireland.ie\/ga\/about-us\/"},{"@type":"ListItem","position":3,"name":"Cairt Custaim\u00e9ir\u00ed"}]},{"@type":"WebSite","@id":"https:\/\/www.dppireland.ie\/#website","url":"https:\/\/www.dppireland.ie\/","name":"Office of the Director of Public Prosecutions","description":"Providing a prosecution that is independent, fair and effective","potentialAction":[{"@type":"SearchAction","target":{"@type":"EntryPoint","urlTemplate":"https:\/\/www.dppireland.ie\/?s={search_term_string}"},"query-input":{"@type":"PropertyValueSpecification","valueRequired":true,"valueName":"search_term_string"}}],"inLanguage":"ga-IE"}]}},"jetpack_sharing_enabled":true,"_links":{"self":[{"href":"https:\/\/www.dppireland.ie\/ga\/wp-json\/wp\/v2\/pages\/10497","targetHints":{"allow":["GET"]}}],"collection":[{"href":"https:\/\/www.dppireland.ie\/ga\/wp-json\/wp\/v2\/pages"}],"about":[{"href":"https:\/\/www.dppireland.ie\/ga\/wp-json\/wp\/v2\/types\/page"}],"author":[{"embeddable":true,"href":"https:\/\/www.dppireland.ie\/ga\/wp-json\/wp\/v2\/users\/1"}],"replies":[{"embeddable":true,"href":"https:\/\/www.dppireland.ie\/ga\/wp-json\/wp\/v2\/comments?post=10497"}],"version-history":[{"count":7,"href":"https:\/\/www.dppireland.ie\/ga\/wp-json\/wp\/v2\/pages\/10497\/revisions"}],"predecessor-version":[{"id":26991,"href":"https:\/\/www.dppireland.ie\/ga\/wp-json\/wp\/v2\/pages\/10497\/revisions\/26991"}],"up":[{"embeddable":true,"href":"https:\/\/www.dppireland.ie\/ga\/wp-json\/wp\/v2\/pages\/13233"}],"wp:attachment":[{"href":"https:\/\/www.dppireland.ie\/ga\/wp-json\/wp\/v2\/media?parent=10497"}],"curies":[{"name":"wp","href":"https:\/\/api.w.org\/{rel}","templated":true}]}}