{"id":10491,"date":"2019-01-24T15:50:40","date_gmt":"2019-01-24T15:50:40","guid":{"rendered":"https:\/\/www.dppireland.ie\/charging-the-accused\/"},"modified":"2022-08-18T15:47:25","modified_gmt":"2022-08-18T14:47:25","slug":"charging-the-accused","status":"publish","type":"page","link":"https:\/\/www.dppireland.ie\/ga\/criminal-justice-system\/charging-the-accused\/","title":{"rendered":"Muirear\u00fa an Ch\u00fais\u00ed"},"content":{"rendered":"<div class=\"wpb-content-wrapper\"><p>[vc_row][vc_column][vc_column_text]Nuair a chinneann an DPP ionch\u00faiseamh a dh\u00e9anamh, c\u00fais\u00edonn na Garda\u00ed an duine a bh\u00edonn faoi amhras.&nbsp; Tugann na Garda\u00ed an duine a bh\u00edonn faoi amhras os comhair bhreitheamh den Ch\u00fairt D\u00faiche.&nbsp; Tugtar &#8216;an c\u00fais\u00ed&#8217; n\u00f3 &#8216;an cosant\u00f3ir&#8217; ar an t\u00e9 at\u00e1 faoi amhras i ndiaidh na c\u00e9ime sin.<\/p>\n<p>Is iad na Garda\u00ed a chuireann an p\u00e1irt\u00ed \u00e9ag\u00f3irithe ar an eolas i dtaobh chinneadh an DPP chomh maith. Ba ch\u00f3ir go gcuirfeadh na Garda\u00ed am, d\u00e1ta agus \u00e1it na h\u00e9isteachta in i\u00fal don ph\u00e1irt\u00ed \u00e9ag\u00f3irithe ina theannta sin.[\/vc_column_text]<div id=\"accordion-charging\" class=\"accordion\">\n    <div class=\"card\">\n    <div class=\"card-header\" id=\"heading-cad-a-tharlaionn-nuair-a-bhionn-an-cuisi-cuisithe-ag-na-gardai\">\n\n        <h2 class=\"mb-0\"><a class=\"collapsed\" href=\"#accordion-charging-collapse-cad-a-tharlaionn-nuair-a-bhionn-an-cuisi-cuisithe-ag-na-gardai\" data-toggle=\"collapse\" data-target=\"#accordion-charging-collapse-cad-a-tharlaionn-nuair-a-bhionn-an-cuisi-cuisithe-ag-na-gardai\" aria-expanded=\"false\" aria-controls=\"accordion-charging-collapse-cad-a-tharlaionn-nuair-a-bhionn-an-cuisi-cuisithe-ag-na-gardai\">Cad a tharla\u00edonn nuair a bh\u00edonn an c\u00fais\u00ed c\u00faisithe ag na Garda\u00ed?<\/a><\/h2>\n\n    <\/div>\n    <div id=\"accordion-charging-collapse-cad-a-tharlaionn-nuair-a-bhionn-an-cuisi-cuisithe-ag-na-gardai\" class=\"collapse\" aria-labelledby=\"heading-cad-a-tharlaionn-nuair-a-bhionn-an-cuisi-cuisithe-ag-na-gardai\" data-parent=\"#accordion-charging\" style=\"\">\n        <div class=\"card-body\">\n            <p>Nuair a tharla\u00edonn s\u00e9 sin d\u00e9anfaidh an t-ionch\u00faiseamh an fhianaise i gcoinne an ch\u00fais\u00ed a scr\u00edobh s\u00edos. Is \u00e9 a thugtar ar an doicim\u00e9ad ina bhfuil fianaise n\u00e1 leabhar na fianaise agus is cuid an-t\u00e1bhachtach den ch\u00e1s \u00e9.<\/p>\n<ul>\n<li>b\u00edonn r\u00e1itis \u00f3 fhinn\u00e9ithe ann, lena n-\u00e1ir\u00edtear an t-\u00edospartach<\/li>\n<li>b\u00edonn doicim\u00e9id eile ann mar aon le liosta d&#8217;aon fhianaise fhisici\u00fail, mar shampla grianghraif n\u00f3 airm a thaispe\u00e1nfar sa ch\u00fairt.<\/li>\n<li>Leagtar amach ann an fhianaise a mheasann an t-ionch\u00faiseamh a thabharfaidh finn\u00e9ithe sa ch\u00fairt.<\/li>\n<\/ul>\n<p>Nuair a bh\u00edonn an fhianaise ar fad a theast\u00f3idh sa triail \u00f3n ionch\u00faiseamh cruinnithe, tabharfaidh na Garda\u00ed leabhar na fianaise don ch\u00fais\u00ed. Nuair a tharla\u00edonn sin, socr\u00f3idh breitheamh na C\u00fairte D\u00faiche d\u00e1ta na trialach agus, sa chuid is m\u00f3 de na c\u00e1sanna, an ch\u00fairt a \u00e9istfidh an c\u00e1s. Uaireanta, socr\u00f3idh an DPP c\u00e9n ch\u00fa\u00edrt a \u00e9istfidh an ch\u00fais.<\/p>\n\n        <\/div>\n    <\/div>\n<\/div><div class=\"card\">\n    <div class=\"card-header\" id=\"heading-cad-iad-na-cuirteanna-inar-feidir-casanna-coiriula-a-eisteacht\">\n\n        <h2 class=\"mb-0\"><a class=\"collapsed\" href=\"#accordion-charging-collapse-cad-iad-na-cuirteanna-inar-feidir-casanna-coiriula-a-eisteacht\" data-toggle=\"collapse\" data-target=\"#accordion-charging-collapse-cad-iad-na-cuirteanna-inar-feidir-casanna-coiriula-a-eisteacht\" aria-expanded=\"false\" aria-controls=\"accordion-charging-collapse-cad-iad-na-cuirteanna-inar-feidir-casanna-coiriula-a-eisteacht\">Cad iad na c\u00fairteanna inar f\u00e9idir c\u00e1sanna coiri\u00fala a \u00e9isteacht?<\/a><\/h2>\n\n    <\/div>\n    <div id=\"accordion-charging-collapse-cad-iad-na-cuirteanna-inar-feidir-casanna-coiriula-a-eisteacht\" class=\"collapse\" aria-labelledby=\"heading-cad-iad-na-cuirteanna-inar-feidir-casanna-coiriula-a-eisteacht\" data-parent=\"#accordion-charging\" style=\"\">\n        <div class=\"card-body\">\n            <p>Braitheann s\u00e9 ar an gcine\u00e1l coire a rinneadh. T\u00e1 dh\u00e1 chine\u00e1l coire ann \u2013 cion achomair agus cion ind\u00edot\u00e1ilte.<\/p>\n<h3>Cionta achoimre<\/h3>\n<ul>\n<li>is cionta iad nach bhfuil chomh tromch\u00faiseach sin;<\/li>\n<li>\u00e9isteann breitheamh iad gan ghi\u00fair\u00e9 sa Ch\u00fairt D\u00faiche; agus<\/li>\n<li>tr\u00e9imhse 12 m\u00ed an phianbhreith pr\u00edos\u00fanachta is troime maidir le cion amh\u00e1in.<\/li>\n<\/ul>\n<p>M\u00e1 \u00e9isteann breitheamh den Ch\u00fairt D\u00faiche an c\u00e1s, is f\u00e9idir le Garda n\u00f3 aturnae \u00f3 oifig an DPP an c\u00e1s a chur i l\u00e1thair.<\/p>\n<h3>Cionta ind\u00edot\u00e1ilte<\/h3>\n<ul>\n<li>is iad na cionta is tromch\u00fais\u00ed iad;<\/li>\n<li>\u00e9isteann breitheamh agus gi\u00fair\u00e9 iad sa Ch\u00fairt Chuarda n\u00f3 sa Phr\u00edomh-Ch\u00fairt Choiri\u00fail;<\/li>\n<li>b\u00edonn pion\u00f3is n\u00edos troime ann m\u00e1 chionta\u00edonn an ch\u00fairt an c\u00fais\u00ed \u2013 d\u2019fh\u00e9adfadh<\/li>\n<li>pr\u00edos\u00fanacht saoil a bheith i gceist i gc\u00e1s coireanna \u00e1irithe; agus<\/li>\n<li>is f\u00e9idir d\u00e9ile\u00e1il leo uaireanta sa Ch\u00fairt Choiri\u00fail Speisialta ina su\u00edonn tri\u00far breitheamh gan ghi\u00fair\u00e9.<\/li>\n<\/ul>\n<p>M\u00e1 \u00e9isteann breitheamh agus gi\u00fair\u00e9 an c\u00e1s, ullmh\u00f3idh aturnae \u00f3 oifig an DPP an c\u00e1s le haghaidh na c\u00fairte. Cuirfidh abhc\u00f3ide a bheidh ag gn\u00edomh\u00fa thar ceann an DPP c\u00e1s an ionch\u00faisimh i l\u00e1thair sa ch\u00fairt.<\/p>\n<h2>NA C\u00daIRTEANNA<\/h2>\n<h3>An Ch\u00fairt D\u00faiche<\/h3>\n<p>Seo \u00ed an ch\u00e9ad Ch\u00fairt a dtugann Garda\u00ed an c\u00fais\u00ed inti. D\u00e9anann breitheamh na nithe seo a leanas sa Ch\u00fairt D\u00faiche:<\/p>\n<ul>\n<li>\u00e9isteann s\u00e9\/s\u00ed sonra\u00ed faoi na c\u00faisimh i gcoinne an ch\u00fais\u00ed;<\/li>\n<li>deir s\u00e9\/s\u00ed an bhfuil an c\u00e1s r\u00e9idh lena thriail; agus<\/li>\n<li>\u00e9isteann s\u00e9\/s\u00ed trialacha i gc\u00e1sanna nach bhfuil chomh tromch\u00faiseach sin (cionta achoimre) gan ghi\u00fair\u00e9.<\/li>\n<\/ul>\n<p>M\u00e1 phl\u00e9ad\u00e1lann an c\u00fais\u00ed \u2018neamhchiontach\u2019 sa Ch\u00fairt D\u00faiche, glaofaidh an t-ionch\u00faiseamh finn\u00e9ithe chun fianaise a thabhairt d\u2019fhonn iarracht a dh\u00e9anamh cruth\u00fa go bhfuil an c\u00fais\u00ed ciontach.<\/p>\n<h3>An Ch\u00fairt Chuarda agus an Phr\u00edomh-Ch\u00fairt Choiri\u00fail<\/h3>\n<p>Sna c\u00fairteanna seo seoltar trialacha at\u00e1 n\u00edos tromch\u00fais\u00edn\u00e1 iad sin a sheoltar sa Ch\u00fairt D\u00faiche. D\u00e9anann an breitheamh na nithe seo a leanas sna c\u00fairteanna seo:<\/p>\n<ul>\n<li>feidhm\u00edonn s\u00e9\/s\u00ed i gcomhar le gi\u00fair\u00e9.&nbsp; N\u00ed m\u00f3r don ghi\u00fair\u00e9 cinneadh a dh\u00e9anamh i dtaobh duine a bheith ciontach n\u00f3 neamhchiontach.<\/li>\n<\/ul>\n<h3>An Ch\u00fairt Choiri\u00fail Speisialta<\/h3>\n<p>T\u00e1 an ch\u00fairt seo cos\u00fail leis an gC\u00fairt Chuarda agus leis an bPr\u00edomh-Ch\u00fairt Choiri\u00fail , ach amh\u00e1in:<\/p>\n<ul>\n<li>nach mb\u00edonn aon ghi\u00fair\u00e9 inti; agus<\/li>\n<li>\u00e9isteann tri\u00far breitheamh gach c\u00e1s.<\/li>\n<\/ul>\n\n        <\/div>\n    <\/div>\n<\/div><\/div>[\/vc_column][\/vc_row]<\/p>\n<\/div>","protected":false},"excerpt":{"rendered":"<p>[vc_row][vc_column][vc_column_text]Nuair a chinneann an DPP ionch\u00faiseamh a dh\u00e9anamh, c\u00fais\u00edonn na Garda\u00ed an duine a bh\u00edonn faoi amhras.&nbsp; Tugann na Garda\u00ed an duine a bh\u00edonn faoi amhras os comhair bhreitheamh den Ch\u00fairt D\u00faiche.&nbsp; Tugtar &#8216;an c\u00fais\u00ed&#8217; n\u00f3 &#8216;an cosant\u00f3ir&#8217; ar an t\u00e9 at\u00e1 faoi amhras i ndiaidh na c\u00e9ime sin. Is iad na Garda\u00ed a chuireann &hellip; <a href=\"https:\/\/www.dppireland.ie\/ga\/criminal-justice-system\/charging-the-accused\/\">Continued<\/a><\/p>\n","protected":false},"author":1,"featured_media":0,"parent":10505,"menu_order":0,"comment_status":"closed","ping_status":"closed","template":"","meta":{"_acf_changed":false,"om_disable_all_campaigns":false,"_relevanssi_hide_post":"","_relevanssi_hide_content":"","_relevanssi_pin_for_all":"","_relevanssi_pin_keywords":"","_relevanssi_unpin_keywords":"","_relevanssi_related_keywords":"","_relevanssi_related_include_ids":"","_relevanssi_related_exclude_ids":"","_relevanssi_related_no_append":"","_relevanssi_related_not_related":"","_relevanssi_related_posts":"","_relevanssi_noindex_reason":"","_monsterinsights_skip_tracking":false,"_monsterinsights_sitenote_active":false,"_monsterinsights_sitenote_note":"","_monsterinsights_sitenote_category":0,"_uf_show_specific_survey":0,"_uf_disable_surveys":false,"footnotes":""},"class_list":["post-10491","page","type-page","status-publish","hentry"],"acf":[],"yoast_head":"<!-- This site is optimized with the Yoast SEO plugin v27.5 - https:\/\/yoast.com\/product\/yoast-seo-wordpress\/ -->\n<title>Muirear\u00fa an Ch\u00fais\u00ed - Office of the Director of Public Prosecutions<\/title>\n<meta name=\"description\" content=\"Office of the Director of Public Prosecutions - Providing a prosecution that is independent, fair and effective\" \/>\n<meta name=\"robots\" content=\"index, follow, max-snippet:-1, max-image-preview:large, max-video-preview:-1\" \/>\n<link rel=\"canonical\" href=\"https:\/\/www.dppireland.ie\/ga\/criminal-justice-system\/charging-the-accused\/\" \/>\n<meta property=\"og:locale\" content=\"ga_IE\" \/>\n<meta property=\"og:type\" content=\"article\" \/>\n<meta property=\"og:title\" content=\"Muirear\u00fa an Ch\u00fais\u00ed - Office of the Director of Public Prosecutions\" \/>\n<meta property=\"og:description\" content=\"Office of the Director of Public Prosecutions - Providing a prosecution that is independent, fair and effective\" \/>\n<meta property=\"og:url\" content=\"https:\/\/www.dppireland.ie\/ga\/criminal-justice-system\/charging-the-accused\/\" \/>\n<meta property=\"og:site_name\" content=\"Office of the Director of Public Prosecutions\" \/>\n<meta property=\"article:modified_time\" content=\"2022-08-18T14:47:25+00:00\" \/>\n<meta name=\"twitter:card\" content=\"summary_large_image\" \/>\n<meta name=\"twitter:label1\" content=\"Est. reading time\" \/>\n\t<meta name=\"twitter:data1\" content=\"3 minutes\" \/>\n<script type=\"application\/ld+json\" class=\"yoast-schema-graph\">{\"@context\":\"https:\\\/\\\/schema.org\",\"@graph\":[{\"@type\":\"WebPage\",\"@id\":\"https:\\\/\\\/www.dppireland.ie\\\/ga\\\/criminal-justice-system\\\/charging-the-accused\\\/\",\"url\":\"https:\\\/\\\/www.dppireland.ie\\\/ga\\\/criminal-justice-system\\\/charging-the-accused\\\/\",\"name\":\"Muirear\u00fa an Ch\u00fais\u00ed - Office of the Director of Public Prosecutions\",\"isPartOf\":{\"@id\":\"https:\\\/\\\/www.dppireland.ie\\\/#website\"},\"datePublished\":\"2019-01-24T15:50:40+00:00\",\"dateModified\":\"2022-08-18T14:47:25+00:00\",\"description\":\"Office of the Director of Public Prosecutions - Providing a prosecution that is independent, fair and effective\",\"breadcrumb\":{\"@id\":\"https:\\\/\\\/www.dppireland.ie\\\/ga\\\/criminal-justice-system\\\/charging-the-accused\\\/#breadcrumb\"},\"inLanguage\":\"ga-IE\",\"potentialAction\":[{\"@type\":\"ReadAction\",\"target\":[\"https:\\\/\\\/www.dppireland.ie\\\/ga\\\/criminal-justice-system\\\/charging-the-accused\\\/\"]}]},{\"@type\":\"BreadcrumbList\",\"@id\":\"https:\\\/\\\/www.dppireland.ie\\\/ga\\\/criminal-justice-system\\\/charging-the-accused\\\/#breadcrumb\",\"itemListElement\":[{\"@type\":\"ListItem\",\"position\":1,\"name\":\"Home\",\"item\":\"https:\\\/\\\/www.dppireland.ie\\\/ga\\\/\"},{\"@type\":\"ListItem\",\"position\":2,\"name\":\"An C\u00f3ras Ceartais Choiri\u00fail\",\"item\":\"https:\\\/\\\/www.dppireland.ie\\\/ga\\\/criminal-justice-system\\\/\"},{\"@type\":\"ListItem\",\"position\":3,\"name\":\"Muirear\u00fa an Ch\u00fais\u00ed\"}]},{\"@type\":\"WebSite\",\"@id\":\"https:\\\/\\\/www.dppireland.ie\\\/#website\",\"url\":\"https:\\\/\\\/www.dppireland.ie\\\/\",\"name\":\"Office of the Director of Public Prosecutions\",\"description\":\"Providing a prosecution that is independent, fair and effective\",\"potentialAction\":[{\"@type\":\"SearchAction\",\"target\":{\"@type\":\"EntryPoint\",\"urlTemplate\":\"https:\\\/\\\/www.dppireland.ie\\\/?s={search_term_string}\"},\"query-input\":{\"@type\":\"PropertyValueSpecification\",\"valueRequired\":true,\"valueName\":\"search_term_string\"}}],\"inLanguage\":\"ga-IE\"}]}<\/script>\n<!-- \/ Yoast SEO plugin. -->","yoast_head_json":{"title":"Muirear\u00fa an Ch\u00fais\u00ed - Office of the Director of Public Prosecutions","description":"Office of the Director of Public Prosecutions - Providing a prosecution that is independent, fair and effective","robots":{"index":"index","follow":"follow","max-snippet":"max-snippet:-1","max-image-preview":"max-image-preview:large","max-video-preview":"max-video-preview:-1"},"canonical":"https:\/\/www.dppireland.ie\/ga\/criminal-justice-system\/charging-the-accused\/","og_locale":"ga_IE","og_type":"article","og_title":"Muirear\u00fa an Ch\u00fais\u00ed - Office of the Director of Public Prosecutions","og_description":"Office of the Director of Public Prosecutions - Providing a prosecution that is independent, fair and effective","og_url":"https:\/\/www.dppireland.ie\/ga\/criminal-justice-system\/charging-the-accused\/","og_site_name":"Office of the Director of Public Prosecutions","article_modified_time":"2022-08-18T14:47:25+00:00","twitter_card":"summary_large_image","twitter_misc":{"Est. reading time":"3 minutes"},"schema":{"@context":"https:\/\/schema.org","@graph":[{"@type":"WebPage","@id":"https:\/\/www.dppireland.ie\/ga\/criminal-justice-system\/charging-the-accused\/","url":"https:\/\/www.dppireland.ie\/ga\/criminal-justice-system\/charging-the-accused\/","name":"Muirear\u00fa an Ch\u00fais\u00ed - Office of the Director of Public Prosecutions","isPartOf":{"@id":"https:\/\/www.dppireland.ie\/#website"},"datePublished":"2019-01-24T15:50:40+00:00","dateModified":"2022-08-18T14:47:25+00:00","description":"Office of the Director of Public Prosecutions - Providing a prosecution that is independent, fair and effective","breadcrumb":{"@id":"https:\/\/www.dppireland.ie\/ga\/criminal-justice-system\/charging-the-accused\/#breadcrumb"},"inLanguage":"ga-IE","potentialAction":[{"@type":"ReadAction","target":["https:\/\/www.dppireland.ie\/ga\/criminal-justice-system\/charging-the-accused\/"]}]},{"@type":"BreadcrumbList","@id":"https:\/\/www.dppireland.ie\/ga\/criminal-justice-system\/charging-the-accused\/#breadcrumb","itemListElement":[{"@type":"ListItem","position":1,"name":"Home","item":"https:\/\/www.dppireland.ie\/ga\/"},{"@type":"ListItem","position":2,"name":"An C\u00f3ras Ceartais Choiri\u00fail","item":"https:\/\/www.dppireland.ie\/ga\/criminal-justice-system\/"},{"@type":"ListItem","position":3,"name":"Muirear\u00fa an Ch\u00fais\u00ed"}]},{"@type":"WebSite","@id":"https:\/\/www.dppireland.ie\/#website","url":"https:\/\/www.dppireland.ie\/","name":"Office of the Director of Public Prosecutions","description":"Providing a prosecution that is independent, fair and effective","potentialAction":[{"@type":"SearchAction","target":{"@type":"EntryPoint","urlTemplate":"https:\/\/www.dppireland.ie\/?s={search_term_string}"},"query-input":{"@type":"PropertyValueSpecification","valueRequired":true,"valueName":"search_term_string"}}],"inLanguage":"ga-IE"}]}},"jetpack_sharing_enabled":true,"_links":{"self":[{"href":"https:\/\/www.dppireland.ie\/ga\/wp-json\/wp\/v2\/pages\/10491","targetHints":{"allow":["GET"]}}],"collection":[{"href":"https:\/\/www.dppireland.ie\/ga\/wp-json\/wp\/v2\/pages"}],"about":[{"href":"https:\/\/www.dppireland.ie\/ga\/wp-json\/wp\/v2\/types\/page"}],"author":[{"embeddable":true,"href":"https:\/\/www.dppireland.ie\/ga\/wp-json\/wp\/v2\/users\/1"}],"replies":[{"embeddable":true,"href":"https:\/\/www.dppireland.ie\/ga\/wp-json\/wp\/v2\/comments?post=10491"}],"version-history":[{"count":3,"href":"https:\/\/www.dppireland.ie\/ga\/wp-json\/wp\/v2\/pages\/10491\/revisions"}],"predecessor-version":[{"id":10630,"href":"https:\/\/www.dppireland.ie\/ga\/wp-json\/wp\/v2\/pages\/10491\/revisions\/10630"}],"up":[{"embeddable":true,"href":"https:\/\/www.dppireland.ie\/ga\/wp-json\/wp\/v2\/pages\/10505"}],"wp:attachment":[{"href":"https:\/\/www.dppireland.ie\/ga\/wp-json\/wp\/v2\/media?parent=10491"}],"curies":[{"name":"wp","href":"https:\/\/api.w.org\/{rel}","templated":true}]}}