{"id":10489,"date":"2019-01-24T15:51:04","date_gmt":"2019-01-24T15:51:04","guid":{"rendered":"https:\/\/www.dppireland.ie\/victims-of-crime\/"},"modified":"2025-02-10T10:52:46","modified_gmt":"2025-02-10T10:52:46","slug":"victims-of-crime","status":"publish","type":"page","link":"https:\/\/www.dppireland.ie\/ga\/criminal-justice-system\/victims-of-crime\/","title":{"rendered":"Na p\u00e1irtithe \u00e9ag\u00f3irithe"},"content":{"rendered":"<div class=\"wpb-content-wrapper\"><p>[vc_row][vc_column][\/vc_column][\/vc_row][vc_row][vc_column][vc_column_text]M\u00e1s \u00edospartach coiri\u00falachta t\u00fa oibreoidh an t-aturnae ionch\u00faisimh i gcomhar leis na Garda\u00ed lena chinnti\u00fa go mb\u00edonn t\u00fa i gc\u00f3na\u00ed ar an eolas i dtaobh cad at\u00e1 ag tarl\u00fa sa ch\u00e1s.[\/vc_column_text]<div id=\"accordion-cyuteyduweqi\" class=\"accordion\">\n    <div class=\"card\">\n    <div class=\"card-header\" id=\"heading-sa-chas-go-bhfuil-fianaise-a-tabhairt-agam-mar-iospartach-an-mbuailfidh-me-le-foireann-an-ionchuisimh-roimh-an-triail\">\n\n        <h2 class=\"mb-0\"><a class=\"collapsed\" href=\"#accordion-cyuteyduweqi-collapse-sa-chas-go-bhfuil-fianaise-a-tabhairt-agam-mar-iospartach-an-mbuailfidh-me-le-foireann-an-ionchuisimh-roimh-an-triail\" data-toggle=\"collapse\" data-target=\"#accordion-cyuteyduweqi-collapse-sa-chas-go-bhfuil-fianaise-a-tabhairt-agam-mar-iospartach-an-mbuailfidh-me-le-foireann-an-ionchuisimh-roimh-an-triail\" aria-expanded=\"false\" aria-controls=\"accordion-cyuteyduweqi-collapse-sa-chas-go-bhfuil-fianaise-a-tabhairt-agam-mar-iospartach-an-mbuailfidh-me-le-foireann-an-ionchuisimh-roimh-an-triail\">Sa ch\u00e1s go bhfuil fianaise \u00e1 tabhairt agam mar \u00edospartach, an mbuailfidh m\u00e9 le foireann an ionch\u00faisimh roimh an triail?<\/a><\/h2>\n\n    <\/div>\n    <div id=\"accordion-cyuteyduweqi-collapse-sa-chas-go-bhfuil-fianaise-a-tabhairt-agam-mar-iospartach-an-mbuailfidh-me-le-foireann-an-ionchuisimh-roimh-an-triail\" class=\"collapse\" aria-labelledby=\"heading-sa-chas-go-bhfuil-fianaise-a-tabhairt-agam-mar-iospartach-an-mbuailfidh-me-le-foireann-an-ionchuisimh-roimh-an-triail\" data-parent=\"#accordion-cyuteyduweqi\" style=\"\">\n        <div class=\"card-body\">\n            <p>[vc_column_text]De ghn\u00e1th, beidh t\u00fa in ann bualadh le foireann an ionch\u00faisimh ag cruinni\u00fa roimh an triail. I gc\u00e1sanna n\u00edos tromch\u00fais\u00ed, mar shampla cionta gn\u00e9asacha, tairgfidh an t-aturnae ionch\u00faisimh cruinni\u00fa den s\u00f3rt. Is f\u00fatsa at\u00e1 s\u00e9 cinneadh a dh\u00e9anamh i dtaobh an cruinni\u00fa sin a bheith ann tamall gairid roimh an triail n\u00f3 maidin an lae ar a bhfuil an triail le tos\u00fa.<\/p>\n<p>Sa ch\u00e1s gur mhaith leat cruinni\u00fa agus n\u00e1r tairgeadh sin f\u00f3s, ba cheart duit sin a r\u00e1 leis an nGarda at\u00e1 ag breathn\u00fa i ndiaidh do ch\u00e1is. D\u00e9anfaidh an Garda teagmh\u00e1il le hOifig an DPP n\u00f3 aturnae st\u00e1it \u00e1iti\u00fail chun cruinni\u00fa a shocr\u00fa.[\/vc_column_text]<\/p>\n\n        <\/div>\n    <\/div>\n<\/div><div class=\"card\">\n    <div class=\"card-header\" id=\"heading-cad-a-tharlaionn-ag-an-gcruinniu-roimh-an-triail\">\n\n        <h2 class=\"mb-0\"><a class=\"collapsed\" href=\"#accordion-cyuteyduweqi-collapse-cad-a-tharlaionn-ag-an-gcruinniu-roimh-an-triail\" data-toggle=\"collapse\" data-target=\"#accordion-cyuteyduweqi-collapse-cad-a-tharlaionn-ag-an-gcruinniu-roimh-an-triail\" aria-expanded=\"false\" aria-controls=\"accordion-cyuteyduweqi-collapse-cad-a-tharlaionn-ag-an-gcruinniu-roimh-an-triail\">Cad a tharla\u00edonn ag an gcruinni\u00fa roimh an triail?<\/a><\/h2>\n\n    <\/div>\n    <div id=\"accordion-cyuteyduweqi-collapse-cad-a-tharlaionn-ag-an-gcruinniu-roimh-an-triail\" class=\"collapse\" aria-labelledby=\"heading-cad-a-tharlaionn-ag-an-gcruinniu-roimh-an-triail\" data-parent=\"#accordion-cyuteyduweqi\" style=\"\">\n        <div class=\"card-body\">\n            <p>[vc_column_text]Tugann cruinni\u00fa roimh an triail deis don abhc\u00f3ide agus an aturnae a mh\u00edni\u00fa duit cad a tharla\u00edonn sa ch\u00fairt. Ach t\u00e1 rialacha daingne ann a choisceann orthu labhairt leat faoi c\u00e9n fhianaise a thabharfaidh t\u00fa. Cialla\u00edonn s\u00e9 seo nach f\u00e9idir le duine ar bith a r\u00e1 gur d\u00faradh leat cad is ceart duit a r\u00e1 sa ch\u00fairt.[\/vc_column_text]<\/p>\n\n        <\/div>\n    <\/div>\n<\/div><div class=\"card\">\n    <div class=\"card-header\" id=\"heading-sa-chas-gur-iospartach-coire-me-an-feidir-liom-taifead-scriofa-den-triail-a-fheiceail\">\n\n        <h2 class=\"mb-0\"><a class=\"collapsed\" href=\"#accordion-cyuteyduweqi-collapse-sa-chas-gur-iospartach-coire-me-an-feidir-liom-taifead-scriofa-den-triail-a-fheiceail\" data-toggle=\"collapse\" data-target=\"#accordion-cyuteyduweqi-collapse-sa-chas-gur-iospartach-coire-me-an-feidir-liom-taifead-scriofa-den-triail-a-fheiceail\" aria-expanded=\"false\" aria-controls=\"accordion-cyuteyduweqi-collapse-sa-chas-gur-iospartach-coire-me-an-feidir-liom-taifead-scriofa-den-triail-a-fheiceail\">Sa ch\u00e1s gur \u00edospartach coire m\u00e9, an f\u00e9idir liom taifead scr\u00edofa den triail a fheice\u00e1il?<\/a><\/h2>\n\n    <\/div>\n    <div id=\"accordion-cyuteyduweqi-collapse-sa-chas-gur-iospartach-coire-me-an-feidir-liom-taifead-scriofa-den-triail-a-fheiceail\" class=\"collapse\" aria-labelledby=\"heading-sa-chas-gur-iospartach-coire-me-an-feidir-liom-taifead-scriofa-den-triail-a-fheiceail\" data-parent=\"#accordion-cyuteyduweqi\" style=\"\">\n        <div class=\"card-body\">\n            <p>[vc_column_text]Tugtar scr\u00edbhinn ar thaifead scr\u00edofa na trialach. D\u2019fh\u00e9adfadh go dtabharfa\u00ed scr\u00edbhinn d\u2019fhoireann an ionch\u00faisimh agus d\u2019fhoireann na cosanta tar \u00e9is na trialach agus sa ch\u00e1s go bhfuil achomharc i gceist. N\u00ed f\u00e9idir le haon duine seachas breitheamh a r\u00e1 go bhfuil cead agat an scr\u00edbhinn a fheice\u00e1il.[\/vc_column_text]<\/p>\n\n        <\/div>\n    <\/div>\n<\/div><div class=\"card\">\n    <div class=\"card-header\" id=\"heading-cad-a-tharlaionn-mura-dteastaionn-uaim-a-bheith-sa-seomra-cuirte-in-eineacht-leis-an-gcuisi-agus-mo-chuid-fianaise-a-tabhairt-agam\">\n\n        <h2 class=\"mb-0\"><a class=\"collapsed\" href=\"#accordion-cyuteyduweqi-collapse-cad-a-tharlaionn-mura-dteastaionn-uaim-a-bheith-sa-seomra-cuirte-in-eineacht-leis-an-gcuisi-agus-mo-chuid-fianaise-a-tabhairt-agam\" data-toggle=\"collapse\" data-target=\"#accordion-cyuteyduweqi-collapse-cad-a-tharlaionn-mura-dteastaionn-uaim-a-bheith-sa-seomra-cuirte-in-eineacht-leis-an-gcuisi-agus-mo-chuid-fianaise-a-tabhairt-agam\" aria-expanded=\"false\" aria-controls=\"accordion-cyuteyduweqi-collapse-cad-a-tharlaionn-mura-dteastaionn-uaim-a-bheith-sa-seomra-cuirte-in-eineacht-leis-an-gcuisi-agus-mo-chuid-fianaise-a-tabhairt-agam\">Cad a tharla\u00edonn mura dteasta\u00edonn uaim a bheith sa seomra c\u00fairte in \u00e9ineacht leis an gc\u00fais\u00ed agus mo chuid fianaise \u00e1 tabhairt agam?<\/a><\/h2>\n\n    <\/div>\n    <div id=\"accordion-cyuteyduweqi-collapse-cad-a-tharlaionn-mura-dteastaionn-uaim-a-bheith-sa-seomra-cuirte-in-eineacht-leis-an-gcuisi-agus-mo-chuid-fianaise-a-tabhairt-agam\" class=\"collapse\" aria-labelledby=\"heading-cad-a-tharlaionn-mura-dteastaionn-uaim-a-bheith-sa-seomra-cuirte-in-eineacht-leis-an-gcuisi-agus-mo-chuid-fianaise-a-tabhairt-agam\" data-parent=\"#accordion-cyuteyduweqi\" style=\"\">\n        <div class=\"card-body\">\n            <p>[vc_column_text]Sa ch\u00e1s gur \u00edospartach coire th\u00fa, f\u00e9adfaidh an Garda&nbsp;S\u00edoch\u00e1na n\u00f3 an fhoireann ionch\u00faisimh iarratas a&nbsp;dh\u00e9anamh chun na c\u00fairte chun a iarraidh an ceadmhach&nbsp;duit do chuid fianaise a thabhairt tr\u00ed fh\u00edsnasc n\u00f3 nach&nbsp;ceadmhach. D\u00e9anfaidh siad \u00e9 sin m\u00e1 mheasann siad gurbh&nbsp;fhearr duit do chuid fianaise a thabhairt ar an mbealach&nbsp;sin. M\u00e1 chinneann an breitheamh gur ceadmhach duit \u00e9 a&nbsp;dh\u00e9anamh, f\u00e1gfaidh s\u00e9 sin go mbeidh t\u00fa in ann do chuid&nbsp;fianaise a thabhairt gan an duine c\u00faisithe a fheice\u00e1il.&nbsp;T\u00e1 roinnt tairbh\u00ed ag baint le f\u00edsnasc:<\/p>\n<ul>\n<li>Tugann t\u00fa do chuid fianaise os comhair ceamara in&nbsp;ionad eile d\u2019fhoirgneamh na c\u00fairte at\u00e1 scoite amach \u00f3n&nbsp;seomra c\u00fairte.<\/li>\n<li>Is f\u00e9idir leis an bhfoireann dl\u00ed ceisteanna a chur ort&nbsp;amhail is d\u00e1 mbeife\u00e1 i do shu\u00ed os a gcomhair.<\/li>\n<li>Feicfidh na daoine sa ch\u00fairt th\u00fa ar sc\u00e1ile\u00e1n teilif\u00edse agus&nbsp;do chuid fianaise \u00e1 tabhairt agat. N\u00ed fheicfidh t\u00fa ach an&nbsp;duine at\u00e1 ag cur na gceisteanna ort, agus n\u00ed an duine&nbsp;c\u00faisithe, \u00e1fach.<\/li>\n<\/ul\"[\/vc_column_text][\/accordion_card][accordion_card title=\"M\u00e1s \u00edospartach na coireachta m\u00e9, an mbeidh rochtain agam ar sheirbh\u00eds\u00ed ateangaireachta n\u00f3 aistri\u00fach\u00e1in m\u00e1s g\u00e1 dom iad?\"][vc_column_text]Sea, mar \u00edospartach th\u00fa ba cheart duit go mbeadh seirbh\u00eds\u00ed aistri\u00fach\u00e1in agus ateangaireachta curtha ar f\u00e1il duit, roimh agus le linn an ch\u00e1is ch\u00fairte. M\u00e1 theasta\u00edonn na seirbh\u00eds\u00ed seo uait, ba cheart duit insint do na Garda\u00ed ionas gur f\u00e9idir na seirbh\u00eds\u00ed a chur ar bun. Uaireanta n\u00ed fh\u00e9adfaidh \u00edospartach na seirbh\u00eds\u00ed seo a iarraidh ach m\u00e1 cheapann na Garda\u00ed, an fhoireann ionch\u00faisimh n\u00f3 an ch\u00fairt go dteasta\u00edonn siad uait, gheobhaidh siad iad ar do shon. Cuideoidh s\u00e9 seo leat tuiscint a fh\u00e1il ar cad a bhfuil ag tarl\u00fa agus cuideoidh s\u00e9 seo le foireann an ionch\u00faisimh agus leis an gc\u00fairt tabhairt faoi dheara.[\/vc_column_text][\/accordion_card][accordion_card title=\"Sa ch\u00e1s gur \u00edospartach coireachta m\u00e9, an f\u00e9idir liom dl\u00edod\u00f3ir a fh\u00e1il chun feidhmi\u00fa thar mo cheann sa ch\u00fairt?\"][vc_column_text]N\u00ed f\u00e9idir. N\u00ed f\u00e9idir le dl\u00edod\u00f3ir ionada\u00edocht a dh\u00e9anamh duit&nbsp;ach amh\u00e1in sa ch\u00e1s gur \u00edospartach ciona ghn\u00e9asaigh&nbsp;thromch\u00faisigh th\u00fa agus gur mian le foireann na cosanta t\u00fa&nbsp;a chroscheisti\u00fa maidir le do ch\u00falra gn\u00e9asach. N\u00ed fh\u00e9adfaidh&nbsp;foireann na cosanta \u00e9 sin a dh\u00e9anamh ach amh\u00e1in m\u00e1&nbsp;thugann an breitheamh cead di d\u00e9anamh amhlaidh.&nbsp;F\u00e9adfaidh dl\u00edod\u00f3ir ionada\u00edocht a dh\u00e9anamh duit sa ch\u00fairt i&nbsp;gc\u00e1s go bhfuil foireann na cosanta ag iarraidh cead ina leith&nbsp;sin \u00f3n mbreitheamh.\n<p>I gc\u00e1s gur \u00edospartach ciona ghn\u00e9asaigh \u00edospartaigh th\u00fa,&nbsp;cuirfidh an&nbsp;<strong><a href=\"https:\/\/www.legalaidboard.ie\/ga\/\">Bord um Ch\u00fanamh Dl\u00edthi\u00fail<\/a><\/strong> dl\u00edod\u00f3ir ar f\u00e1il&nbsp;duit saor in aisce. Socr\u00f3idh an dl\u00edod\u00f3ir ionch\u00faisimh at\u00e1&nbsp;ag pl\u00e9 le do ch\u00e1s \u00e9 sin duit. Buailfidh do dhl\u00edod\u00f3ir leat&nbsp;sula nd\u00e9anfaidh foireann na cosanta iarratas chun t\u00fa a&nbsp;chroscheisti\u00fa. Beidh do dhl\u00edod\u00f3ir sa ch\u00fairt freisin nuair a&nbsp;inseoidh an breitheamh d\u2019fhoireann na cosanta c\u00e9 acu at\u00e1&nbsp;n\u00f3 nach bhfuil cead aici t\u00fa a chroscheisti\u00fa.<\/p>\n<p>M\u00e1 thugann an breitheamh cead t\u00fa a chroscheisti\u00fa, n\u00ed&nbsp;fh\u00e9adfaidh do dhl\u00edod\u00f3ir ionada\u00edocht a dh\u00e9anamh duit le&nbsp;linn an chroscheisti\u00fach\u00e1in \u00e9 f\u00e9in. Mar sin f\u00e9in, ba cheart&nbsp;don bhreitheamh a chinnti\u00fa gurb amhlaidh, le linn di t\u00fa a&nbsp;chroscheisti\u00fa, go bhfanann foireann na cosanta laistigh de&nbsp;na teorainneacha ar shocraigh an ch\u00fairt iad.[\/vc_column_text]<\/p>\n<\/ul>\n        <\/div>\n    <\/div>\n<\/div><div class=\"card\">\n    <div class=\"card-header\" id=\"heading-an-feidir-liom-mainm-a-choinneail-faoi-cheilt-nuair-a-thugaim-fianaise\">\n\n        <h2 class=\"mb-0\"><a class=\"collapsed\" href=\"#accordion-cyuteyduweqi-collapse-an-feidir-liom-mainm-a-choinneail-faoi-cheilt-nuair-a-thugaim-fianaise\" data-toggle=\"collapse\" data-target=\"#accordion-cyuteyduweqi-collapse-an-feidir-liom-mainm-a-choinneail-faoi-cheilt-nuair-a-thugaim-fianaise\" aria-expanded=\"false\" aria-controls=\"accordion-cyuteyduweqi-collapse-an-feidir-liom-mainm-a-choinneail-faoi-cheilt-nuair-a-thugaim-fianaise\">An f\u00e9idir liom m\u2019ainm a choinne\u00e1il faoi cheilt nuair a thugaim fianaise?<\/a><\/h2>\n\n    <\/div>\n    <div id=\"accordion-cyuteyduweqi-collapse-an-feidir-liom-mainm-a-choinneail-faoi-cheilt-nuair-a-thugaim-fianaise\" class=\"collapse\" aria-labelledby=\"heading-an-feidir-liom-mainm-a-choinneail-faoi-cheilt-nuair-a-thugaim-fianaise\" data-parent=\"#accordion-cyuteyduweqi\" style=\"\">\n        <div class=\"card-body\">\n            <p>[vc_column_text]N\u00ed f\u00e9idir, go hiond\u00fail.&nbsp;&nbsp;Is amhlaidh sin mar go leagtar s\u00edos i&nbsp;mBunreacht na h\u00c9ireann gur cheart gach c\u00e1s a sheoladh go&nbsp;poibl\u00ed mura nd\u00e9antar eisceacht leis an dl\u00ed. F\u00e9adfar d\u00e9anamh&nbsp;amhlaidh le haghaidh cine\u00e1lacha \u00e1irithe c\u00e1sanna, mar&nbsp;shampla:<\/p>\n<ul>\n<li>\u00c9igni\u00fa agus roinnt c\u00e1sanna a bhaineann le cionta gn\u00e9asacha; agus<\/li>\n<li>C\u00e1sanna inar daoine faoi 18 mbliana d&#8217;aois at\u00e1 \u00e1 gc\u00faiseamh.<\/li>\n<\/ul>\n<p>Sna c\u00e1sanna sin, seoltar trialacha gan an pobal a bheith&nbsp;i l\u00e1thair. F\u00e1gann s\u00e9 sin nach mbeidh ach na daoine a&nbsp;bhfuil baint dh\u00edreach acu leis an gc\u00fairt ann sa seomra&nbsp;c\u00fairte agus do chuid fianaise \u00e1 tabhairt agat. Is f\u00e9idir go&nbsp;mbeidh iriseoir\u00ed ann sa seomra c\u00fairte freisin. N\u00ed fh\u00e9adfaidh&nbsp;iriseoir\u00ed ainm an duine ch\u00faisithe n\u00e1 ainm an \u00edospartaigh&nbsp;a thuairisci\u00fa. N\u00ed fh\u00e9adfaidh siad ach oiread rud ar bith&nbsp;a scr\u00edobh a d\u2019fh\u00e9adfadh cabhr\u00fa le daoine a n-ainm a&nbsp;fh\u00e1il amach. Is ciontach i gcion coiri\u00fail at\u00e1 aon iriseoir a&nbsp;bhriseann na rialacha sin.[\/vc_column_text]<\/p>\n\n        <\/div>\n    <\/div>\n<\/div><div class=\"card\">\n    <div class=\"card-header\" id=\"heading-sa-chas-go-bhfuilim-sasta-go-bpoibleofar-mainm-ionas-go-nainmneofar-an-pairti-ciontach-an-feidir-liom-sin-a-dheanamh\">\n\n        <h2 class=\"mb-0\"><a class=\"collapsed\" href=\"#accordion-cyuteyduweqi-collapse-sa-chas-go-bhfuilim-sasta-go-bpoibleofar-mainm-ionas-go-nainmneofar-an-pairti-ciontach-an-feidir-liom-sin-a-dheanamh\" data-toggle=\"collapse\" data-target=\"#accordion-cyuteyduweqi-collapse-sa-chas-go-bhfuilim-sasta-go-bpoibleofar-mainm-ionas-go-nainmneofar-an-pairti-ciontach-an-feidir-liom-sin-a-dheanamh\" aria-expanded=\"false\" aria-controls=\"accordion-cyuteyduweqi-collapse-sa-chas-go-bhfuilim-sasta-go-bpoibleofar-mainm-ionas-go-nainmneofar-an-pairti-ciontach-an-feidir-liom-sin-a-dheanamh\">Sa ch\u00e1s go bhfuilim s\u00e1sta go bpoibleofar m\u2019ainm ionas go nainmneofar an p\u00e1irt\u00ed ciontach \u2013 an f\u00e9idir liom sin a dh\u00e9anamh?<\/a><\/h2>\n\n    <\/div>\n    <div id=\"accordion-cyuteyduweqi-collapse-sa-chas-go-bhfuilim-sasta-go-bpoibleofar-mainm-ionas-go-nainmneofar-an-pairti-ciontach-an-feidir-liom-sin-a-dheanamh\" class=\"collapse\" aria-labelledby=\"heading-sa-chas-go-bhfuilim-sasta-go-bpoibleofar-mainm-ionas-go-nainmneofar-an-pairti-ciontach-an-feidir-liom-sin-a-dheanamh\" data-parent=\"#accordion-cyuteyduweqi\" style=\"\">\n        <div class=\"card-body\">\n            <p>[vc_column_text]Is saincheist chasta \u00ed sin agus n\u00ed f\u00e9idir cuntas ioml\u00e1n ar an dl\u00ed a thabhairt anseo.<\/p>\n<p>I roinnt c\u00e1sanna, n\u00ed f\u00e9idir ainm a thabhairt go poibl\u00ed ar chor ar bith. Mar shampla, i gc\u00e1sanna lena mbaineann \u00e9igni\u00fa, t\u00e1 an ceart ag daoine c\u00faisithe chun a n-ainm a choinne\u00e1il pr\u00edobh\u00e1ideach mura bhfaightear iad a bheith ciontach. F\u00e1gann s\u00e9 sin nach f\u00e9idir dada a r\u00e1 chun an c\u00fais\u00ed a shainaithint roimh an mbreith. N\u00ed f\u00e9idir aitheantas duine ch\u00faisithe a fhaightear neamhchiontach a nochtadh.<\/p>\n<p>M\u00e1 fhaightear an c\u00fais\u00ed a bheith ciontach, is f\u00e9idir gur mian le roinnt \u00edospartach go dtabharfa\u00ed ainm an ch\u00fais\u00ed go poibl\u00ed. Is minic a tharla\u00edonn s\u00e9, \u00e1fach, go nochtfar aitheantas an \u00edospartaigh go poibl\u00ed m\u00e1 ainmn\u00edtear an duine ciontach. D\u00e1 ainneoin sin, cinneann roinnt \u00edospartach gur mian leo go n-ainmneofa\u00ed an duine ciontach. M\u00e1s mian leat go dtarl\u00f3dh s\u00e9 sin, ba cheart duit an m\u00e9id sin a chur in i\u00fal don dl\u00edod\u00f3ir ionch\u00faisimh.<\/p>\n<p>M\u00e1s \u00edospartach th\u00fa, ba cheart duit, sula gcinneann t\u00fa cad a dh\u00e9anfaidh t\u00fa, smaoineamh go c\u00faramach ar na hiarmhairt\u00ed a bheidh ann duit i gc\u00e1s go n-ainmneofar an duine ciontach. Is f\u00e9idir gur dea-smaoineamh \u00e9 do chomhairle dl\u00ed f\u00e9in ina leith sin a fh\u00e1il.[\/vc_column_text]<\/p>\n\n        <\/div>\n    <\/div>\n<\/div><div class=\"card\">\n    <div class=\"card-header\" id=\"heading-sa-chas-gur-iospartach-coire-me-conas-a-fhaigheann-an-breitheamh-amach-cen-eifeacht-a-bhi-ag-an-gcoir-orm\">\n\n        <h2 class=\"mb-0\"><a class=\"collapsed\" href=\"#accordion-cyuteyduweqi-collapse-sa-chas-gur-iospartach-coire-me-conas-a-fhaigheann-an-breitheamh-amach-cen-eifeacht-a-bhi-ag-an-gcoir-orm\" data-toggle=\"collapse\" data-target=\"#accordion-cyuteyduweqi-collapse-sa-chas-gur-iospartach-coire-me-conas-a-fhaigheann-an-breitheamh-amach-cen-eifeacht-a-bhi-ag-an-gcoir-orm\" aria-expanded=\"false\" aria-controls=\"accordion-cyuteyduweqi-collapse-sa-chas-gur-iospartach-coire-me-conas-a-fhaigheann-an-breitheamh-amach-cen-eifeacht-a-bhi-ag-an-gcoir-orm\">Sa ch\u00e1s gur \u00edospartach coire m\u00e9, conas a fhaigheann an breitheamh amach c\u00e9n \u00e9ifeacht a bh\u00ed ag an gcoir orm?<\/a><\/h2>\n\n    <\/div>\n    <div id=\"accordion-cyuteyduweqi-collapse-sa-chas-gur-iospartach-coire-me-conas-a-fhaigheann-an-breitheamh-amach-cen-eifeacht-a-bhi-ag-an-gcoir-orm\" class=\"collapse\" aria-labelledby=\"heading-sa-chas-gur-iospartach-coire-me-conas-a-fhaigheann-an-breitheamh-amach-cen-eifeacht-a-bhi-ag-an-gcoir-orm\" data-parent=\"#accordion-cyuteyduweqi\" style=\"\">\n        <div class=\"card-body\">\n            <p>[vc_column_text css=&#8221;&#8221;]Nuair at\u00e1 pianbhreith \u00e1 cinneadh ag breitheamh, t\u00e1 s\u00e9\u00a0t\u00e1bhachtach gurb eol d\u00f3\/di c\u00e9n \u00e9ifeacht a bh\u00ed ag coir ar\u00a0\u00edospartach. F\u00e9adfaidh t\u00fa R\u00e1iteas Tionchair \u00cdospartaigh a\u00a0dh\u00e9anamh a luaithe a fhaightear an c\u00fais\u00ed ciontach n\u00f3 a\u00a0phl\u00e9ad\u00e1lann s\u00e9\/s\u00ed ciontach. D\u00e9antar cur s\u00edos sa r\u00e1iteas\u00a0sin ar conas a chuaigh an choir i bhfeidhm ort agus ar\u00a0conas at\u00e1 s\u00ed ag dul i bhfeidhm ort f\u00f3s.\u00a0\u00a0Clice\u00e1il anseo le haghaidh \u00e1r bhileog eolais maidir le &#8216;<a href=\"https:\/\/www.dppireland.ie\/app\/uploads\/2024\/04\/IRL-Making-a-Victim-Impact-Statement-Aug2022.pdf\"><strong>R\u00e1iteas Tionchair \u00cdospartaigh a Dh\u00e9anamh<\/strong><\/a>&#8216;.[\/vc_column_text]<\/p>\n\n        <\/div>\n    <\/div>\n<\/div><div class=\"card\">\n    <div class=\"card-header\" id=\"heading-cen-cineal-cunaimh-ata-ar-fail-mas-ga-dom-fianaise-a-thabhairt-mar-iospartach-coireachta\">\n\n        <h2 class=\"mb-0\"><a class=\"collapsed\" href=\"#accordion-cyuteyduweqi-collapse-cen-cineal-cunaimh-ata-ar-fail-mas-ga-dom-fianaise-a-thabhairt-mar-iospartach-coireachta\" data-toggle=\"collapse\" data-target=\"#accordion-cyuteyduweqi-collapse-cen-cineal-cunaimh-ata-ar-fail-mas-ga-dom-fianaise-a-thabhairt-mar-iospartach-coireachta\" aria-expanded=\"false\" aria-controls=\"accordion-cyuteyduweqi-collapse-cen-cineal-cunaimh-ata-ar-fail-mas-ga-dom-fianaise-a-thabhairt-mar-iospartach-coireachta\">C\u00e9n cine\u00e1l c\u00fanaimh at\u00e1 ar f\u00e1il m\u00e1s g\u00e1 dom fianaise a thabhairt mar \u00edospartach coireachta?<\/a><\/h2>\n\n    <\/div>\n    <div id=\"accordion-cyuteyduweqi-collapse-cen-cineal-cunaimh-ata-ar-fail-mas-ga-dom-fianaise-a-thabhairt-mar-iospartach-coireachta\" class=\"collapse\" aria-labelledby=\"heading-cen-cineal-cunaimh-ata-ar-fail-mas-ga-dom-fianaise-a-thabhairt-mar-iospartach-coireachta\" data-parent=\"#accordion-cyuteyduweqi\" style=\"\">\n        <div class=\"card-body\">\n            <p>[vc_column_text]Oibreoidh an t-aturnae ionch\u00faisimh i gcomhar leis na Garda\u00ed lena chinnti\u00fa go mb\u00edonn t\u00fa i gc\u00f3na\u00ed ar an eolas i dtaobh cad at\u00e1 ag tarl\u00fa sa ch\u00e1s.<\/p>\n<p>T\u00e1 roinnt eagra\u00edochta\u00ed ann chomh maith a chuirfeadh seirbh\u00eds taca\u00edochta ar f\u00e1il duit le linn na c\u00fairte. Cialla\u00edonn sin go dtiocfadh oibr\u00ed deonach chun na c\u00fairte leat, d\u00e1 mba mhian leat \u00e9, agus go bhfanfadh s\u00e9 n\u00f3 s\u00ed i do chomhluadar an t-am ar fad. Thabharfadh an <strong><a href=\"http:\/\/www.crimevictimshelpline.ie\/\">L\u00edne Cabhrach d\u2019\u00cdospartaigh Choireachta<\/a><\/strong>, a chuireann seirbh\u00eds ch\u00fanta ar f\u00e1il ar an teileaf\u00f3n d\u2019\u00edospartaigh choireachta, sonra\u00ed teagmh\u00e1la maidir le seirbh\u00eds ch\u00fanta c\u00fairte agus seirbh\u00eds\u00ed c\u00fanta eile d\u2019\u00edospartaigh ar f\u00e1il duit. Is f\u00e9idir glaoch ar an L\u00edne Cabhrach d\u2019\u00cdospartaigh Choireachta ar <strong>116 006 (teilaf\u00f3in saor in aisce)<\/strong>.<\/p>\n<p>I gc\u00e1s cuid mh\u00f3r tithe c\u00fairte t\u00e1 seomra ar f\u00e1il iontu d\u2019\u00edospartaigh agus d\u2019fhinn\u00e9ithe le linn na trialach.[\/vc_column_text]<\/p>\n\n        <\/div>\n    <\/div>\n<\/div><div class=\"card\">\n    <div class=\"card-header\" id=\"heading-cen-cunamh-ata-ar-fail-dom-maidir-leis-an-gcostas-freastal-ar-an-gcuirt-chun-fianaise-a-thabhairt\">\n\n        <h2 class=\"mb-0\"><a class=\"collapsed\" href=\"#accordion-cyuteyduweqi-collapse-cen-cunamh-ata-ar-fail-dom-maidir-leis-an-gcostas-freastal-ar-an-gcuirt-chun-fianaise-a-thabhairt\" data-toggle=\"collapse\" data-target=\"#accordion-cyuteyduweqi-collapse-cen-cunamh-ata-ar-fail-dom-maidir-leis-an-gcostas-freastal-ar-an-gcuirt-chun-fianaise-a-thabhairt\" aria-expanded=\"false\" aria-controls=\"accordion-cyuteyduweqi-collapse-cen-cunamh-ata-ar-fail-dom-maidir-leis-an-gcostas-freastal-ar-an-gcuirt-chun-fianaise-a-thabhairt\">C\u00e9n c\u00fanamh at\u00e1 ar f\u00e1il dom maidir leis an gcostas freastal ar an gc\u00fairt chun fianaise a thabhairt?<\/a><\/h2>\n\n    <\/div>\n    <div id=\"accordion-cyuteyduweqi-collapse-cen-cunamh-ata-ar-fail-dom-maidir-leis-an-gcostas-freastal-ar-an-gcuirt-chun-fianaise-a-thabhairt\" class=\"collapse\" aria-labelledby=\"heading-cen-cunamh-ata-ar-fail-dom-maidir-leis-an-gcostas-freastal-ar-an-gcuirt-chun-fianaise-a-thabhairt\" data-parent=\"#accordion-cyuteyduweqi\" style=\"\">\n        <div class=\"card-body\">\n            <p>[vc_column_text]Is \u00e9 an Garda S\u00edoch\u00e1na at\u00e1 freagrach as costais fhinn\u00e9ithe a \u00edoc. An costas a bhaineann leat ag teacht chun na c\u00fairte chun fianaise a thabhairt at\u00e1 i gceist leis sin. D\u2019fh\u00e9adfadh go mbeadh an costas maidir le ham saor \u00f3n obair, costais taistil, b\u00e9il\u00ed agus, sa ch\u00e1s gur i gcuid eile den t\u00edr at\u00e1 c\u00f3na\u00ed ort, l\u00f3ist\u00edn i gceist leis na costais.<\/p>\n<p>Ceannfort (Oifigeach D\u00faiche) na nGarda\u00ed sa cheantar ina bhfuil ionch\u00faiseamh \u00e1 dh\u00e9anamh ar an gc\u00e1s a \u00edocann na costais. T\u00e1 an Garda at\u00e1 ag pl\u00e9 le do ch\u00e1s in ann seo a r\u00e9iteach duit. D\u2019fh\u00e9adfadh seisean n\u00f3 sise admh\u00e1lacha airgeadais a iarraidh maidir le do chuid taistil m\u00f3ide, sa ch\u00e1s go bhfuil \u00e9ileamh \u00e1 dh\u00e9anamh agat maidir le tuarastal a chailleadh, litir \u00f3n bhfost\u00f3ir sin agat.<\/p>\n<p>I roinnt c\u00e1sanna, d\u2019fh\u00e9adfadh go mbeife\u00e1 in ann r\u00e9amh\u00edoca\u00edocht a fh\u00e1il maidir le costais sula dtosa\u00edonn an c\u00e1s ionas go mb\u00edonn ar do chumas taisteal go dt\u00ed an ch\u00fairt.[\/vc_column_text]<\/p>\n\n        <\/div>\n    <\/div>\n<\/div><div class=\"card\">\n    <div class=\"card-header\" id=\"heading-sa-chas-gur-iospartach-me-an-bhfuil-de-cheart-agam-cuiteamh-a-fhail\">\n\n        <h2 class=\"mb-0\"><a class=\"collapsed\" href=\"#accordion-cyuteyduweqi-collapse-sa-chas-gur-iospartach-me-an-bhfuil-de-cheart-agam-cuiteamh-a-fhail\" data-toggle=\"collapse\" data-target=\"#accordion-cyuteyduweqi-collapse-sa-chas-gur-iospartach-me-an-bhfuil-de-cheart-agam-cuiteamh-a-fhail\" aria-expanded=\"false\" aria-controls=\"accordion-cyuteyduweqi-collapse-sa-chas-gur-iospartach-me-an-bhfuil-de-cheart-agam-cuiteamh-a-fhail\">Sa ch\u00e1s gur \u00edospartach m\u00e9, an bhfuil de cheart agam c\u00faiteamh a fh\u00e1il?<\/a><\/h2>\n\n    <\/div>\n    <div id=\"accordion-cyuteyduweqi-collapse-sa-chas-gur-iospartach-me-an-bhfuil-de-cheart-agam-cuiteamh-a-fhail\" class=\"collapse\" aria-labelledby=\"heading-sa-chas-gur-iospartach-me-an-bhfuil-de-cheart-agam-cuiteamh-a-fhail\" data-parent=\"#accordion-cyuteyduweqi\" style=\"\">\n        <div class=\"card-body\">\n            <p>[vc_column_text]De r\u00e9ir an dl\u00ed, d&#8217;fh\u00e9adfadh ceart a bheith agat airgead a fh\u00e1il i leith aon d\u00edobh\u00e1la pearsanta n\u00f3 caillteanais phearsanta a d&#8217;fhulaing t\u00fa de bharr an chiona. T\u00e1 roinnt teorainneacha leis sin, \u00e1fach.<\/p>\n<ul>\n<li>Is faoin mbreitheamh at\u00e1 s\u00e9 a ord\u00fa don ch\u00fais\u00ed n\u00f3 d\u00e1 gcaomhn\u00f3ir c\u00faiteamh a \u00edoc leat.<\/li>\n<li>N\u00ed m\u00f3r don bhreitheamh a chinnti\u00fa ar dt\u00fas an bhfuil siad in ann c\u00faiteamh a \u00edoc leat agus, d\u00e1 bhr\u00ed sin, d\u00e1 mbeid\u00eds d\u00edfhostaithe, mar shampla, bheadh an breitheamh den tuairim n\u00e1rbh fhi\u00fa a ord\u00fa d\u00f3ibh c\u00faiteamh a \u00edoc.<\/li>\n<li>N\u00ed bheidh an m\u00e9id airgid a gheobhaidh t\u00fa n\u00edos m\u00f3 n\u00e1 an m\u00e9id a d&#8217;fh\u00e9adf\u00e1 a fh\u00e1il tar \u00e9is \u00e9ileamh sibhialta a dh\u00e9anamh sa ch\u00fairt c\u00e9anna.<\/li>\n<\/ul>\n<p>D&#8217;fh\u00e9adfadh go n-\u00edocfadh an <strong><a href=\"http:\/\/www.justice.ie\/en\/JELR\/Pages\/WP15000110\">Binse C\u00faitimh i leith D\u00edobh\u00e1lacha Coiri\u00fala<\/a><\/strong> c\u00faiteamh mar gheall ar dh\u00edobh\u00e1il phearsanta ar d\u00edreach de bharr coire for\u00e9ign\u00ed a tharla s\u00ed.[\/vc_column_text]<\/p>\n\n        <\/div>\n    <\/div>\n<\/div><\/div>[\/vc_column][\/vc_row]<\/p>\n<\/div>","protected":false},"excerpt":{"rendered":"<p>[vc_row][vc_column][\/vc_column][\/vc_row][vc_row][vc_column][vc_column_text]M\u00e1s \u00edospartach coiri\u00falachta t\u00fa oibreoidh an t-aturnae ionch\u00faisimh i gcomhar leis na Garda\u00ed lena chinnti\u00fa go mb\u00edonn t\u00fa i gc\u00f3na\u00ed ar an eolas i dtaobh cad at\u00e1 ag tarl\u00fa sa ch\u00e1s.[\/vc_column_text][\/vc_column][\/vc_row]<\/p>\n","protected":false},"author":1,"featured_media":0,"parent":10505,"menu_order":0,"comment_status":"closed","ping_status":"closed","template":"","meta":{"_acf_changed":false,"om_disable_all_campaigns":false,"_relevanssi_hide_post":"","_relevanssi_hide_content":"","_relevanssi_pin_for_all":"","_relevanssi_pin_keywords":"","_relevanssi_unpin_keywords":"","_relevanssi_related_keywords":"","_relevanssi_related_include_ids":"","_relevanssi_related_exclude_ids":"","_relevanssi_related_no_append":"","_relevanssi_related_not_related":"","_relevanssi_related_posts":"","_relevanssi_noindex_reason":"","_monsterinsights_skip_tracking":false,"_monsterinsights_sitenote_active":false,"_monsterinsights_sitenote_note":"","_monsterinsights_sitenote_category":0,"_uf_show_specific_survey":0,"_uf_disable_surveys":false,"footnotes":""},"class_list":["post-10489","page","type-page","status-publish","hentry"],"acf":[],"yoast_head":"<!-- This site is optimized with the Yoast SEO plugin v27.5 - https:\/\/yoast.com\/product\/yoast-seo-wordpress\/ -->\n<title>Na p\u00e1irtithe \u00e9ag\u00f3irithe - Office of the Director of Public Prosecutions<\/title>\n<meta name=\"description\" content=\"Office of the Director of Public Prosecutions - Providing a prosecution that is independent, fair and effective\" \/>\n<meta name=\"robots\" content=\"index, follow, max-snippet:-1, max-image-preview:large, max-video-preview:-1\" \/>\n<link rel=\"canonical\" href=\"https:\/\/www.dppireland.ie\/ga\/criminal-justice-system\/victims-of-crime\/\" \/>\n<meta property=\"og:locale\" content=\"ga_IE\" \/>\n<meta property=\"og:type\" content=\"article\" \/>\n<meta property=\"og:title\" content=\"Na p\u00e1irtithe \u00e9ag\u00f3irithe - Office of the Director of Public Prosecutions\" \/>\n<meta property=\"og:description\" content=\"Office of the Director of Public Prosecutions - Providing a prosecution that is independent, fair and effective\" \/>\n<meta property=\"og:url\" content=\"https:\/\/www.dppireland.ie\/ga\/criminal-justice-system\/victims-of-crime\/\" \/>\n<meta property=\"og:site_name\" content=\"Office of the Director of Public Prosecutions\" \/>\n<meta property=\"article:modified_time\" content=\"2025-02-10T10:52:46+00:00\" \/>\n<meta name=\"twitter:card\" content=\"summary_large_image\" \/>\n<meta name=\"twitter:label1\" content=\"Est. reading time\" \/>\n\t<meta name=\"twitter:data1\" content=\"8 minutes\" \/>\n<script type=\"application\/ld+json\" class=\"yoast-schema-graph\">{\"@context\":\"https:\\\/\\\/schema.org\",\"@graph\":[{\"@type\":\"WebPage\",\"@id\":\"https:\\\/\\\/www.dppireland.ie\\\/ga\\\/criminal-justice-system\\\/victims-of-crime\\\/\",\"url\":\"https:\\\/\\\/www.dppireland.ie\\\/ga\\\/criminal-justice-system\\\/victims-of-crime\\\/\",\"name\":\"Na p\u00e1irtithe \u00e9ag\u00f3irithe - Office of the Director of Public Prosecutions\",\"isPartOf\":{\"@id\":\"https:\\\/\\\/www.dppireland.ie\\\/#website\"},\"datePublished\":\"2019-01-24T15:51:04+00:00\",\"dateModified\":\"2025-02-10T10:52:46+00:00\",\"description\":\"Office of the Director of Public Prosecutions - Providing a prosecution that is independent, fair and effective\",\"breadcrumb\":{\"@id\":\"https:\\\/\\\/www.dppireland.ie\\\/ga\\\/criminal-justice-system\\\/victims-of-crime\\\/#breadcrumb\"},\"inLanguage\":\"ga-IE\",\"potentialAction\":[{\"@type\":\"ReadAction\",\"target\":[\"https:\\\/\\\/www.dppireland.ie\\\/ga\\\/criminal-justice-system\\\/victims-of-crime\\\/\"]}]},{\"@type\":\"BreadcrumbList\",\"@id\":\"https:\\\/\\\/www.dppireland.ie\\\/ga\\\/criminal-justice-system\\\/victims-of-crime\\\/#breadcrumb\",\"itemListElement\":[{\"@type\":\"ListItem\",\"position\":1,\"name\":\"Home\",\"item\":\"https:\\\/\\\/www.dppireland.ie\\\/ga\\\/\"},{\"@type\":\"ListItem\",\"position\":2,\"name\":\"An C\u00f3ras Ceartais Choiri\u00fail\",\"item\":\"https:\\\/\\\/www.dppireland.ie\\\/ga\\\/criminal-justice-system\\\/\"},{\"@type\":\"ListItem\",\"position\":3,\"name\":\"Na p\u00e1irtithe \u00e9ag\u00f3irithe\"}]},{\"@type\":\"WebSite\",\"@id\":\"https:\\\/\\\/www.dppireland.ie\\\/#website\",\"url\":\"https:\\\/\\\/www.dppireland.ie\\\/\",\"name\":\"Office of the Director of Public Prosecutions\",\"description\":\"Providing a prosecution that is independent, fair and effective\",\"potentialAction\":[{\"@type\":\"SearchAction\",\"target\":{\"@type\":\"EntryPoint\",\"urlTemplate\":\"https:\\\/\\\/www.dppireland.ie\\\/?s={search_term_string}\"},\"query-input\":{\"@type\":\"PropertyValueSpecification\",\"valueRequired\":true,\"valueName\":\"search_term_string\"}}],\"inLanguage\":\"ga-IE\"}]}<\/script>\n<!-- \/ Yoast SEO plugin. -->","yoast_head_json":{"title":"Na p\u00e1irtithe \u00e9ag\u00f3irithe - Office of the Director of Public Prosecutions","description":"Office of the Director of Public Prosecutions - Providing a prosecution that is independent, fair and effective","robots":{"index":"index","follow":"follow","max-snippet":"max-snippet:-1","max-image-preview":"max-image-preview:large","max-video-preview":"max-video-preview:-1"},"canonical":"https:\/\/www.dppireland.ie\/ga\/criminal-justice-system\/victims-of-crime\/","og_locale":"ga_IE","og_type":"article","og_title":"Na p\u00e1irtithe \u00e9ag\u00f3irithe - Office of the Director of Public Prosecutions","og_description":"Office of the Director of Public Prosecutions - Providing a prosecution that is independent, fair and effective","og_url":"https:\/\/www.dppireland.ie\/ga\/criminal-justice-system\/victims-of-crime\/","og_site_name":"Office of the Director of Public Prosecutions","article_modified_time":"2025-02-10T10:52:46+00:00","twitter_card":"summary_large_image","twitter_misc":{"Est. reading time":"8 minutes"},"schema":{"@context":"https:\/\/schema.org","@graph":[{"@type":"WebPage","@id":"https:\/\/www.dppireland.ie\/ga\/criminal-justice-system\/victims-of-crime\/","url":"https:\/\/www.dppireland.ie\/ga\/criminal-justice-system\/victims-of-crime\/","name":"Na p\u00e1irtithe \u00e9ag\u00f3irithe - Office of the Director of Public Prosecutions","isPartOf":{"@id":"https:\/\/www.dppireland.ie\/#website"},"datePublished":"2019-01-24T15:51:04+00:00","dateModified":"2025-02-10T10:52:46+00:00","description":"Office of the Director of Public Prosecutions - Providing a prosecution that is independent, fair and effective","breadcrumb":{"@id":"https:\/\/www.dppireland.ie\/ga\/criminal-justice-system\/victims-of-crime\/#breadcrumb"},"inLanguage":"ga-IE","potentialAction":[{"@type":"ReadAction","target":["https:\/\/www.dppireland.ie\/ga\/criminal-justice-system\/victims-of-crime\/"]}]},{"@type":"BreadcrumbList","@id":"https:\/\/www.dppireland.ie\/ga\/criminal-justice-system\/victims-of-crime\/#breadcrumb","itemListElement":[{"@type":"ListItem","position":1,"name":"Home","item":"https:\/\/www.dppireland.ie\/ga\/"},{"@type":"ListItem","position":2,"name":"An C\u00f3ras Ceartais Choiri\u00fail","item":"https:\/\/www.dppireland.ie\/ga\/criminal-justice-system\/"},{"@type":"ListItem","position":3,"name":"Na p\u00e1irtithe \u00e9ag\u00f3irithe"}]},{"@type":"WebSite","@id":"https:\/\/www.dppireland.ie\/#website","url":"https:\/\/www.dppireland.ie\/","name":"Office of the Director of Public Prosecutions","description":"Providing a prosecution that is independent, fair and effective","potentialAction":[{"@type":"SearchAction","target":{"@type":"EntryPoint","urlTemplate":"https:\/\/www.dppireland.ie\/?s={search_term_string}"},"query-input":{"@type":"PropertyValueSpecification","valueRequired":true,"valueName":"search_term_string"}}],"inLanguage":"ga-IE"}]}},"jetpack_sharing_enabled":true,"_links":{"self":[{"href":"https:\/\/www.dppireland.ie\/ga\/wp-json\/wp\/v2\/pages\/10489","targetHints":{"allow":["GET"]}}],"collection":[{"href":"https:\/\/www.dppireland.ie\/ga\/wp-json\/wp\/v2\/pages"}],"about":[{"href":"https:\/\/www.dppireland.ie\/ga\/wp-json\/wp\/v2\/types\/page"}],"author":[{"embeddable":true,"href":"https:\/\/www.dppireland.ie\/ga\/wp-json\/wp\/v2\/users\/1"}],"replies":[{"embeddable":true,"href":"https:\/\/www.dppireland.ie\/ga\/wp-json\/wp\/v2\/comments?post=10489"}],"version-history":[{"count":4,"href":"https:\/\/www.dppireland.ie\/ga\/wp-json\/wp\/v2\/pages\/10489\/revisions"}],"predecessor-version":[{"id":26300,"href":"https:\/\/www.dppireland.ie\/ga\/wp-json\/wp\/v2\/pages\/10489\/revisions\/26300"}],"up":[{"embeddable":true,"href":"https:\/\/www.dppireland.ie\/ga\/wp-json\/wp\/v2\/pages\/10505"}],"wp:attachment":[{"href":"https:\/\/www.dppireland.ie\/ga\/wp-json\/wp\/v2\/media?parent=10489"}],"curies":[{"name":"wp","href":"https:\/\/api.w.org\/{rel}","templated":true}]}}