{"id":10488,"date":"2019-01-24T15:51:14","date_gmt":"2019-01-24T15:51:14","guid":{"rendered":"https:\/\/www.dppireland.ie\/sentencing-appeals\/"},"modified":"2024-05-03T15:28:16","modified_gmt":"2024-05-03T14:28:16","slug":"sentencing-and-appeals","status":"publish","type":"page","link":"https:\/\/www.dppireland.ie\/ga\/criminal-justice-system\/sentencing-and-appeals\/","title":{"rendered":"Maidir leis an bpianbhreith"},"content":{"rendered":"<div class=\"wpb-content-wrapper\"><p>[vc_row][vc_column][vc_column_text]M\u00e1 fhaigheann an gi\u00fair\u00e9 an c\u00fais\u00ed ciontach, b\u00edonn ar an mbreitheamh cinneadh a dh\u00e9anamh i dtaobh c\u00e9n phianbhreith is ceart a ghearradh. N\u00ed m\u00f3ide go nd\u00e9anfadh an breitheamh sin ar an toirt. Is iond\u00fail go socra\u00edonn s\u00e9 n\u00f3 s\u00ed d\u00e1ta is faide anonn d\u2019fh\u00f3gairt na pianbhreithe. Sin ionas gur f\u00e9idir le hoifigigh phromhaidh, oibrithe s\u00f3isialta, docht\u00fair\u00ed, s\u00edciatraithe n\u00f3 na Garda\u00ed (ag brath ar gach c\u00e1s ar leithligh) tuarasc\u00e1lacha a ullmh\u00fa. Cabhra\u00edonn an tuarasc\u00e1lacha seo leis an mbreitheamh cinneadh a dh\u00e9anamh maidir leis an bpianbhreith. D\u2019fh\u00e9adfadh s\u00e9 tarl\u00fa go mbeadh <a href=\"https:\/\/www.dppireland.ie\/ga\/victims-witnesses\/making-a-victim-impact-statement\">Tuarasc\u00e1il maidir le Tionchar ar an \u00cdospartach<\/a> ann, ina nd\u00e9antar cur s\u00edos ar an \u00e9ifeacht a bh\u00ed ag an gcion ar an \u00edospartach.[\/vc_column_text]<div id=\"accordion-sentencing\" class=\"accordion\">\n    <div class=\"card\">\n    <div class=\"card-header\" id=\"heading-an-feidir-leis-an-gcuisi-achomharc-a-dheanamh-i-gcoinne-na-pianbhreithe-a-ghearrann-an-breitheamh\">\n\n        <h2 class=\"mb-0\"><a class=\"collapsed\" href=\"#accordion-sentencing-collapse-an-feidir-leis-an-gcuisi-achomharc-a-dheanamh-i-gcoinne-na-pianbhreithe-a-ghearrann-an-breitheamh\" data-toggle=\"collapse\" data-target=\"#accordion-sentencing-collapse-an-feidir-leis-an-gcuisi-achomharc-a-dheanamh-i-gcoinne-na-pianbhreithe-a-ghearrann-an-breitheamh\" aria-expanded=\"false\" aria-controls=\"accordion-sentencing-collapse-an-feidir-leis-an-gcuisi-achomharc-a-dheanamh-i-gcoinne-na-pianbhreithe-a-ghearrann-an-breitheamh\">An f\u00e9idir leis an gc\u00fais\u00ed achomharc a dh\u00e9anamh i gcoinne na pianbhreithe a ghearrann an breitheamh?<\/a><\/h2>\n\n    <\/div>\n    <div id=\"accordion-sentencing-collapse-an-feidir-leis-an-gcuisi-achomharc-a-dheanamh-i-gcoinne-na-pianbhreithe-a-ghearrann-an-breitheamh\" class=\"collapse\" aria-labelledby=\"heading-an-feidir-leis-an-gcuisi-achomharc-a-dheanamh-i-gcoinne-na-pianbhreithe-a-ghearrann-an-breitheamh\" data-parent=\"#accordion-sentencing\" style=\"\">\n        <div class=\"card-body\">\n            <p>Is f\u00e9idir. B\u00edonn an tsl\u00ed ina nd\u00e9anann an c\u00fais\u00ed sin ag brath ar an \u00e1it inar seoladh an triail bhunaidh.<\/p>\n<p>M\u00e1 seoladh an triail i gC\u00fairt D\u00faiche, is f\u00e9idir leis an gc\u00fais\u00ed:<\/p>\n<ul>\n<li>Achomharc i gcoinne an chiontaithe n\u00f3 na pianbhreithe a dh\u00e9anamh chun na C\u00fairte Cuarda; agus<\/li>\n<li>Ath\u00e9isteacht ioml\u00e1n a fh\u00e1il ar an gc\u00e1s, rud a chialla\u00edonn go mbeadh ort freastal sa ch\u00fairt ar\u00eds mar fhinn\u00e9.<\/li>\n<\/ul>\n<p>M\u00e1 seoladh an triail sa Ch\u00fairt Chuarda, sa Phr\u00edomh-Ch\u00fairt Choiri\u00fail n\u00f3 san Ch\u00fairt Choiri\u00fail Speisialta, is f\u00e9idir leis an gc\u00fais\u00ed achomharc i gcoinne na pianbhreithe n\u00f3 an chiontaithe a dh\u00e9anamh chun na C\u00fairte Achomhairc (Coiri\u00fail). Sa ch\u00fairt seo:<\/p>\n<ul>\n<li>Su\u00edonn tri\u00far Breitheamh C\u00fairte Achomhairc le ch\u00e9ile chun an t-achomharc a \u00e9isteacht; agus<\/li>\n<li>L\u00e9ann an breithi\u00fana scr\u00edbhinn den triail bhunaidh in ionad an fhianaise a \u00e9isteacht ar\u00eds.<\/li>\n<\/ul>\n<p>De ghn\u00e1th, n\u00ed m\u00f3r don ch\u00fais\u00ed fanacht i bpr\u00edos\u00fan fad at\u00e1 s\u00e9 n\u00f3 s\u00ed ag fanacht leis an gc\u00e1s a bheith ann sa Ch\u00fairt Achomhairc (Coiri\u00fail).<\/p>\n<p><a href=\"https:\/\/www.dppireland.ie\/ga\/victims-witnesses\/appeals-information\">Is f\u00e9idir leat n\u00edos m\u00f3 a l\u00e9amh faoi chiont\u00fa agus achomhairc pianbhreithe anseo.<\/a><\/p>\n\n        <\/div>\n    <\/div>\n<\/div><div class=\"card\">\n    <div class=\"card-header\" id=\"heading-an-feidir-leis-an-dpp-achomharc-a-dheanamh-i-gcoinne-na-pianbhreithe\">\n\n        <h2 class=\"mb-0\"><a class=\"collapsed\" href=\"#accordion-sentencing-collapse-an-feidir-leis-an-dpp-achomharc-a-dheanamh-i-gcoinne-na-pianbhreithe\" data-toggle=\"collapse\" data-target=\"#accordion-sentencing-collapse-an-feidir-leis-an-dpp-achomharc-a-dheanamh-i-gcoinne-na-pianbhreithe\" aria-expanded=\"false\" aria-controls=\"accordion-sentencing-collapse-an-feidir-leis-an-dpp-achomharc-a-dheanamh-i-gcoinne-na-pianbhreithe\">An f\u00e9idir leis an DPP achomharc a dh\u00e9anamh i gcoinne na pianbhreithe?<\/a><\/h2>\n\n    <\/div>\n    <div id=\"accordion-sentencing-collapse-an-feidir-leis-an-dpp-achomharc-a-dheanamh-i-gcoinne-na-pianbhreithe\" class=\"collapse\" aria-labelledby=\"heading-an-feidir-leis-an-dpp-achomharc-a-dheanamh-i-gcoinne-na-pianbhreithe\" data-parent=\"#accordion-sentencing\" style=\"\">\n        <div class=\"card-body\">\n            <p>Is f\u00e9idir, ach n\u00ed f\u00e9idir sin a dh\u00e9anamh ach amh\u00e1in i gc\u00e1s inar seoladh an triail sa Ch\u00fairt Chuarda, sa Phr\u00edomh-Ch\u00fairt Choiri\u00fail n\u00f3 sa Ch\u00fairt Choiri\u00fail Speisialta. N\u00ed f\u00e9idir leis an DPP achomharc a dh\u00e9anamh i gcoinne pianbhreithe \u00f3n gC\u00fairt D\u00faiche.<\/p>\n<p>Is f\u00e9idir leis an DPP a iarraidh ar an gC\u00fairt Achomhairc Choiri\u00fail athbhreithni\u00fa a dh\u00e9anamh ar phianbhreith a cheapann s\u00ed a bheith \u2018r\u00f3thr\u00f3caireach\u2019.N\u00ed chuirfidh an Ch\u00fairt Achomhairc le pianbhreith de bharr go gceaptar nach bhfuil an phianbhreith s\u00e1ch fada. N\u00ed mh\u00e9ad\u00f3far an pianbhreith ach amh\u00e1in sa ch\u00e1s go gceaptar nach raibh an ceart ag breitheamh na trialach \u00f3 thaobh dl\u00ed agus pianbhreith chomh gearr \u00e1 ghearradh. N\u00ed m\u00f3r d\u00f3\/di sin a dh\u00e9anamh laistigh de 28 l\u00e1 \u00f3n d\u00e1ta angearrannan breitheamh an phianbhreith air\/uirthi. I roinnt c\u00e1sanna, f\u00e9adann an DPP iarratas a dh\u00e9anamh ar bhreis ama chun athbhreithni\u00fa a iarraidh ach n\u00ed rachaidh an tr\u00e9imhse sin thar 56 l\u00e1.<\/p>\n<p><a href=\"https:\/\/www.dppireland.ie\/ga\/victims-witnesses\/appeals-information\">Is f\u00e9idir leat n\u00edos m\u00f3 a l\u00e9amh faoi achomhairc i leith boige m\u00edchu\u00ed anseo.<\/a><\/p>\n\n        <\/div>\n    <\/div>\n<\/div><div class=\"card\">\n    <div class=\"card-header\" id=\"heading-ce-hiad-na-daoine-ar-feidir-leo-a-iarraidh-ar-an-dpp-achomharc-a-dheanamh-i-gcoinne-na-pianbhreithe\">\n\n        <h2 class=\"mb-0\"><a class=\"collapsed\" href=\"#accordion-sentencing-collapse-ce-hiad-na-daoine-ar-feidir-leo-a-iarraidh-ar-an-dpp-achomharc-a-dheanamh-i-gcoinne-na-pianbhreithe\" data-toggle=\"collapse\" data-target=\"#accordion-sentencing-collapse-ce-hiad-na-daoine-ar-feidir-leo-a-iarraidh-ar-an-dpp-achomharc-a-dheanamh-i-gcoinne-na-pianbhreithe\" aria-expanded=\"false\" aria-controls=\"accordion-sentencing-collapse-ce-hiad-na-daoine-ar-feidir-leo-a-iarraidh-ar-an-dpp-achomharc-a-dheanamh-i-gcoinne-na-pianbhreithe\">C\u00e9 hiad na daoine ar f\u00e9idir leo a iarraidh ar an DPP achomharc a dh\u00e9anamh i gcoinne na pianbhreithe?<\/a><\/h2>\n\n    <\/div>\n    <div id=\"accordion-sentencing-collapse-ce-hiad-na-daoine-ar-feidir-leo-a-iarraidh-ar-an-dpp-achomharc-a-dheanamh-i-gcoinne-na-pianbhreithe\" class=\"collapse\" aria-labelledby=\"heading-ce-hiad-na-daoine-ar-feidir-leo-a-iarraidh-ar-an-dpp-achomharc-a-dheanamh-i-gcoinne-na-pianbhreithe\" data-parent=\"#accordion-sentencing\" style=\"\">\n        <div class=\"card-body\">\n            <p>De r\u00e9ir an dl\u00ed, n\u00ed f\u00e9idir leat a iarraidh ar an DPP achomharc a dh\u00e9anamh i gcoinne pianbhreithe ach amh\u00e1in m\u00e1s rud \u00e9:<\/p>\n<ul>\n<li>gur \u00edospartach coireachta t\u00fa;<\/li>\n<li>gur duine de theaghlach \u00edospartaigh coireachta t\u00fa;<\/li>\n<li><span style=\"font-size: 1rem;\">is docht\u00fair, dl\u00edod\u00f3ir n\u00f3 oibr\u00ed s\u00f3isialta at\u00e1 ag gn\u00edomh\u00fa thar ceann cliaint th\u00fa.<\/span><\/li>\n<\/ul>\n<p>Ina theannta sin, is f\u00e9idir le docht\u00fair\u00ed, dl\u00edod\u00f3ir\u00ed agus oibrithe s\u00f3isialta a iarraidh ar an DPP, thar ceann a gcliant, achomharc a dh\u00e9anamh i gcoinne pianbhreithe.<\/p>\n\n        <\/div>\n    <\/div>\n<\/div><div class=\"card\">\n    <div class=\"card-header\" id=\"heading-conas-a-dheanann-breithiuna-sa-chuirt-achomhairc-athbhreithniu-ar-phianbhreith\">\n\n        <h2 class=\"mb-0\"><a class=\"collapsed\" href=\"#accordion-sentencing-collapse-conas-a-dheanann-breithiuna-sa-chuirt-achomhairc-athbhreithniu-ar-phianbhreith\" data-toggle=\"collapse\" data-target=\"#accordion-sentencing-collapse-conas-a-dheanann-breithiuna-sa-chuirt-achomhairc-athbhreithniu-ar-phianbhreith\" aria-expanded=\"false\" aria-controls=\"accordion-sentencing-collapse-conas-a-dheanann-breithiuna-sa-chuirt-achomhairc-athbhreithniu-ar-phianbhreith\">Conas a dh\u00e9anann breithi\u00fana sa ch\u00fairt achomhairc athbhreithni\u00fa ar phianbhreith?<\/a><\/h2>\n\n    <\/div>\n    <div id=\"accordion-sentencing-collapse-conas-a-dheanann-breithiuna-sa-chuirt-achomhairc-athbhreithniu-ar-phianbhreith\" class=\"collapse\" aria-labelledby=\"heading-conas-a-dheanann-breithiuna-sa-chuirt-achomhairc-athbhreithniu-ar-phianbhreith\" data-parent=\"#accordion-sentencing\" style=\"\">\n        <div class=\"card-body\">\n            <p>L\u00e9ifidh na breithi\u00fana taifead scr\u00edofa na trialach d\u2019fhonn na h\u00fadair a bh\u00ed ag breitheamh na trialach le pianbhreith \u00e1irithe a ghearradh a l\u00e9iri\u00fa. N\u00ed mheasfaidh siad pianbhreith a bheith \u2018r\u00f3thr\u00f3caireach\u2019 ach amh\u00e1in i gc\u00e1s ina gcreideann siad go ndearna breitheamh na trialach bot\u00fan ar phonc dl\u00ed.<\/p>\n<p>N\u00ed leas\u00f3idh breithi\u00fana c\u00fairte achomhairc pianbhreith ar an mbonn amh\u00e1in gur d\u00f3igh leo an phianbhreith a bheith r\u00f3bhog n\u00f3 mar gheall gur pianbhreith eile a bheadh gearrtha acu f\u00e9in. D\u00e1 bhr\u00ed sin, is l\u00e9ir nach n-\u00e9ireoidh le hachomharc ach amh\u00e1in i l\u00edon beag c\u00e1sanna.<\/p>\n\n        <\/div>\n    <\/div>\n<\/div><\/div>[\/vc_column][\/vc_row]<\/p>\n<\/div>","protected":false},"excerpt":{"rendered":"<p>[vc_row][vc_column][vc_column_text]M\u00e1 fhaigheann an gi\u00fair\u00e9 an c\u00fais\u00ed ciontach, b\u00edonn ar an mbreitheamh cinneadh a dh\u00e9anamh i dtaobh c\u00e9n phianbhreith is ceart a ghearradh. N\u00ed m\u00f3ide go nd\u00e9anfadh an breitheamh sin ar an toirt. Is iond\u00fail go socra\u00edonn s\u00e9 n\u00f3 s\u00ed d\u00e1ta is faide anonn d\u2019fh\u00f3gairt na pianbhreithe. Sin ionas gur f\u00e9idir le hoifigigh phromhaidh, oibrithe s\u00f3isialta, &hellip; <a href=\"https:\/\/www.dppireland.ie\/ga\/criminal-justice-system\/sentencing-and-appeals\/\">Continued<\/a><\/p>\n","protected":false},"author":1,"featured_media":0,"parent":10505,"menu_order":0,"comment_status":"closed","ping_status":"closed","template":"","meta":{"_acf_changed":false,"om_disable_all_campaigns":false,"_relevanssi_hide_post":"","_relevanssi_hide_content":"","_relevanssi_pin_for_all":"","_relevanssi_pin_keywords":"","_relevanssi_unpin_keywords":"","_relevanssi_related_keywords":"","_relevanssi_related_include_ids":"","_relevanssi_related_exclude_ids":"","_relevanssi_related_no_append":"","_relevanssi_related_not_related":"","_relevanssi_related_posts":"","_relevanssi_noindex_reason":"","_monsterinsights_skip_tracking":false,"_monsterinsights_sitenote_active":false,"_monsterinsights_sitenote_note":"","_monsterinsights_sitenote_category":0,"_uf_show_specific_survey":0,"_uf_disable_surveys":false,"footnotes":""},"class_list":["post-10488","page","type-page","status-publish","hentry"],"acf":[],"yoast_head":"<!-- This site is optimized with the Yoast SEO plugin v27.5 - https:\/\/yoast.com\/product\/yoast-seo-wordpress\/ -->\n<title>Maidir leis an bpianbhreith - Office of the Director of Public Prosecutions<\/title>\n<meta name=\"description\" content=\"Office of the Director of Public Prosecutions - Providing a prosecution that is independent, fair and effective\" \/>\n<meta name=\"robots\" content=\"index, follow, max-snippet:-1, max-image-preview:large, max-video-preview:-1\" \/>\n<link rel=\"canonical\" href=\"https:\/\/www.dppireland.ie\/ga\/criminal-justice-system\/sentencing-and-appeals\/\" \/>\n<meta property=\"og:locale\" content=\"ga_IE\" \/>\n<meta property=\"og:type\" content=\"article\" \/>\n<meta property=\"og:title\" content=\"Maidir leis an bpianbhreith - Office of the Director of Public Prosecutions\" \/>\n<meta property=\"og:description\" content=\"Office of the Director of Public Prosecutions - Providing a prosecution that is independent, fair and effective\" \/>\n<meta property=\"og:url\" content=\"https:\/\/www.dppireland.ie\/ga\/criminal-justice-system\/sentencing-and-appeals\/\" \/>\n<meta property=\"og:site_name\" content=\"Office of the Director of Public Prosecutions\" \/>\n<meta property=\"article:modified_time\" content=\"2024-05-03T14:28:16+00:00\" \/>\n<meta name=\"twitter:card\" content=\"summary_large_image\" \/>\n<meta name=\"twitter:label1\" content=\"Est. reading time\" \/>\n\t<meta name=\"twitter:data1\" content=\"3 minutes\" \/>\n<script type=\"application\/ld+json\" class=\"yoast-schema-graph\">{\"@context\":\"https:\\\/\\\/schema.org\",\"@graph\":[{\"@type\":\"WebPage\",\"@id\":\"https:\\\/\\\/www.dppireland.ie\\\/ga\\\/criminal-justice-system\\\/sentencing-and-appeals\\\/\",\"url\":\"https:\\\/\\\/www.dppireland.ie\\\/ga\\\/criminal-justice-system\\\/sentencing-and-appeals\\\/\",\"name\":\"Maidir leis an bpianbhreith - Office of the Director of Public Prosecutions\",\"isPartOf\":{\"@id\":\"https:\\\/\\\/www.dppireland.ie\\\/#website\"},\"datePublished\":\"2019-01-24T15:51:14+00:00\",\"dateModified\":\"2024-05-03T14:28:16+00:00\",\"description\":\"Office of the Director of Public Prosecutions - Providing a prosecution that is independent, fair and effective\",\"breadcrumb\":{\"@id\":\"https:\\\/\\\/www.dppireland.ie\\\/ga\\\/criminal-justice-system\\\/sentencing-and-appeals\\\/#breadcrumb\"},\"inLanguage\":\"ga-IE\",\"potentialAction\":[{\"@type\":\"ReadAction\",\"target\":[\"https:\\\/\\\/www.dppireland.ie\\\/ga\\\/criminal-justice-system\\\/sentencing-and-appeals\\\/\"]}]},{\"@type\":\"BreadcrumbList\",\"@id\":\"https:\\\/\\\/www.dppireland.ie\\\/ga\\\/criminal-justice-system\\\/sentencing-and-appeals\\\/#breadcrumb\",\"itemListElement\":[{\"@type\":\"ListItem\",\"position\":1,\"name\":\"Home\",\"item\":\"https:\\\/\\\/www.dppireland.ie\\\/ga\\\/\"},{\"@type\":\"ListItem\",\"position\":2,\"name\":\"An C\u00f3ras Ceartais Choiri\u00fail\",\"item\":\"https:\\\/\\\/www.dppireland.ie\\\/ga\\\/criminal-justice-system\\\/\"},{\"@type\":\"ListItem\",\"position\":3,\"name\":\"Maidir leis an bpianbhreith\"}]},{\"@type\":\"WebSite\",\"@id\":\"https:\\\/\\\/www.dppireland.ie\\\/#website\",\"url\":\"https:\\\/\\\/www.dppireland.ie\\\/\",\"name\":\"Office of the Director of Public Prosecutions\",\"description\":\"Providing a prosecution that is independent, fair and effective\",\"potentialAction\":[{\"@type\":\"SearchAction\",\"target\":{\"@type\":\"EntryPoint\",\"urlTemplate\":\"https:\\\/\\\/www.dppireland.ie\\\/?s={search_term_string}\"},\"query-input\":{\"@type\":\"PropertyValueSpecification\",\"valueRequired\":true,\"valueName\":\"search_term_string\"}}],\"inLanguage\":\"ga-IE\"}]}<\/script>\n<!-- \/ Yoast SEO plugin. -->","yoast_head_json":{"title":"Maidir leis an bpianbhreith - Office of the Director of Public Prosecutions","description":"Office of the Director of Public Prosecutions - Providing a prosecution that is independent, fair and effective","robots":{"index":"index","follow":"follow","max-snippet":"max-snippet:-1","max-image-preview":"max-image-preview:large","max-video-preview":"max-video-preview:-1"},"canonical":"https:\/\/www.dppireland.ie\/ga\/criminal-justice-system\/sentencing-and-appeals\/","og_locale":"ga_IE","og_type":"article","og_title":"Maidir leis an bpianbhreith - Office of the Director of Public Prosecutions","og_description":"Office of the Director of Public Prosecutions - Providing a prosecution that is independent, fair and effective","og_url":"https:\/\/www.dppireland.ie\/ga\/criminal-justice-system\/sentencing-and-appeals\/","og_site_name":"Office of the Director of Public Prosecutions","article_modified_time":"2024-05-03T14:28:16+00:00","twitter_card":"summary_large_image","twitter_misc":{"Est. reading time":"3 minutes"},"schema":{"@context":"https:\/\/schema.org","@graph":[{"@type":"WebPage","@id":"https:\/\/www.dppireland.ie\/ga\/criminal-justice-system\/sentencing-and-appeals\/","url":"https:\/\/www.dppireland.ie\/ga\/criminal-justice-system\/sentencing-and-appeals\/","name":"Maidir leis an bpianbhreith - Office of the Director of Public Prosecutions","isPartOf":{"@id":"https:\/\/www.dppireland.ie\/#website"},"datePublished":"2019-01-24T15:51:14+00:00","dateModified":"2024-05-03T14:28:16+00:00","description":"Office of the Director of Public Prosecutions - Providing a prosecution that is independent, fair and effective","breadcrumb":{"@id":"https:\/\/www.dppireland.ie\/ga\/criminal-justice-system\/sentencing-and-appeals\/#breadcrumb"},"inLanguage":"ga-IE","potentialAction":[{"@type":"ReadAction","target":["https:\/\/www.dppireland.ie\/ga\/criminal-justice-system\/sentencing-and-appeals\/"]}]},{"@type":"BreadcrumbList","@id":"https:\/\/www.dppireland.ie\/ga\/criminal-justice-system\/sentencing-and-appeals\/#breadcrumb","itemListElement":[{"@type":"ListItem","position":1,"name":"Home","item":"https:\/\/www.dppireland.ie\/ga\/"},{"@type":"ListItem","position":2,"name":"An C\u00f3ras Ceartais Choiri\u00fail","item":"https:\/\/www.dppireland.ie\/ga\/criminal-justice-system\/"},{"@type":"ListItem","position":3,"name":"Maidir leis an bpianbhreith"}]},{"@type":"WebSite","@id":"https:\/\/www.dppireland.ie\/#website","url":"https:\/\/www.dppireland.ie\/","name":"Office of the Director of Public Prosecutions","description":"Providing a prosecution that is independent, fair and effective","potentialAction":[{"@type":"SearchAction","target":{"@type":"EntryPoint","urlTemplate":"https:\/\/www.dppireland.ie\/?s={search_term_string}"},"query-input":{"@type":"PropertyValueSpecification","valueRequired":true,"valueName":"search_term_string"}}],"inLanguage":"ga-IE"}]}},"jetpack_sharing_enabled":true,"_links":{"self":[{"href":"https:\/\/www.dppireland.ie\/ga\/wp-json\/wp\/v2\/pages\/10488","targetHints":{"allow":["GET"]}}],"collection":[{"href":"https:\/\/www.dppireland.ie\/ga\/wp-json\/wp\/v2\/pages"}],"about":[{"href":"https:\/\/www.dppireland.ie\/ga\/wp-json\/wp\/v2\/types\/page"}],"author":[{"embeddable":true,"href":"https:\/\/www.dppireland.ie\/ga\/wp-json\/wp\/v2\/users\/1"}],"replies":[{"embeddable":true,"href":"https:\/\/www.dppireland.ie\/ga\/wp-json\/wp\/v2\/comments?post=10488"}],"version-history":[{"count":4,"href":"https:\/\/www.dppireland.ie\/ga\/wp-json\/wp\/v2\/pages\/10488\/revisions"}],"predecessor-version":[{"id":23969,"href":"https:\/\/www.dppireland.ie\/ga\/wp-json\/wp\/v2\/pages\/10488\/revisions\/23969"}],"up":[{"embeddable":true,"href":"https:\/\/www.dppireland.ie\/ga\/wp-json\/wp\/v2\/pages\/10505"}],"wp:attachment":[{"href":"https:\/\/www.dppireland.ie\/ga\/wp-json\/wp\/v2\/media?parent=10488"}],"curies":[{"name":"wp","href":"https:\/\/api.w.org\/{rel}","templated":true}]}}