{"id":10483,"date":"2019-01-24T15:53:10","date_gmt":"2019-01-24T15:53:10","guid":{"rendered":"https:\/\/www.dppireland.ie\/making-a-victim-impact-statement\/"},"modified":"2022-08-18T16:01:04","modified_gmt":"2022-08-18T15:01:04","slug":"making-a-victim-impact-statement","status":"publish","type":"page","link":"https:\/\/www.dppireland.ie\/ga\/victims-witnesses\/making-a-victim-impact-statement\/","title":{"rendered":"R\u00e1iteas Tionchair \u00cdospartaigh a Dh\u00e9anamh"},"content":{"rendered":"<div class=\"wpb-content-wrapper\"><p>[vc_row][vc_column][vc_column_text]Cuireann an bhileog roimhe iarracht a dh\u00e9anamh na ceisteanna is coitianta faoi R\u00e1iteas Tionchair \u00cdospartaigh a dh\u00e9anamh a fhreagairt. N\u00ed chl\u00fada\u00edonn s\u00e9 gach uile c\u00fainse a d\u2019fh\u00e9adfadh a bheith i gceist agus n\u00ed comhairle dl\u00ed at\u00e1 ann. M\u00e1 theasta\u00edonn a leith\u00e9id uait b\u2019fhearr duit dul chuig aturnae.[\/vc_column_text]<div id=\"accordion-othy-cy-foy-im\" class=\"accordion\">\n    <div class=\"card\">\n    <div class=\"card-header\" id=\"heading-cad-is-raiteas-tionchair-iospartaigh-ann\">\n\n        <h2 class=\"mb-0\"><a class=\"collapsed\" href=\"#accordion-othy-cy-foy-im-collapse-cad-is-raiteas-tionchair-iospartaigh-ann\" data-toggle=\"collapse\" data-target=\"#accordion-othy-cy-foy-im-collapse-cad-is-raiteas-tionchair-iospartaigh-ann\" aria-expanded=\"false\" aria-controls=\"accordion-othy-cy-foy-im-collapse-cad-is-raiteas-tionchair-iospartaigh-ann\">Cad is R\u00e1iteas Tionchair \u00cdospartaigh ann?<\/a><\/h2>\n\n    <\/div>\n    <div id=\"accordion-othy-cy-foy-im-collapse-cad-is-raiteas-tionchair-iospartaigh-ann\" class=\"collapse\" aria-labelledby=\"heading-cad-is-raiteas-tionchair-iospartaigh-ann\" data-parent=\"#accordion-othy-cy-foy-im\" style=\"\">\n        <div class=\"card-body\">\n            <p>M\u00e1s \u00edospartach coire th\u00fa, f\u00e9adfaidh t\u00fa R\u00e1iteas Tionchair \u00cdospartaigh a dh\u00e9anamh. Is ionann R\u00e1iteas Tionchair \u00cdospartaigh agus cuntas i d\u2019fhocail f\u00e9in ar an tionchar a bh\u00ed ag an gcoir ort. T\u00e1 seans ann, mar shampla, gur fhulaing t\u00fa d\u00edobh\u00e1il fhisici\u00fail n\u00f3 go raibh tionchar moth\u00fach\u00e1nach n\u00f3 s\u00edceola\u00edoch ag an gcoir ort. T\u00e1 seans ann gur fhulaing t\u00fa caillteanas airgeadais freisin.<\/p>\n\n        <\/div>\n    <\/div>\n<\/div><div class=\"card\">\n    <div class=\"card-header\" id=\"heading-cen-fath-go-bhfuil-se-tabhachtach\">\n\n        <h2 class=\"mb-0\"><a class=\"collapsed\" href=\"#accordion-othy-cy-foy-im-collapse-cen-fath-go-bhfuil-se-tabhachtach\" data-toggle=\"collapse\" data-target=\"#accordion-othy-cy-foy-im-collapse-cen-fath-go-bhfuil-se-tabhachtach\" aria-expanded=\"false\" aria-controls=\"accordion-othy-cy-foy-im-collapse-cen-fath-go-bhfuil-se-tabhachtach\">C\u00e9n f\u00e1th go bhfuil s\u00e9 t\u00e1bhachtach?<\/a><\/h2>\n\n    <\/div>\n    <div id=\"accordion-othy-cy-foy-im-collapse-cen-fath-go-bhfuil-se-tabhachtach\" class=\"collapse\" aria-labelledby=\"heading-cen-fath-go-bhfuil-se-tabhachtach\" data-parent=\"#accordion-othy-cy-foy-im\" style=\"\">\n        <div class=\"card-body\">\n            <p>Leis an R\u00e1iteas, cabhra\u00edtear leis an mbreitheamh a thuiscint c\u00e9n tionchar a bh\u00ed ag an gcoir ort. Cuirfidh an breitheamh an m\u00e9id sin san \u00e1ireamh ansin agus \u00e9\/\u00ed ag cinneadh c\u00e9n phianbhreith a chuirfear ar an gciont\u00f3ir.<\/p>\n\n        <\/div>\n    <\/div>\n<\/div><div class=\"card\">\n    <div class=\"card-header\" id=\"heading-ce-is-feidir-leo-raiteas-tionchair-iospartaigh-a-dheanamh\">\n\n        <h2 class=\"mb-0\"><a class=\"collapsed\" href=\"#accordion-othy-cy-foy-im-collapse-ce-is-feidir-leo-raiteas-tionchair-iospartaigh-a-dheanamh\" data-toggle=\"collapse\" data-target=\"#accordion-othy-cy-foy-im-collapse-ce-is-feidir-leo-raiteas-tionchair-iospartaigh-a-dheanamh\" aria-expanded=\"false\" aria-controls=\"accordion-othy-cy-foy-im-collapse-ce-is-feidir-leo-raiteas-tionchair-iospartaigh-a-dheanamh\">C\u00e9 is f\u00e9idir leo R\u00e1iteas Tionchair \u00cdospartaigh a dh\u00e9anamh?<\/a><\/h2>\n\n    <\/div>\n    <div id=\"accordion-othy-cy-foy-im-collapse-ce-is-feidir-leo-raiteas-tionchair-iospartaigh-a-dheanamh\" class=\"collapse\" aria-labelledby=\"heading-ce-is-feidir-leo-raiteas-tionchair-iospartaigh-a-dheanamh\" data-parent=\"#accordion-othy-cy-foy-im\" style=\"\">\n        <div class=\"card-body\">\n            <p>F\u00e9adfaidh na daoine seo a leanas r\u00e1iteas tionchair \u00edospartaigh a dh\u00e9anamh:<\/p>\n<ul>\n<li>\u00edospartach na coire, a ndearnadh dochar d\u00f3\/di, lena n-\u00e1ir\u00edtear dochar fisici\u00fail, meabhrach agus moth\u00fach\u00e1nach, n\u00f3 a d\u2019fhulaing caillteanas airgeadais a th\u00e1inig go d\u00edreach as an gcion<\/li>\n<li>duine muinteartha le h\u00edospartach a fuair b\u00e1s, at\u00e1 tinn n\u00f3 at\u00e1 ar \u00e9agumas de dheasca na coire<\/li>\n<li>\u00edospartach at\u00e1 faoi bhun 14 bliana d\u2019aois n\u00f3 a t(h)uismitheoir n\u00f3 a c(h)aomhn\u00f3ir<\/li>\n<li>duine muinteartha thar ceann \u00edospartaigh a bhfuil neamhord meabhrach air\/uirthi agus nach bhfuil cumas aige\/aici r\u00e1iteas a dh\u00e9anamh<\/li>\n<\/ul>\n<p>N\u00ed fh\u00e9adfaidh tuismitheoir, duine muinteartha n\u00f3 caomhn\u00f3ir leis an \u00edospartach R\u00e1iteas Tionchair. \u00cdospartaigh a dh\u00e9anamh thar ceann an \u00edospartaigh i gc\u00e1s gur cionta\u00edodh an duine sin i gcion in aghaidh an \u00edospartaigh.<\/p>\n\n        <\/div>\n    <\/div>\n<\/div><div class=\"card\">\n    <div class=\"card-header\" id=\"heading-an-gceadaitear-raiteas-tionchair-iospartaigh-i-ngach-cas-coiriuil\">\n\n        <h2 class=\"mb-0\"><a class=\"collapsed\" href=\"#accordion-othy-cy-foy-im-collapse-an-gceadaitear-raiteas-tionchair-iospartaigh-i-ngach-cas-coiriuil\" data-toggle=\"collapse\" data-target=\"#accordion-othy-cy-foy-im-collapse-an-gceadaitear-raiteas-tionchair-iospartaigh-i-ngach-cas-coiriuil\" aria-expanded=\"false\" aria-controls=\"accordion-othy-cy-foy-im-collapse-an-gceadaitear-raiteas-tionchair-iospartaigh-i-ngach-cas-coiriuil\">An gceada\u00edtear R\u00e1iteas Tionchair \u00cdospartaigh i ngach c\u00e1s coiri\u00fail?<\/a><\/h2>\n\n    <\/div>\n    <div id=\"accordion-othy-cy-foy-im-collapse-an-gceadaitear-raiteas-tionchair-iospartaigh-i-ngach-cas-coiriuil\" class=\"collapse\" aria-labelledby=\"heading-an-gceadaitear-raiteas-tionchair-iospartaigh-i-ngach-cas-coiriuil\" data-parent=\"#accordion-othy-cy-foy-im\" style=\"\">\n        <div class=\"card-body\">\n            <p>Ceada\u00edtear. Luaitear sa dl\u00ed go bhf\u00e9adfar R\u00e1iteas Tionchair \u00cdospartaigh a dh\u00e9anamh i ngach c\u00e1s ina bhfuil \u00edospartach coire ann agus go bhf\u00e9adfar d\u00e9anamh amhlaidh a luaithe a fhaightear an ciont\u00f3ir ciontach sa choir.<\/p>\n\n        <\/div>\n    <\/div>\n<\/div><div class=\"card\">\n    <div class=\"card-header\" id=\"heading-an-ga-dom-raiteas-tionchair-iospartaigh-a-dheanamh\">\n\n        <h2 class=\"mb-0\"><a class=\"collapsed\" href=\"#accordion-othy-cy-foy-im-collapse-an-ga-dom-raiteas-tionchair-iospartaigh-a-dheanamh\" data-toggle=\"collapse\" data-target=\"#accordion-othy-cy-foy-im-collapse-an-ga-dom-raiteas-tionchair-iospartaigh-a-dheanamh\" aria-expanded=\"false\" aria-controls=\"accordion-othy-cy-foy-im-collapse-an-ga-dom-raiteas-tionchair-iospartaigh-a-dheanamh\">An g\u00e1 dom R\u00e1iteas Tionchair \u00cdospartaigh a dh\u00e9anamh?<\/a><\/h2>\n\n    <\/div>\n    <div id=\"accordion-othy-cy-foy-im-collapse-an-ga-dom-raiteas-tionchair-iospartaigh-a-dheanamh\" class=\"collapse\" aria-labelledby=\"heading-an-ga-dom-raiteas-tionchair-iospartaigh-a-dheanamh\" data-parent=\"#accordion-othy-cy-foy-im\" style=\"\">\n        <div class=\"card-body\">\n            <p>N\u00ed g\u00e1. Is f\u00fat f\u00e9in at\u00e1 s\u00e9 a chinneadh c\u00e9 acu ba mhaith n\u00f3 n\u00e1r mhaith leat ceann a dh\u00e9anamh. Fi\u00fa amh\u00e1in i gc\u00e1s go gcinnfidh t\u00fa gan R\u00e1iteas Tionchair \u00cdospartaigh a dh\u00e9anamh, n\u00ed ghlacfaidh an breitheamh leis nach raibh aon tionchar ag an gcoir ort.<\/p>\n\n        <\/div>\n    <\/div>\n<\/div><div class=\"card\">\n    <div class=\"card-header\" id=\"heading-cen-uair-a-dheanfaidh-me-mo-raiteas-tionchair-iospartaigh\">\n\n        <h2 class=\"mb-0\"><a class=\"collapsed\" href=\"#accordion-othy-cy-foy-im-collapse-cen-uair-a-dheanfaidh-me-mo-raiteas-tionchair-iospartaigh\" data-toggle=\"collapse\" data-target=\"#accordion-othy-cy-foy-im-collapse-cen-uair-a-dheanfaidh-me-mo-raiteas-tionchair-iospartaigh\" aria-expanded=\"false\" aria-controls=\"accordion-othy-cy-foy-im-collapse-cen-uair-a-dheanfaidh-me-mo-raiteas-tionchair-iospartaigh\">C\u00e9n uair a dh\u00e9anfaidh m\u00e9 mo R\u00e1iteas Tionchair \u00cdospartaigh?<\/a><\/h2>\n\n    <\/div>\n    <div id=\"accordion-othy-cy-foy-im-collapse-cen-uair-a-dheanfaidh-me-mo-raiteas-tionchair-iospartaigh\" class=\"collapse\" aria-labelledby=\"heading-cen-uair-a-dheanfaidh-me-mo-raiteas-tionchair-iospartaigh\" data-parent=\"#accordion-othy-cy-foy-im\" style=\"\">\n        <div class=\"card-body\">\n            <p>D\u00e9anfaidh t\u00fa do R\u00e1iteas Tionchair \u00cdospartaigh tar \u00e9is an ciont\u00f3ir a fh\u00e1il ciontach sa ch\u00fairt ach sula nd\u00e9anfaidh an breitheamh cinneadh ar an bpianbhreith.<\/p>\n\n        <\/div>\n    <\/div>\n<\/div><div class=\"card\">\n    <div class=\"card-header\" id=\"heading-cad-a-fheadfaidh-me-a-ra-i-mo-raiteas-tionchair-iospartaigh\">\n\n        <h2 class=\"mb-0\"><a class=\"collapsed\" href=\"#accordion-othy-cy-foy-im-collapse-cad-a-fheadfaidh-me-a-ra-i-mo-raiteas-tionchair-iospartaigh\" data-toggle=\"collapse\" data-target=\"#accordion-othy-cy-foy-im-collapse-cad-a-fheadfaidh-me-a-ra-i-mo-raiteas-tionchair-iospartaigh\" aria-expanded=\"false\" aria-controls=\"accordion-othy-cy-foy-im-collapse-cad-a-fheadfaidh-me-a-ra-i-mo-raiteas-tionchair-iospartaigh\">Cad a fh\u00e9adfaidh m\u00e9 a r\u00e1 i mo R\u00e1iteas Tionchair \u00cdospartaigh?<\/a><\/h2>\n\n    <\/div>\n    <div id=\"accordion-othy-cy-foy-im-collapse-cad-a-fheadfaidh-me-a-ra-i-mo-raiteas-tionchair-iospartaigh\" class=\"collapse\" aria-labelledby=\"heading-cad-a-fheadfaidh-me-a-ra-i-mo-raiteas-tionchair-iospartaigh\" data-parent=\"#accordion-othy-cy-foy-im\" style=\"\">\n        <div class=\"card-body\">\n            <p>Leis an R\u00e1iteas Tionchair \u00cdospartaigh, tugtar deis duit a insint don ch\u00fairt c\u00e9n tionchar a bh\u00ed ag an gcoir ort.&nbsp; D\u2019fh\u00e9adfadh gurbh fhi\u00fa breithni\u00fa a dh\u00e9anamh ar na nithe seo a leanas:<\/p>\n<ul>\n<li>aon d\u00edobh\u00e1il fhisici\u00fail n\u00f3 sh\u00edceola\u00edoch a d\u2019fhulaing t\u00fa<\/li>\n<li>an measann t\u00fa go bhfuil t\u00fa soghonta n\u00f3 imeaglaithe<\/li>\n<li>an measann t\u00fa nach bhfuil t\u00fa s\u00e1bh\u00e1ilte a thuilleadh<\/li>\n<li>an tionchar ar do theaghlach<\/li>\n<li>an t-athr\u00fa at\u00e1 tagtha ar ch\u00e1il\u00edocht do bheatha ar bhonn laeth\u00fail<\/li>\n<li>aon chaillteanas airgeadais a d\u2019fhulaing t\u00fa de dheasca na coire<\/li>\n<\/ul>\n<p>N\u00edor cheart duit aon tuairim\u00ed a chur in i\u00fal faoin gciont\u00f3ir n\u00e1 a insint don bhreitheamh c\u00e9n phianbhreith ba cheart, dar leat, a chur ar an gciont\u00f3ir.&nbsp;&nbsp; N\u00edor cheart duit d\u00e9anamh amhlaidh toisc gur faoin mbreitheamh, agus faoin mbreitheamh amh\u00e1in, at\u00e1 s\u00e9 a chinneadh c\u00e9n phianbhreith is cu\u00ed.<\/p>\n\n        <\/div>\n    <\/div>\n<\/div><div class=\"card\">\n    <div class=\"card-header\" id=\"heading-an-bhfeadfaidh-me-iarraidh-ar-dhuine-eile-cabhru-liom-an-raiteas-tionchair-iospartaigh-a-dheanamh\">\n\n        <h2 class=\"mb-0\"><a class=\"collapsed\" href=\"#accordion-othy-cy-foy-im-collapse-an-bhfeadfaidh-me-iarraidh-ar-dhuine-eile-cabhru-liom-an-raiteas-tionchair-iospartaigh-a-dheanamh\" data-toggle=\"collapse\" data-target=\"#accordion-othy-cy-foy-im-collapse-an-bhfeadfaidh-me-iarraidh-ar-dhuine-eile-cabhru-liom-an-raiteas-tionchair-iospartaigh-a-dheanamh\" aria-expanded=\"false\" aria-controls=\"accordion-othy-cy-foy-im-collapse-an-bhfeadfaidh-me-iarraidh-ar-dhuine-eile-cabhru-liom-an-raiteas-tionchair-iospartaigh-a-dheanamh\">An bhf\u00e9adfaidh m\u00e9 iarraidh ar dhuine eile cabhr\u00fa liom an R\u00e1iteas Tionchair \u00cdospartaigh a dh\u00e9anamh?<\/a><\/h2>\n\n    <\/div>\n    <div id=\"accordion-othy-cy-foy-im-collapse-an-bhfeadfaidh-me-iarraidh-ar-dhuine-eile-cabhru-liom-an-raiteas-tionchair-iospartaigh-a-dheanamh\" class=\"collapse\" aria-labelledby=\"heading-an-bhfeadfaidh-me-iarraidh-ar-dhuine-eile-cabhru-liom-an-raiteas-tionchair-iospartaigh-a-dheanamh\" data-parent=\"#accordion-othy-cy-foy-im\" style=\"\">\n        <div class=\"card-body\">\n            <p>Leis an R\u00e1iteas Tionchair \u00cdospartaigh, tugtar deis duit a insint don ch\u00fairt i d\u2019fhocail f\u00e9in c\u00e9n tionchar a bh\u00ed ag an gcoir ort. T\u00e1 s\u00e9 t\u00e1bhachtach nach rachaidh aon duine eile i bhfeidhm ar a nd\u00e9arfaidh t\u00fa i do R\u00e1iteas agus nach scr\u00edobhfaidh aon duine eile an R\u00e1iteas duit. Ba cheart go mbeadh an fhaisn\u00e9is sa leabhr\u00e1n seo \u00fas\u00e1ideach duit agus do R\u00e1iteas \u00e1 ullmh\u00fa agat.<\/p>\n\n        <\/div>\n    <\/div>\n<\/div><div class=\"card\">\n    <div class=\"card-header\" id=\"heading-conas-a-fheadfaidh-me-raiteas-tionchair-iospartaigh-a-dheanamh\">\n\n        <h2 class=\"mb-0\"><a class=\"collapsed\" href=\"#accordion-othy-cy-foy-im-collapse-conas-a-fheadfaidh-me-raiteas-tionchair-iospartaigh-a-dheanamh\" data-toggle=\"collapse\" data-target=\"#accordion-othy-cy-foy-im-collapse-conas-a-fheadfaidh-me-raiteas-tionchair-iospartaigh-a-dheanamh\" aria-expanded=\"false\" aria-controls=\"accordion-othy-cy-foy-im-collapse-conas-a-fheadfaidh-me-raiteas-tionchair-iospartaigh-a-dheanamh\">Conas a fh\u00e9adfaidh m\u00e9 R\u00e1iteas Tionchair \u00cdospartaigh a dh\u00e9anamh?<\/a><\/h2>\n\n    <\/div>\n    <div id=\"accordion-othy-cy-foy-im-collapse-conas-a-fheadfaidh-me-raiteas-tionchair-iospartaigh-a-dheanamh\" class=\"collapse\" aria-labelledby=\"heading-conas-a-fheadfaidh-me-raiteas-tionchair-iospartaigh-a-dheanamh\" data-parent=\"#accordion-othy-cy-foy-im\" style=\"\">\n        <div class=\"card-body\">\n            <p>N\u00ed g\u00e1 R\u00e1iteas Tionchair \u00cdospartaigh a dh\u00e9anamh in aon fhoirm ar leith. F\u00e9adfar \u00e9 a dh\u00e9anamh i bhfoirm l\u00e1mhscr\u00edofa n\u00f3 i bhfoirm chl\u00f3scr\u00edofa n\u00f3 f\u00e9adfar \u00e9 a thabhairt \u00f3 bh\u00e9al sa ch\u00fairt. M\u00e1 dh\u00e9anann t\u00fa do R\u00e1iteas a scr\u00edobh n\u00f3 a chl\u00f3scr\u00edobh, ba cheart duit \u00e9 a thabhairt don Gharda S\u00edoch\u00e1na ansin. F\u00e9adfaidh t\u00fa c\u00f3ip a choinne\u00e1il duit f\u00e9in freisin.<\/p>\n\n        <\/div>\n    <\/div>\n<\/div><div class=\"card\">\n    <div class=\"card-header\" id=\"heading-cad-a-dheantar-le-mo-raiteas-tionchair-iospartaigh\">\n\n        <h2 class=\"mb-0\"><a class=\"collapsed\" href=\"#accordion-othy-cy-foy-im-collapse-cad-a-dheantar-le-mo-raiteas-tionchair-iospartaigh\" data-toggle=\"collapse\" data-target=\"#accordion-othy-cy-foy-im-collapse-cad-a-dheantar-le-mo-raiteas-tionchair-iospartaigh\" aria-expanded=\"false\" aria-controls=\"accordion-othy-cy-foy-im-collapse-cad-a-dheantar-le-mo-raiteas-tionchair-iospartaigh\">Cad a dh\u00e9antar le mo R\u00e1iteas Tionchair \u00cdospartaigh?<\/a><\/h2>\n\n    <\/div>\n    <div id=\"accordion-othy-cy-foy-im-collapse-cad-a-dheantar-le-mo-raiteas-tionchair-iospartaigh\" class=\"collapse\" aria-labelledby=\"heading-cad-a-dheantar-le-mo-raiteas-tionchair-iospartaigh\" data-parent=\"#accordion-othy-cy-foy-im\" style=\"\">\n        <div class=\"card-body\">\n            <p>\u00d3n uair a thugann t\u00fa do R\u00e1iteas ar aghaidh do na Garda\u00ed glactar leis mar chuid den fhianaise sa ch\u00e1s. Cialla\u00edonn s\u00e9 seo gur f\u00e9idir go bhfeicfidh an fhoireann ionch\u00faisimh, an chosaint, na Garda\u00ed agus an ch\u00fairt R\u00e1iteas Tionchair \u00cdospartaigh. N\u00ed thugtar aon ch\u00f3ip de do R\u00e1iteas Tionchair \u00cdospartaigh d\u2019aon duine eile. Is f\u00e9idir, \u00e1fach, go nd\u00e9anfar tuairisc ar shonra\u00ed an \u00e1bhair i do R\u00e1iteas sna me\u00e1in chumars\u00e1ide, muna gcuireann an breitheamh bac ar fhoilsitheoireacht.<\/p>\n\n        <\/div>\n    <\/div>\n<\/div><div class=\"card\">\n    <div class=\"card-header\" id=\"heading-an-feidir-go-gcuirfear-ceist-orm-faoi-mo-raiteas-tionchair-iospartaigh\">\n\n        <h2 class=\"mb-0\"><a class=\"collapsed\" href=\"#accordion-othy-cy-foy-im-collapse-an-feidir-go-gcuirfear-ceist-orm-faoi-mo-raiteas-tionchair-iospartaigh\" data-toggle=\"collapse\" data-target=\"#accordion-othy-cy-foy-im-collapse-an-feidir-go-gcuirfear-ceist-orm-faoi-mo-raiteas-tionchair-iospartaigh\" aria-expanded=\"false\" aria-controls=\"accordion-othy-cy-foy-im-collapse-an-feidir-go-gcuirfear-ceist-orm-faoi-mo-raiteas-tionchair-iospartaigh\">An f\u00e9idir go gcuirfear ceist orm faoi mo R\u00e1iteas Tionchair \u00cdospartaigh?<\/a><\/h2>\n\n    <\/div>\n    <div id=\"accordion-othy-cy-foy-im-collapse-an-feidir-go-gcuirfear-ceist-orm-faoi-mo-raiteas-tionchair-iospartaigh\" class=\"collapse\" aria-labelledby=\"heading-an-feidir-go-gcuirfear-ceist-orm-faoi-mo-raiteas-tionchair-iospartaigh\" data-parent=\"#accordion-othy-cy-foy-im\" style=\"\">\n        <div class=\"card-body\">\n            <p>Is f\u00e9idir. M\u00e1 dh\u00e9anann t\u00fa R\u00e1iteas Tionchair \u00cdospartaigh don ch\u00fairt n\u00f3 is f\u00e9idir go gcuirfidh an ch\u00fairt n\u00f3 an chosaint ceisteanna ort faoi \u00e1bhar do R\u00e1iteas le soil\u00e9iri\u00fa a dh\u00e9anamh ar phointe \u00e1irithe. M\u00e1 t\u00e1 t\u00fa chun R\u00e1iteas Tionchair \u00cdospartaigh b\u00e9il a dh\u00e9anamh, is f\u00e9idir go gcuirfidh an ch\u00fairt, an t-ionch\u00faiseamh n\u00f3 an chosaint ceisteanna ort faoin m\u00e9id a deir t\u00fa.<\/p>\n\n        <\/div>\n    <\/div>\n<\/div><div class=\"card\">\n    <div class=\"card-header\" id=\"heading-an-feidir-leis-an-gcuirt-tuairim-gairmiuil-a-iarraidh-mar-gheall-ar-conas-a-ndeachaigh-an-cion-i-bhfeidhm-orm\">\n\n        <h2 class=\"mb-0\"><a class=\"collapsed\" href=\"#accordion-othy-cy-foy-im-collapse-an-feidir-leis-an-gcuirt-tuairim-gairmiuil-a-iarraidh-mar-gheall-ar-conas-a-ndeachaigh-an-cion-i-bhfeidhm-orm\" data-toggle=\"collapse\" data-target=\"#accordion-othy-cy-foy-im-collapse-an-feidir-leis-an-gcuirt-tuairim-gairmiuil-a-iarraidh-mar-gheall-ar-conas-a-ndeachaigh-an-cion-i-bhfeidhm-orm\" aria-expanded=\"false\" aria-controls=\"accordion-othy-cy-foy-im-collapse-an-feidir-leis-an-gcuirt-tuairim-gairmiuil-a-iarraidh-mar-gheall-ar-conas-a-ndeachaigh-an-cion-i-bhfeidhm-orm\">An f\u00e9idir leis an gc\u00fairt tuairim gairmi\u00fail a iarraidh mar gheall ar conas a ndeachaigh an cion i bhfeidhm orm?<\/a><\/h2>\n\n    <\/div>\n    <div id=\"accordion-othy-cy-foy-im-collapse-an-feidir-leis-an-gcuirt-tuairim-gairmiuil-a-iarraidh-mar-gheall-ar-conas-a-ndeachaigh-an-cion-i-bhfeidhm-orm\" class=\"collapse\" aria-labelledby=\"heading-an-feidir-leis-an-gcuirt-tuairim-gairmiuil-a-iarraidh-mar-gheall-ar-conas-a-ndeachaigh-an-cion-i-bhfeidhm-orm\" data-parent=\"#accordion-othy-cy-foy-im\" style=\"\">\n        <div class=\"card-body\">\n            <p>Is f\u00e9idir. Is f\u00e9idir go n-iarrfaidh an ch\u00fairt go nd\u00e9anfaidh duine gairmi\u00fail meas\u00fan\u00fa ort, mar shampla s\u00edceola\u00ed. N\u00ed tharl\u00f3dh s\u00e9 seo ach i gc\u00e1sanna \u00e1irithe, i gc\u00e1sanna chion gn\u00e9asach. D\u00e1 mba rud \u00e9 go<br \/>\nn-iarradh an ch\u00fairt a leith\u00e9id i do ch\u00e1s, mh\u00edneodh na Garda\u00ed an n\u00f3s imeachta duit. Buailfidh an duine gairmi\u00fail seo leat le labhairt leat faoin tionchar at\u00e1 ag an gcoir ort. Ansin cumann siad Tuairisc Tionchair \u00cdospartaigh don ch\u00fairt \u00e1it a dtugann siad a thuairim ar thionchar na coire ar do shaol. T\u00e1 s\u00e9 seo ar leithligh \u00f3n R\u00e1iteas Tionchair \u00cdospartaigh a dh\u00e9anann t\u00fa t\u00fa f\u00e9in.<\/p>\n\n        <\/div>\n    <\/div>\n<\/div><\/div>[vc_column_text]<\/p>\n<h2>Breis Eolais<\/h2>\n<p>M\u00e1 theasta\u00edonn breis eolais uait faoi R\u00e1iteas Tionchair \u00cdospartaigh is f\u00e9idir breathn\u00fa ar alt 5 den Acht um Ceartais Coiri\u00fail 1993, d\u00e1 dtagra\u00edtear ar leathanach 47 d\u00e1r dTreoirl\u00ednte d&#8217;Ionch\u00faisitheoir\u00ed, ar f\u00e9idir leat rochtain a fh\u00e1il orthu tr\u00ed chlice\u00e1il <a href=\"https:\/\/www.dppireland.ie\/ga\/publication-category\/guidelines-for-prosecutors\" target=\"_blank\" rel=\"noopener\">anseo<\/a>.<\/p>\n<p><strong><a href=\"https:\/\/www.dppireland.ie\/ga\/publications\/information-for-the-public\/\" aria-label=\"Making a victim impact statement\"><img loading=\"lazy\" decoding=\"async\" class=\"alignright\" src=\"https:\/\/www.dppireland.ie\/app\/uploads\/2019\/03\/Making_a_Victim_Impact_Statement_-_Irish.jpg\" alt=\"Making a victim impact statement\" width=\"114\" height=\"240\" \/><\/a><a href=\"https:\/\/www.dppireland.ie\/ga\/publications\/information-for-the-public\/\">R\u00e1iteas Tionchair \u00cdospartaigh a Dh\u00e9anamh<\/a><\/strong> (PDF &#8211; 61KB)<\/p>\n<ul>\n<li><a href=\"https:\/\/www.dppireland.ie\/ga\/publications\/information-for-the-public\/?doclang=arabic\"><strong>\u0639\u0631\u0628\u064a<\/strong> (Arabic)<\/a> [PDF &#8211; 68.4KB]<\/li>\n<li><a href=\"https:\/\/www.dppireland.ie\/ga\/publications\/information-for-the-public\/?doclang=mandarin\"><strong>\u4e2d\u6587<\/strong> (Mandarin)<\/a> [PDF &#8211; 245KB]<\/li>\n<li><a href=\"https:\/\/www.dppireland.ie\/ga\/publications\/information-for-the-public\/?doclang=spanish\"><strong>Espa\u00f1ol<\/strong>&nbsp;(Spanish)<\/a> [PDF &#8211; 77.7KB]<\/li>\n<li><a href=\"https:\/\/www.dppireland.ie\/ga\/publications\/information-for-the-public\/?doclang=polish\"><strong>Polski<\/strong>&nbsp;(Polish)<\/a> [PDF &#8211; 75.6KB]<\/li>\n<li><a href=\"https:\/\/www.dppireland.ie\/ga\/publications\/information-for-the-public\/?doclang=french\"><strong>Fran\u00e7ais<\/strong>&nbsp;(French)<\/a> [PDF &#8211; 79.5KB]<\/li>\n<li><a href=\"https:\/\/www.dppireland.ie\/ga\/publications\/information-for-the-public\/?doclang=portuguese\"><strong>Portugu\u00eas <\/strong>(Portuguese)<\/a> [PDF &#8211; 74.2KB]<\/li>\n<li><a href=\"https:\/\/www.dppireland.ie\/ga\/publications\/information-for-the-public\/?doclang=latvian\"><strong>Latvie\u0161u <\/strong>(Latvian)<\/a> [PDF &#8211; 74.4KB]<\/li>\n<li><a href=\"https:\/\/www.dppireland.ie\/ga\/publications\/information-for-the-public\/?doclang=russian\"><strong>\u0420y\u0441\u0441\u043a\u0438\u0439 <\/strong>(Russian)<\/a> [PDF &#8211; 77.3KB]<\/li>\n<li><a href=\"https:\/\/www.dppireland.ie\/ga\/publications\/information-for-the-public\/?doclang=lithuanian\"><strong>Lietuvi\u0173 <\/strong>(Lithuanian)<\/a> [PDF &#8211; 71KB]<\/li>\n<li><a href=\"https:\/\/www.dppireland.ie\/ga\/publications\/information-for-the-public\/?doclang=romanian\"><strong>Rom\u00e2ne\u0219te <\/strong>(Romanian)<\/a> [PDF &#8211; 72.4KB]<\/li>\n<\/ul>\n<p>[\/vc_column_text][\/vc_column][\/vc_row]<\/p>\n<\/div>","protected":false},"excerpt":{"rendered":"<p>[vc_row][vc_column][vc_column_text]Cuireann an bhileog roimhe iarracht a dh\u00e9anamh na ceisteanna is coitianta faoi R\u00e1iteas Tionchair \u00cdospartaigh a dh\u00e9anamh a fhreagairt. N\u00ed chl\u00fada\u00edonn s\u00e9 gach uile c\u00fainse a d\u2019fh\u00e9adfadh a bheith i gceist agus n\u00ed comhairle dl\u00ed at\u00e1 ann. M\u00e1 theasta\u00edonn a leith\u00e9id uait b\u2019fhearr duit dul chuig aturnae.[\/vc_column_text][vc_column_text] Breis Eolais M\u00e1 theasta\u00edonn breis eolais uait faoi &hellip; <a href=\"https:\/\/www.dppireland.ie\/ga\/victims-witnesses\/making-a-victim-impact-statement\/\">Continued<\/a><\/p>\n","protected":false},"author":1,"featured_media":0,"parent":10504,"menu_order":0,"comment_status":"closed","ping_status":"closed","template":"","meta":{"_acf_changed":false,"om_disable_all_campaigns":false,"_relevanssi_hide_post":"","_relevanssi_hide_content":"","_relevanssi_pin_for_all":"","_relevanssi_pin_keywords":"","_relevanssi_unpin_keywords":"","_relevanssi_related_keywords":"","_relevanssi_related_include_ids":"","_relevanssi_related_exclude_ids":"","_relevanssi_related_no_append":"","_relevanssi_related_not_related":"","_relevanssi_related_posts":"","_relevanssi_noindex_reason":"","_monsterinsights_skip_tracking":false,"_monsterinsights_sitenote_active":false,"_monsterinsights_sitenote_note":"","_monsterinsights_sitenote_category":0,"_uf_show_specific_survey":0,"_uf_disable_surveys":false,"footnotes":""},"class_list":["post-10483","page","type-page","status-publish","hentry"],"acf":[],"yoast_head":"<!-- This site is optimized with the Yoast SEO plugin v27.5 - https:\/\/yoast.com\/product\/yoast-seo-wordpress\/ -->\n<title>R\u00e1iteas Tionchair \u00cdospartaigh a Dh\u00e9anamh - Office of the Director of Public Prosecutions<\/title>\n<meta name=\"description\" content=\"Office of the Director of Public Prosecutions - Providing a prosecution that is independent, fair and effective\" \/>\n<meta name=\"robots\" content=\"index, follow, max-snippet:-1, max-image-preview:large, max-video-preview:-1\" \/>\n<link rel=\"canonical\" href=\"https:\/\/www.dppireland.ie\/ga\/victims-witnesses\/making-a-victim-impact-statement\/\" \/>\n<meta property=\"og:locale\" content=\"ga_IE\" \/>\n<meta property=\"og:type\" content=\"article\" \/>\n<meta property=\"og:title\" content=\"R\u00e1iteas Tionchair \u00cdospartaigh a Dh\u00e9anamh - Office of the Director of Public Prosecutions\" \/>\n<meta property=\"og:description\" content=\"Office of the Director of Public Prosecutions - Providing a prosecution that is independent, fair and effective\" \/>\n<meta property=\"og:url\" content=\"https:\/\/www.dppireland.ie\/ga\/victims-witnesses\/making-a-victim-impact-statement\/\" \/>\n<meta property=\"og:site_name\" content=\"Office of the Director of Public Prosecutions\" \/>\n<meta property=\"article:modified_time\" content=\"2022-08-18T15:01:04+00:00\" \/>\n<meta property=\"og:image\" content=\"https:\/\/www.dppireland.ie\/app\/uploads\/2019\/03\/Making_a_Victim_Impact_Statement_-_Irish.jpg\" \/>\n<meta name=\"twitter:card\" content=\"summary_large_image\" \/>\n<meta name=\"twitter:label1\" content=\"Est. reading time\" \/>\n\t<meta name=\"twitter:data1\" content=\"5 minutes\" \/>\n<script type=\"application\/ld+json\" class=\"yoast-schema-graph\">{\"@context\":\"https:\\\/\\\/schema.org\",\"@graph\":[{\"@type\":\"WebPage\",\"@id\":\"https:\\\/\\\/www.dppireland.ie\\\/ga\\\/victims-witnesses\\\/making-a-victim-impact-statement\\\/\",\"url\":\"https:\\\/\\\/www.dppireland.ie\\\/ga\\\/victims-witnesses\\\/making-a-victim-impact-statement\\\/\",\"name\":\"R\u00e1iteas Tionchair \u00cdospartaigh a Dh\u00e9anamh - Office of the Director of Public Prosecutions\",\"isPartOf\":{\"@id\":\"https:\\\/\\\/www.dppireland.ie\\\/#website\"},\"primaryImageOfPage\":{\"@id\":\"https:\\\/\\\/www.dppireland.ie\\\/ga\\\/victims-witnesses\\\/making-a-victim-impact-statement\\\/#primaryimage\"},\"image\":{\"@id\":\"https:\\\/\\\/www.dppireland.ie\\\/ga\\\/victims-witnesses\\\/making-a-victim-impact-statement\\\/#primaryimage\"},\"thumbnailUrl\":\"https:\\\/\\\/www.dppireland.ie\\\/app\\\/uploads\\\/2019\\\/03\\\/Making_a_Victim_Impact_Statement_-_Irish.jpg\",\"datePublished\":\"2019-01-24T15:53:10+00:00\",\"dateModified\":\"2022-08-18T15:01:04+00:00\",\"description\":\"Office of the Director of Public Prosecutions - Providing a prosecution that is independent, fair and effective\",\"breadcrumb\":{\"@id\":\"https:\\\/\\\/www.dppireland.ie\\\/ga\\\/victims-witnesses\\\/making-a-victim-impact-statement\\\/#breadcrumb\"},\"inLanguage\":\"ga-IE\",\"potentialAction\":[{\"@type\":\"ReadAction\",\"target\":[\"https:\\\/\\\/www.dppireland.ie\\\/ga\\\/victims-witnesses\\\/making-a-victim-impact-statement\\\/\"]}]},{\"@type\":\"ImageObject\",\"inLanguage\":\"ga-IE\",\"@id\":\"https:\\\/\\\/www.dppireland.ie\\\/ga\\\/victims-witnesses\\\/making-a-victim-impact-statement\\\/#primaryimage\",\"url\":\"https:\\\/\\\/www.dppireland.ie\\\/app\\\/uploads\\\/2019\\\/03\\\/Making_a_Victim_Impact_Statement_-_Irish.jpg\",\"contentUrl\":\"https:\\\/\\\/www.dppireland.ie\\\/app\\\/uploads\\\/2019\\\/03\\\/Making_a_Victim_Impact_Statement_-_Irish.jpg\"},{\"@type\":\"BreadcrumbList\",\"@id\":\"https:\\\/\\\/www.dppireland.ie\\\/ga\\\/victims-witnesses\\\/making-a-victim-impact-statement\\\/#breadcrumb\",\"itemListElement\":[{\"@type\":\"ListItem\",\"position\":1,\"name\":\"Home\",\"item\":\"https:\\\/\\\/www.dppireland.ie\\\/ga\\\/\"},{\"@type\":\"ListItem\",\"position\":2,\"name\":\"\u00cdospartaigh agus Finn\u00e9ithe\",\"item\":\"https:\\\/\\\/www.dppireland.ie\\\/ga\\\/victims-witnesses\\\/\"},{\"@type\":\"ListItem\",\"position\":3,\"name\":\"R\u00e1iteas Tionchair \u00cdospartaigh a Dh\u00e9anamh\"}]},{\"@type\":\"WebSite\",\"@id\":\"https:\\\/\\\/www.dppireland.ie\\\/#website\",\"url\":\"https:\\\/\\\/www.dppireland.ie\\\/\",\"name\":\"Office of the Director of Public Prosecutions\",\"description\":\"Providing a prosecution that is independent, fair and effective\",\"potentialAction\":[{\"@type\":\"SearchAction\",\"target\":{\"@type\":\"EntryPoint\",\"urlTemplate\":\"https:\\\/\\\/www.dppireland.ie\\\/?s={search_term_string}\"},\"query-input\":{\"@type\":\"PropertyValueSpecification\",\"valueRequired\":true,\"valueName\":\"search_term_string\"}}],\"inLanguage\":\"ga-IE\"}]}<\/script>\n<!-- \/ Yoast SEO plugin. -->","yoast_head_json":{"title":"R\u00e1iteas Tionchair \u00cdospartaigh a Dh\u00e9anamh - Office of the Director of Public Prosecutions","description":"Office of the Director of Public Prosecutions - Providing a prosecution that is independent, fair and effective","robots":{"index":"index","follow":"follow","max-snippet":"max-snippet:-1","max-image-preview":"max-image-preview:large","max-video-preview":"max-video-preview:-1"},"canonical":"https:\/\/www.dppireland.ie\/ga\/victims-witnesses\/making-a-victim-impact-statement\/","og_locale":"ga_IE","og_type":"article","og_title":"R\u00e1iteas Tionchair \u00cdospartaigh a Dh\u00e9anamh - Office of the Director of Public Prosecutions","og_description":"Office of the Director of Public Prosecutions - Providing a prosecution that is independent, fair and effective","og_url":"https:\/\/www.dppireland.ie\/ga\/victims-witnesses\/making-a-victim-impact-statement\/","og_site_name":"Office of the Director of Public Prosecutions","article_modified_time":"2022-08-18T15:01:04+00:00","og_image":[{"url":"https:\/\/www.dppireland.ie\/app\/uploads\/2019\/03\/Making_a_Victim_Impact_Statement_-_Irish.jpg","type":"","width":"","height":""}],"twitter_card":"summary_large_image","twitter_misc":{"Est. reading time":"5 minutes"},"schema":{"@context":"https:\/\/schema.org","@graph":[{"@type":"WebPage","@id":"https:\/\/www.dppireland.ie\/ga\/victims-witnesses\/making-a-victim-impact-statement\/","url":"https:\/\/www.dppireland.ie\/ga\/victims-witnesses\/making-a-victim-impact-statement\/","name":"R\u00e1iteas Tionchair \u00cdospartaigh a Dh\u00e9anamh - Office of the Director of Public Prosecutions","isPartOf":{"@id":"https:\/\/www.dppireland.ie\/#website"},"primaryImageOfPage":{"@id":"https:\/\/www.dppireland.ie\/ga\/victims-witnesses\/making-a-victim-impact-statement\/#primaryimage"},"image":{"@id":"https:\/\/www.dppireland.ie\/ga\/victims-witnesses\/making-a-victim-impact-statement\/#primaryimage"},"thumbnailUrl":"https:\/\/www.dppireland.ie\/app\/uploads\/2019\/03\/Making_a_Victim_Impact_Statement_-_Irish.jpg","datePublished":"2019-01-24T15:53:10+00:00","dateModified":"2022-08-18T15:01:04+00:00","description":"Office of the Director of Public Prosecutions - Providing a prosecution that is independent, fair and effective","breadcrumb":{"@id":"https:\/\/www.dppireland.ie\/ga\/victims-witnesses\/making-a-victim-impact-statement\/#breadcrumb"},"inLanguage":"ga-IE","potentialAction":[{"@type":"ReadAction","target":["https:\/\/www.dppireland.ie\/ga\/victims-witnesses\/making-a-victim-impact-statement\/"]}]},{"@type":"ImageObject","inLanguage":"ga-IE","@id":"https:\/\/www.dppireland.ie\/ga\/victims-witnesses\/making-a-victim-impact-statement\/#primaryimage","url":"https:\/\/www.dppireland.ie\/app\/uploads\/2019\/03\/Making_a_Victim_Impact_Statement_-_Irish.jpg","contentUrl":"https:\/\/www.dppireland.ie\/app\/uploads\/2019\/03\/Making_a_Victim_Impact_Statement_-_Irish.jpg"},{"@type":"BreadcrumbList","@id":"https:\/\/www.dppireland.ie\/ga\/victims-witnesses\/making-a-victim-impact-statement\/#breadcrumb","itemListElement":[{"@type":"ListItem","position":1,"name":"Home","item":"https:\/\/www.dppireland.ie\/ga\/"},{"@type":"ListItem","position":2,"name":"\u00cdospartaigh agus Finn\u00e9ithe","item":"https:\/\/www.dppireland.ie\/ga\/victims-witnesses\/"},{"@type":"ListItem","position":3,"name":"R\u00e1iteas Tionchair \u00cdospartaigh a Dh\u00e9anamh"}]},{"@type":"WebSite","@id":"https:\/\/www.dppireland.ie\/#website","url":"https:\/\/www.dppireland.ie\/","name":"Office of the Director of Public Prosecutions","description":"Providing a prosecution that is independent, fair and effective","potentialAction":[{"@type":"SearchAction","target":{"@type":"EntryPoint","urlTemplate":"https:\/\/www.dppireland.ie\/?s={search_term_string}"},"query-input":{"@type":"PropertyValueSpecification","valueRequired":true,"valueName":"search_term_string"}}],"inLanguage":"ga-IE"}]}},"jetpack_sharing_enabled":true,"_links":{"self":[{"href":"https:\/\/www.dppireland.ie\/ga\/wp-json\/wp\/v2\/pages\/10483","targetHints":{"allow":["GET"]}}],"collection":[{"href":"https:\/\/www.dppireland.ie\/ga\/wp-json\/wp\/v2\/pages"}],"about":[{"href":"https:\/\/www.dppireland.ie\/ga\/wp-json\/wp\/v2\/types\/page"}],"author":[{"embeddable":true,"href":"https:\/\/www.dppireland.ie\/ga\/wp-json\/wp\/v2\/users\/1"}],"replies":[{"embeddable":true,"href":"https:\/\/www.dppireland.ie\/ga\/wp-json\/wp\/v2\/comments?post=10483"}],"version-history":[{"count":5,"href":"https:\/\/www.dppireland.ie\/ga\/wp-json\/wp\/v2\/pages\/10483\/revisions"}],"predecessor-version":[{"id":10742,"href":"https:\/\/www.dppireland.ie\/ga\/wp-json\/wp\/v2\/pages\/10483\/revisions\/10742"}],"up":[{"embeddable":true,"href":"https:\/\/www.dppireland.ie\/ga\/wp-json\/wp\/v2\/pages\/10504"}],"wp:attachment":[{"href":"https:\/\/www.dppireland.ie\/ga\/wp-json\/wp\/v2\/media?parent=10483"}],"curies":[{"name":"wp","href":"https:\/\/api.w.org\/{rel}","templated":true}]}}