{"id":10467,"date":"2019-01-24T16:00:29","date_gmt":"2019-01-24T16:00:29","guid":{"rendered":"https:\/\/www.dppireland.ie\/freedom-of-information\/"},"modified":"2024-04-30T10:47:53","modified_gmt":"2024-04-30T09:47:53","slug":"freedom-of-information","status":"publish","type":"page","link":"https:\/\/www.dppireland.ie\/ga\/compliance\/freedom-of-information\/","title":{"rendered":"Saor\u00e1il Faisn\u00e9ise"},"content":{"rendered":"<div class=\"wpb-content-wrapper\"><p>[vc_row][vc_column][vc_column_text]T\u00e1 an <a href=\"http:\/\/www.irishstatutebook.ie\/eli\/2014\/act\/30\/enacted\/en\/html\">tAcht um Shaor\u00e1il Faisn\u00e9ise (FOI) 2014<\/a>, i leith agus dearbha\u00edtear leis an ceart at\u00e1 ag daoine \u00f3n bpobal rochtain a fh\u00e1il ar fhaisn\u00e9is oifigi\u00fail a mh\u00e9ad is f\u00e9idir ar comhr\u00e9ir le leas an phobail agus an ceart at\u00e1 ag daoine aonair chun pr\u00edobh\u00e1ideachta.<\/p>\n<p>D\u00e9anann Oifig an Sti\u00farth\u00f3ra Ionch\u00faiseamh Poibl\u00ed faisn\u00e9is a chur ar f\u00e1il go rialta don phobal faoina strucht\u00far, faoina feidhmeanna agus faoina gn\u00edomha\u00edochta\u00ed tr\u00edna cuid Tuarasc\u00e1lacha Bliant\u00fala, agus a R\u00e1iteas Strait\u00e9ise agus Treoirl\u00ednte Ginear\u00e1lta d&#8217;Ionch\u00faisitheoir\u00ed a fhoilsi\u00fa. Leanfaidh an Oifig de bheith ag leathn\u00fa na r\u00e9imse faisn\u00e9ise at\u00e1 ar f\u00e1il don phobal tr\u00edn\u00e1r l\u00e1ithre\u00e1n gr\u00e9as\u00e1in.<\/p>\n<h2>Sc\u00e9im Foilseach\u00e1in Saor\u00e1il Faisneise<\/h2>\n<p>I dTreoir\u00a0<a href=\"https:\/\/www.dppireland.ie\/app\/uploads\/2024\/04\/FOI-Publication-Scheme-revised-Dec-2018-IRL.docx\"><strong>Sc\u00e9im Foilseach\u00e1in Saor\u00e1il Faisneise<\/strong><\/a> tugadh achoimre ar r\u00f3l agus ar fheidhmeanna na hOifige, a strucht\u00far agus na n\u00f3sanna imeachta a bhaineann le hiarraidh a dh\u00e9anamh faoin alt\u00a08\u00a0dAcht um Shaor\u00e1il Faisn\u00e9ise 2014.<\/p>\n<h2>Faisn\u00e9is Airgeadais<\/h2>\n<p>T\u00e1 sonra\u00ed na n-\u00edoca\u00edochta\u00ed le haghaidh earra\u00ed agus seirbh\u00eds\u00ed na n\u00edos m\u00f3 n\u00e1 \u20ac20,000 CBL san \u00e1ireamh a nuashonr\u00fa gach r\u00e1ithe agus a chur ar f\u00e1il ar an su\u00edomh.\u00a0<a href=\"https:\/\/www.dppireland.ie\/app\/uploads\/2019\/03\/Financial_Information_for_Publication_Scheme.pdf\">Clice\u00e1il anseo le haghaidh an t-eolas is d\u00e9ana\u00ed airgeadais<\/a>\u00a0<em>(<\/em>t<em>\u00e1 an ch\u00e1ip\u00e9is seo \u00e1 haistri\u00fa go Gaeilge i l\u00e1thair na huaire agus beidh s\u00ed ar fail go luath)<\/em>.<\/p>\n<h2>F\u00f3gra Srianta<\/h2>\n<p><strong>Srian faoi alt 42(f) den Acht Um Shaor\u00e1il Faisn\u00e9ise 2014:<\/strong><\/p>\n<p>T\u00e1 s\u00e9 t\u00e1bhachtach go mbeadh an pobal ar an eolas go dtagann taifid Oifig an Sti\u00farth\u00f3ir Ionch\u00faiseamh Poibl\u00ed faoi r\u00e9ir na sriantachta\u00ed d\u00e1 bhfor\u00e1iltear faoi <a href=\"http:\/\/www.irishstatutebook.ie\/eli\/2014\/act\/30\/section\/42\/enacted\/en\/html#sec42\">alt 42(f)<\/a>\u00a0den Acht um Shaor\u00e1il Faisn\u00e9ise. D\u00e1 bhr\u00ed sin, n\u00edl taifid at\u00e1 i seilbh na hOifige seo, n\u00f3 cruthaithe aici, seachas taifid a bhaineann le riaradh ginear\u00e1lta na hOifige, ar f\u00e1il faoin Acht um Shaor\u00e1il Faisn\u00e9ise. <strong>Cialla\u00ednn s\u00e9 sin nach bhfuil taifid maidir le comhaid ch\u00e1sanna coiri\u00fala ar f\u00e1il faoin Acht um Shaor\u00e1il Faisn\u00e9ise<\/strong>.<\/p>\n<h2>Foirm Iarratais um Shaor\u00e1il Faisnise<\/h2>\n<p><a href=\"https:\/\/www.dppireland.ie\/app\/uploads\/2019\/03\/FOI_Application_Form_irl1.docx\"><strong>Foirm Iarratais um Shaoril Faisnise<\/strong><\/a>\u00a0(Microsoft Word Document)<\/p>\n<p>Chun a dh\u00e9anamh ar iarratas Saor\u00e1il Faisn\u00e9ise leictreonach, cuir r-phost: <strong><a href=\"mailto:foi@dppireland.ie\">foi@dppireland.ie<\/a><\/strong><\/p>\n<h2>D\u00e9an Teagmh\u00e1il leis an tAonad um Shaor\u00e1il Faisn\u00e9ise<\/h2>\n<p>Is f\u00e9idir le daoine dul i dteagmh\u00e1il leis an aonad FOI tr\u00ed theileaf\u00f3in ag <strong>(01) 858 8500<\/strong> n\u00f3 tr\u00ed r\u00edomhphost ag <strong><a href=\"mailto:foi@dppireland.ie\">foi@dppireland.ie<\/a><\/strong>. Is f\u00e9idir an seoladh r\u00edomhphoist a \u00fas\u00e1id chun iarraidh Shaor\u00e1il Faisn\u00e9ise a chur isteach, ach n\u00ed f\u00e9idir \u00e9 a \u00fas\u00e1id chun iarratas a dh\u00e9anamh ar athbhreithni\u00fa inmhe\u00e1nach nuair at\u00e1 t\u00e1ille iarratais ag teast\u00e1il.<\/p>\n<p>Le haghaidh tuilleadh eolais maidir le Saor\u00e1il Faisn\u00e9ise, tabhair cuairt ar l\u00e1ithre\u00e1n gr\u00e9as\u00e1in an <a href=\"https:\/\/foi.gov.ie\/ga\/\">L\u00e1raonad Polasa\u00ed um Shaor\u00e1il Faisn\u00e9ise<\/a> sa Roinn Ceatheachais Phoibl\u00ed agus Athch\u00f3irithe agus ar l\u00e1ithre\u00e1n gr\u00e9as\u00e1in <a href=\"https:\/\/www.oic.ie\/index.xml?&amp;Language=ga\">Oifig an Choimisin\u00e9ara Faisn\u00e9ise<\/a>.[\/vc_column_text][\/vc_column][\/vc_row]<\/p>\n<\/div>","protected":false},"excerpt":{"rendered":"<p>[vc_row][vc_column][vc_column_text]T\u00e1 an tAcht um Shaor\u00e1il Faisn\u00e9ise (FOI) 2014, i leith agus dearbha\u00edtear leis an ceart at\u00e1 ag daoine \u00f3n bpobal rochtain a fh\u00e1il ar fhaisn\u00e9is oifigi\u00fail a mh\u00e9ad is f\u00e9idir ar comhr\u00e9ir le leas an phobail agus an ceart at\u00e1 ag daoine aonair chun pr\u00edobh\u00e1ideachta. D\u00e9anann Oifig an Sti\u00farth\u00f3ra Ionch\u00faiseamh Poibl\u00ed faisn\u00e9is a chur ar &hellip; <a href=\"https:\/\/www.dppireland.ie\/ga\/compliance\/freedom-of-information\/\">Continued<\/a><\/p>\n","protected":false},"author":1,"featured_media":0,"parent":10471,"menu_order":2,"comment_status":"closed","ping_status":"closed","template":"","meta":{"_acf_changed":false,"om_disable_all_campaigns":false,"_relevanssi_hide_post":"","_relevanssi_hide_content":"","_relevanssi_pin_for_all":"","_relevanssi_pin_keywords":"","_relevanssi_unpin_keywords":"","_relevanssi_related_keywords":"","_relevanssi_related_include_ids":"","_relevanssi_related_exclude_ids":"","_relevanssi_related_no_append":"","_relevanssi_related_not_related":"","_relevanssi_related_posts":"","_relevanssi_noindex_reason":"","_monsterinsights_skip_tracking":false,"_monsterinsights_sitenote_active":false,"_monsterinsights_sitenote_note":"","_monsterinsights_sitenote_category":0,"_uf_show_specific_survey":0,"_uf_disable_surveys":false,"footnotes":""},"class_list":["post-10467","page","type-page","status-publish","hentry"],"acf":[],"yoast_head":"<!-- This site is optimized with the Yoast SEO plugin v27.5 - https:\/\/yoast.com\/product\/yoast-seo-wordpress\/ -->\n<title>Saor\u00e1il Faisn\u00e9ise - Office of the Director of Public Prosecutions<\/title>\n<meta name=\"description\" content=\"Office of the Director of Public Prosecutions - Providing a prosecution that is independent, fair and effective\" \/>\n<meta name=\"robots\" content=\"index, follow, max-snippet:-1, max-image-preview:large, max-video-preview:-1\" \/>\n<link rel=\"canonical\" href=\"https:\/\/www.dppireland.ie\/ga\/compliance\/freedom-of-information\/\" \/>\n<meta property=\"og:locale\" content=\"ga_IE\" \/>\n<meta property=\"og:type\" content=\"article\" \/>\n<meta property=\"og:title\" content=\"Saor\u00e1il Faisn\u00e9ise - Office of the Director of Public Prosecutions\" \/>\n<meta property=\"og:description\" content=\"Office of the Director of Public Prosecutions - Providing a prosecution that is independent, fair and effective\" \/>\n<meta property=\"og:url\" content=\"https:\/\/www.dppireland.ie\/ga\/compliance\/freedom-of-information\/\" \/>\n<meta property=\"og:site_name\" content=\"Office of the Director of Public Prosecutions\" \/>\n<meta property=\"article:modified_time\" content=\"2024-04-30T09:47:53+00:00\" \/>\n<meta name=\"twitter:card\" content=\"summary_large_image\" \/>\n<meta name=\"twitter:label1\" content=\"Est. reading time\" \/>\n\t<meta name=\"twitter:data1\" content=\"2 minutes\" \/>\n<script type=\"application\/ld+json\" class=\"yoast-schema-graph\">{\"@context\":\"https:\\\/\\\/schema.org\",\"@graph\":[{\"@type\":\"WebPage\",\"@id\":\"https:\\\/\\\/www.dppireland.ie\\\/ga\\\/compliance\\\/freedom-of-information\\\/\",\"url\":\"https:\\\/\\\/www.dppireland.ie\\\/ga\\\/compliance\\\/freedom-of-information\\\/\",\"name\":\"Saor\u00e1il Faisn\u00e9ise - Office of the Director of Public Prosecutions\",\"isPartOf\":{\"@id\":\"https:\\\/\\\/www.dppireland.ie\\\/#website\"},\"datePublished\":\"2019-01-24T16:00:29+00:00\",\"dateModified\":\"2024-04-30T09:47:53+00:00\",\"description\":\"Office of the Director of Public Prosecutions - Providing a prosecution that is independent, fair and effective\",\"breadcrumb\":{\"@id\":\"https:\\\/\\\/www.dppireland.ie\\\/ga\\\/compliance\\\/freedom-of-information\\\/#breadcrumb\"},\"inLanguage\":\"ga-IE\",\"potentialAction\":[{\"@type\":\"ReadAction\",\"target\":[\"https:\\\/\\\/www.dppireland.ie\\\/ga\\\/compliance\\\/freedom-of-information\\\/\"]}]},{\"@type\":\"BreadcrumbList\",\"@id\":\"https:\\\/\\\/www.dppireland.ie\\\/ga\\\/compliance\\\/freedom-of-information\\\/#breadcrumb\",\"itemListElement\":[{\"@type\":\"ListItem\",\"position\":1,\"name\":\"Home\",\"item\":\"https:\\\/\\\/www.dppireland.ie\\\/ga\\\/\"},{\"@type\":\"ListItem\",\"position\":2,\"name\":\"Comhlionadh\",\"item\":\"https:\\\/\\\/www.dppireland.ie\\\/ga\\\/compliance\\\/\"},{\"@type\":\"ListItem\",\"position\":3,\"name\":\"Saor\u00e1il Faisn\u00e9ise\"}]},{\"@type\":\"WebSite\",\"@id\":\"https:\\\/\\\/www.dppireland.ie\\\/#website\",\"url\":\"https:\\\/\\\/www.dppireland.ie\\\/\",\"name\":\"Office of the Director of Public Prosecutions\",\"description\":\"Providing a prosecution that is independent, fair and effective\",\"potentialAction\":[{\"@type\":\"SearchAction\",\"target\":{\"@type\":\"EntryPoint\",\"urlTemplate\":\"https:\\\/\\\/www.dppireland.ie\\\/?s={search_term_string}\"},\"query-input\":{\"@type\":\"PropertyValueSpecification\",\"valueRequired\":true,\"valueName\":\"search_term_string\"}}],\"inLanguage\":\"ga-IE\"}]}<\/script>\n<!-- \/ Yoast SEO plugin. -->","yoast_head_json":{"title":"Saor\u00e1il Faisn\u00e9ise - Office of the Director of Public Prosecutions","description":"Office of the Director of Public Prosecutions - Providing a prosecution that is independent, fair and effective","robots":{"index":"index","follow":"follow","max-snippet":"max-snippet:-1","max-image-preview":"max-image-preview:large","max-video-preview":"max-video-preview:-1"},"canonical":"https:\/\/www.dppireland.ie\/ga\/compliance\/freedom-of-information\/","og_locale":"ga_IE","og_type":"article","og_title":"Saor\u00e1il Faisn\u00e9ise - Office of the Director of Public Prosecutions","og_description":"Office of the Director of Public Prosecutions - Providing a prosecution that is independent, fair and effective","og_url":"https:\/\/www.dppireland.ie\/ga\/compliance\/freedom-of-information\/","og_site_name":"Office of the Director of Public Prosecutions","article_modified_time":"2024-04-30T09:47:53+00:00","twitter_card":"summary_large_image","twitter_misc":{"Est. reading time":"2 minutes"},"schema":{"@context":"https:\/\/schema.org","@graph":[{"@type":"WebPage","@id":"https:\/\/www.dppireland.ie\/ga\/compliance\/freedom-of-information\/","url":"https:\/\/www.dppireland.ie\/ga\/compliance\/freedom-of-information\/","name":"Saor\u00e1il Faisn\u00e9ise - Office of the Director of Public Prosecutions","isPartOf":{"@id":"https:\/\/www.dppireland.ie\/#website"},"datePublished":"2019-01-24T16:00:29+00:00","dateModified":"2024-04-30T09:47:53+00:00","description":"Office of the Director of Public Prosecutions - Providing a prosecution that is independent, fair and effective","breadcrumb":{"@id":"https:\/\/www.dppireland.ie\/ga\/compliance\/freedom-of-information\/#breadcrumb"},"inLanguage":"ga-IE","potentialAction":[{"@type":"ReadAction","target":["https:\/\/www.dppireland.ie\/ga\/compliance\/freedom-of-information\/"]}]},{"@type":"BreadcrumbList","@id":"https:\/\/www.dppireland.ie\/ga\/compliance\/freedom-of-information\/#breadcrumb","itemListElement":[{"@type":"ListItem","position":1,"name":"Home","item":"https:\/\/www.dppireland.ie\/ga\/"},{"@type":"ListItem","position":2,"name":"Comhlionadh","item":"https:\/\/www.dppireland.ie\/ga\/compliance\/"},{"@type":"ListItem","position":3,"name":"Saor\u00e1il Faisn\u00e9ise"}]},{"@type":"WebSite","@id":"https:\/\/www.dppireland.ie\/#website","url":"https:\/\/www.dppireland.ie\/","name":"Office of the Director of Public Prosecutions","description":"Providing a prosecution that is independent, fair and effective","potentialAction":[{"@type":"SearchAction","target":{"@type":"EntryPoint","urlTemplate":"https:\/\/www.dppireland.ie\/?s={search_term_string}"},"query-input":{"@type":"PropertyValueSpecification","valueRequired":true,"valueName":"search_term_string"}}],"inLanguage":"ga-IE"}]}},"jetpack_sharing_enabled":true,"_links":{"self":[{"href":"https:\/\/www.dppireland.ie\/ga\/wp-json\/wp\/v2\/pages\/10467","targetHints":{"allow":["GET"]}}],"collection":[{"href":"https:\/\/www.dppireland.ie\/ga\/wp-json\/wp\/v2\/pages"}],"about":[{"href":"https:\/\/www.dppireland.ie\/ga\/wp-json\/wp\/v2\/types\/page"}],"author":[{"embeddable":true,"href":"https:\/\/www.dppireland.ie\/ga\/wp-json\/wp\/v2\/users\/1"}],"replies":[{"embeddable":true,"href":"https:\/\/www.dppireland.ie\/ga\/wp-json\/wp\/v2\/comments?post=10467"}],"version-history":[{"count":6,"href":"https:\/\/www.dppireland.ie\/ga\/wp-json\/wp\/v2\/pages\/10467\/revisions"}],"predecessor-version":[{"id":23826,"href":"https:\/\/www.dppireland.ie\/ga\/wp-json\/wp\/v2\/pages\/10467\/revisions\/23826"}],"up":[{"embeddable":true,"href":"https:\/\/www.dppireland.ie\/ga\/wp-json\/wp\/v2\/pages\/10471"}],"wp:attachment":[{"href":"https:\/\/www.dppireland.ie\/ga\/wp-json\/wp\/v2\/media?parent=10467"}],"curies":[{"name":"wp","href":"https:\/\/api.w.org\/{rel}","templated":true}]}}