{"id":10455,"date":"2019-03-05T13:56:23","date_gmt":"2019-03-05T13:56:23","guid":{"rendered":"https:\/\/www.dppireland.ie\/fatal-cases\/"},"modified":"2022-08-18T15:59:54","modified_gmt":"2022-08-18T14:59:54","slug":"fatal-cases","status":"publish","type":"page","link":"https:\/\/www.dppireland.ie\/ga\/victims-witnesses\/decisions-not-to-procecute\/fatal-cases\/","title":{"rendered":"C\u00e1sanna Marfacha"},"content":{"rendered":"<div class=\"wpb-content-wrapper\"><p>[vc_row][vc_column][vc_column_text]<\/p>\n<h2>Beartas ar Ch\u00faiseanna a Thabhairt le Cinnt\u00ed Gan Ionch\u00faiseamh a Dh\u00e9anamh i&nbsp;Gc\u00e1sanna Marfacha<\/h2>\n<p>Baineann an beartas seo le c\u00faiseanna a bh\u00ed le cinnt\u00ed gan ionch\u00faiseamh a dh\u00e9anamh<strong> i gc\u00e1sanna marfacha amh\u00e1in<\/strong>, agus rinneadh an beartas an 22 Deireadh F\u00f3mhair 2008. &nbsp;Th\u00e1inig an beartas maidir le c\u00faiseanna a thabhairt gan ionch\u00faiseamh a dh\u00e9anamh<strong> i ngach c\u00e1s eile<\/strong> i bhfeidhm an 16 Samhain 2015 agus t\u00e1 s\u00e9 leagtha amach in\u00e1r leabhr\u00e1n ar <a href=\"https:\/\/www.dppireland.ie\/ga\/publications\/information-for-the-public\">Conas C\u00faiseanna agus Athbhreithnithe a Iarraidh<\/a>.<\/p>\n<p>An 22 Deireadh F\u00f3mhair 2008 thug Oifig an Sti\u00farth\u00f3ra Ionch\u00faiseamh Poibl\u00ed&nbsp;isteach athr\u00fa ar an bpolasa\u00ed maidir le c\u00faiseanna nach nd\u00e9antar ionch\u00faiseamh a nochtadh.<\/p>\n<h3>Is ar an mbonn seo a leanas a chuirfear an polasa\u00ed sin i bhfeidhm:<\/h3>\n<ol>\n<li>Baineann an polasa\u00ed&nbsp;le cionta l\u00edomhnaithe i gc\u00e1sanna inar tharla b\u00e1s duine agus leo sin amh\u00e1in, ina measc:\n<ul>\n<li>d\u00fanmhar\u00fa<\/li>\n<li>d\u00fanorgain<\/li>\n<li>na\u00edonmhar\u00fa<\/li>\n<li>b\u00e1s sa l\u00e1thair oibre<\/li>\n<li>tion\u00f3isc\u00ed marfacha b\u00f3thair<\/li>\n<\/ul>\n<\/li>\n<li class=\"mt-3\">Tugtar na c\u00faiseanna nach ndearnadh ionch\u00faiseamh, n\u00f3 n\u00e1r leanadh ar aghaidh le hionch\u00faiseamh do ph\u00e1irtithe a bhfuil ceangal dl\u00fath acu leis an t\u00e9 a fuair b\u00e1s, ach na c\u00faiseanna sin a iarraidh, mar shampla:\n<ul>\n<li>daoine de mhuintir n\u00f3 de theaghlach an t\u00e9 a fuair b\u00e1s;<\/li>\n<li>comhairleoir\u00ed dl\u00ed n\u00f3 leighis d\u00e1 gcuid; n\u00f3<\/li>\n<li>oibrithe s\u00f3isialacha at\u00e1 ag obair ar a son.<\/li>\n<\/ul>\n<\/li>\n<li class=\"mt-3\">N\u00ed luaitear c\u00faiseanna ach amh\u00e1in sa ch\u00e1s gur f\u00e9idir sin a dh\u00e9anamh gan \u00e9ag\u00f3ir a tharraingt ar dhuine eile. Thiocfadh sin i gceist i gc\u00e1sanna ina dtarl\u00f3dh, de bharr c\u00fais a lua:\n<ul>\n<li>go mbeadh finn\u00e9 ionchais n\u00f3 duine eile \u00e1 chur i mbaol \u00e9ag\u00f3ra, mar shampla baint \u00f3na gcl\u00fa;<\/li>\n<li>go nochtfa\u00ed foins\u00ed r\u00fanda a bheith ar f\u00e1il n\u00f3 an t\u00e9 at\u00e1 ina fhoinse r\u00fanda n\u00f3 go nochtfa\u00ed modhanna n\u00f3 n\u00f3sanna r\u00fanda a bhaineann le cur i bhfeidhm an dl\u00ed; n\u00f3<\/li>\n<li>go mbeadh tionchar na m\u00edbhunt\u00e1iste ar chur i bhfeidhm an dl\u00ed.<\/li>\n<\/ul>\n<\/li>\n<li class=\"mt-3\">Ba cheart go mbeadh an ch\u00fais a luaitear s\u00e1ch mionsonraithe, nuair is f\u00e9idir sin, agus go mbeadh ar chumas an ph\u00e1irt\u00ed leasmhar an f\u00e1th a bh\u00ed leis an gcinneadh a thuiscint.<\/li>\n<li class=\"mt-3\">Baineann an polasa\u00ed le cinneadh gan ionch\u00faiseamh a dh\u00e9anamh n\u00f3 le cinneadh gan lean\u00faint le hionch\u00faiseamh i gc\u00e1s cionta a mbaineann b\u00e1s leo agus ar ar an 22 Deireadh F\u00f3mhair 2008.<\/li>\n<li class=\"mt-3\">Is i scr\u00edbhinn a chuirfear na c\u00faiseanna le cinnt\u00ed in i\u00fal do ph\u00e1irtithe leasmhara. N\u00edl i gceist, leis an athr\u00fa seo ar an bpolasa\u00ed, go mbeadh sc\u00f3ip ann le cruinnithe ar aon l\u00e1thair leis na p\u00e1irtithe leasmhara a thairiscint.&nbsp; Ba cheart don t\u00e9 a thagann faoi sc\u00e1th alt 2 thuas agus ar mhaith leis fios a bheith aige c\u00e9n ch\u00fais nach ndearnadh ionch\u00faiseamh n\u00f3 n\u00e1r leanadh ar aghaidh le hionch\u00faiseamh scr\u00edobh go dt\u00ed an Sti\u00farth\u00f3ir Ionch\u00faiseamh Poibl\u00ed, B\u00f3thar na hOtharlainne, Baile \u00c1tha Cliath 7.<\/li>\n<li class=\"mt-3\">Is den t\u00e1bhacht go dtugtar chun aire nach gcuirtear aon athr\u00fa leis an bpolasa\u00ed nua seo ar chearta seanbhunaithe an \u00edospartaigh agus a dhaoine muinteartha agus go dtagann an polasa\u00ed nua sa bhreis ar na cearta sin:\n<ul>\n<li>a iarraidh ar an Sti\u00farth\u00f3ir Ionch\u00faiseamh Poibl\u00ed athbhreithni\u00fa a dh\u00e9anamh ar chinneadh ionch\u00faisimh<\/li>\n<li>freastal ar chruinni\u00fa leis an bhfoireann ionch\u00faisimh sula nd\u00e9antar an c\u00e1s a thriail<\/li>\n<li>a iarraidh go n-\u00e9ileodh an Sti\u00farth\u00f3ir Ionch\u00faiseamh Poibl\u00ed athbhreithni\u00fa mar gheall ar phianbhreith is boige n\u00e1 mar ba ch\u00f3ir<\/li>\n<\/ul>\n<\/li>\n<\/ol>\n<h2>Breis Eolais<\/h2>\n<ul>\n<li><strong><a href=\"https:\/\/www.dppireland.ie\/app\/uploads\/2019\/03\/Discussion_Paper_Irish_-_Jan_08.pdf\">Pl\u00e9 Ph\u00e1ip\u00e9ar<\/a><\/strong> (PDF)<\/li>\n<li><strong><a href=\"https:\/\/www.dppireland.ie\/app\/uploads\/2019\/03\/Exec_Summary_Irish_-_Jan_08.pdf\">Achoimre Feidhmi\u00fach\u00e1in<\/a><\/strong> (PDF)<\/li>\n<\/ul>\n<p>[\/vc_column_text][\/vc_column][\/vc_row]<\/p>\n<\/div>","protected":false},"excerpt":{"rendered":"<p>[vc_row][vc_column][vc_column_text] Beartas ar Ch\u00faiseanna a Thabhairt le Cinnt\u00ed Gan Ionch\u00faiseamh a Dh\u00e9anamh i&nbsp;Gc\u00e1sanna Marfacha Baineann an beartas seo le c\u00faiseanna a bh\u00ed le cinnt\u00ed gan ionch\u00faiseamh a dh\u00e9anamh i gc\u00e1sanna marfacha amh\u00e1in, agus rinneadh an beartas an 22 Deireadh F\u00f3mhair 2008. &nbsp;Th\u00e1inig an beartas maidir le c\u00faiseanna a thabhairt gan ionch\u00faiseamh a dh\u00e9anamh i ngach &hellip; <a href=\"https:\/\/www.dppireland.ie\/ga\/victims-witnesses\/decisions-not-to-procecute\/fatal-cases\/\">Continued<\/a><\/p>\n","protected":false},"author":1,"featured_media":0,"parent":10485,"menu_order":0,"comment_status":"closed","ping_status":"closed","template":"","meta":{"_acf_changed":false,"om_disable_all_campaigns":false,"_relevanssi_hide_post":"","_relevanssi_hide_content":"","_relevanssi_pin_for_all":"","_relevanssi_pin_keywords":"","_relevanssi_unpin_keywords":"","_relevanssi_related_keywords":"","_relevanssi_related_include_ids":"","_relevanssi_related_exclude_ids":"","_relevanssi_related_no_append":"","_relevanssi_related_not_related":"","_relevanssi_related_posts":"","_relevanssi_noindex_reason":"","_monsterinsights_skip_tracking":false,"_monsterinsights_sitenote_active":false,"_monsterinsights_sitenote_note":"","_monsterinsights_sitenote_category":0,"_uf_show_specific_survey":0,"_uf_disable_surveys":false,"footnotes":""},"class_list":["post-10455","page","type-page","status-publish","hentry"],"acf":[],"yoast_head":"<!-- This site is optimized with the Yoast SEO plugin v27.5 - https:\/\/yoast.com\/product\/yoast-seo-wordpress\/ -->\n<title>C\u00e1sanna Marfacha - Office of the Director of Public Prosecutions<\/title>\n<meta name=\"description\" content=\"Office of the Director of Public Prosecutions - Providing a prosecution that is independent, fair and effective\" \/>\n<meta name=\"robots\" content=\"index, follow, max-snippet:-1, max-image-preview:large, max-video-preview:-1\" \/>\n<link rel=\"canonical\" href=\"https:\/\/www.dppireland.ie\/ga\/victims-witnesses\/decisions-not-to-procecute\/fatal-cases\/\" \/>\n<meta property=\"og:locale\" content=\"ga_IE\" \/>\n<meta property=\"og:type\" content=\"article\" \/>\n<meta property=\"og:title\" content=\"C\u00e1sanna Marfacha - Office of the Director of Public Prosecutions\" \/>\n<meta property=\"og:description\" content=\"Office of the Director of Public Prosecutions - Providing a prosecution that is independent, fair and effective\" \/>\n<meta property=\"og:url\" content=\"https:\/\/www.dppireland.ie\/ga\/victims-witnesses\/decisions-not-to-procecute\/fatal-cases\/\" \/>\n<meta property=\"og:site_name\" content=\"Office of the Director of Public Prosecutions\" \/>\n<meta property=\"article:modified_time\" content=\"2022-08-18T14:59:54+00:00\" \/>\n<meta name=\"twitter:card\" content=\"summary_large_image\" \/>\n<meta name=\"twitter:label1\" content=\"Est. reading time\" \/>\n\t<meta name=\"twitter:data1\" content=\"3 minutes\" \/>\n<script type=\"application\/ld+json\" class=\"yoast-schema-graph\">{\"@context\":\"https:\\\/\\\/schema.org\",\"@graph\":[{\"@type\":\"WebPage\",\"@id\":\"https:\\\/\\\/www.dppireland.ie\\\/ga\\\/victims-witnesses\\\/decisions-not-to-procecute\\\/fatal-cases\\\/\",\"url\":\"https:\\\/\\\/www.dppireland.ie\\\/ga\\\/victims-witnesses\\\/decisions-not-to-procecute\\\/fatal-cases\\\/\",\"name\":\"C\u00e1sanna Marfacha - Office of the Director of Public Prosecutions\",\"isPartOf\":{\"@id\":\"https:\\\/\\\/www.dppireland.ie\\\/#website\"},\"datePublished\":\"2019-03-05T13:56:23+00:00\",\"dateModified\":\"2022-08-18T14:59:54+00:00\",\"description\":\"Office of the Director of Public Prosecutions - Providing a prosecution that is independent, fair and effective\",\"breadcrumb\":{\"@id\":\"https:\\\/\\\/www.dppireland.ie\\\/ga\\\/victims-witnesses\\\/decisions-not-to-procecute\\\/fatal-cases\\\/#breadcrumb\"},\"inLanguage\":\"ga-IE\",\"potentialAction\":[{\"@type\":\"ReadAction\",\"target\":[\"https:\\\/\\\/www.dppireland.ie\\\/ga\\\/victims-witnesses\\\/decisions-not-to-procecute\\\/fatal-cases\\\/\"]}]},{\"@type\":\"BreadcrumbList\",\"@id\":\"https:\\\/\\\/www.dppireland.ie\\\/ga\\\/victims-witnesses\\\/decisions-not-to-procecute\\\/fatal-cases\\\/#breadcrumb\",\"itemListElement\":[{\"@type\":\"ListItem\",\"position\":1,\"name\":\"Home\",\"item\":\"https:\\\/\\\/www.dppireland.ie\\\/ga\\\/\"},{\"@type\":\"ListItem\",\"position\":2,\"name\":\"\u00cdospartaigh agus Finn\u00e9ithe\",\"item\":\"https:\\\/\\\/www.dppireland.ie\\\/ga\\\/victims-witnesses\\\/\"},{\"@type\":\"ListItem\",\"position\":3,\"name\":\"Cinnt\u00ed gan ionch\u00faiseamh a dh\u00e9anamh\",\"item\":\"https:\\\/\\\/www.dppireland.ie\\\/ga\\\/victims-witnesses\\\/decisions-not-to-procecute\\\/\"},{\"@type\":\"ListItem\",\"position\":4,\"name\":\"C\u00e1sanna Marfacha\"}]},{\"@type\":\"WebSite\",\"@id\":\"https:\\\/\\\/www.dppireland.ie\\\/#website\",\"url\":\"https:\\\/\\\/www.dppireland.ie\\\/\",\"name\":\"Office of the Director of Public Prosecutions\",\"description\":\"Providing a prosecution that is independent, fair and effective\",\"potentialAction\":[{\"@type\":\"SearchAction\",\"target\":{\"@type\":\"EntryPoint\",\"urlTemplate\":\"https:\\\/\\\/www.dppireland.ie\\\/?s={search_term_string}\"},\"query-input\":{\"@type\":\"PropertyValueSpecification\",\"valueRequired\":true,\"valueName\":\"search_term_string\"}}],\"inLanguage\":\"ga-IE\"}]}<\/script>\n<!-- \/ Yoast SEO plugin. -->","yoast_head_json":{"title":"C\u00e1sanna Marfacha - Office of the Director of Public Prosecutions","description":"Office of the Director of Public Prosecutions - Providing a prosecution that is independent, fair and effective","robots":{"index":"index","follow":"follow","max-snippet":"max-snippet:-1","max-image-preview":"max-image-preview:large","max-video-preview":"max-video-preview:-1"},"canonical":"https:\/\/www.dppireland.ie\/ga\/victims-witnesses\/decisions-not-to-procecute\/fatal-cases\/","og_locale":"ga_IE","og_type":"article","og_title":"C\u00e1sanna Marfacha - Office of the Director of Public Prosecutions","og_description":"Office of the Director of Public Prosecutions - Providing a prosecution that is independent, fair and effective","og_url":"https:\/\/www.dppireland.ie\/ga\/victims-witnesses\/decisions-not-to-procecute\/fatal-cases\/","og_site_name":"Office of the Director of Public Prosecutions","article_modified_time":"2022-08-18T14:59:54+00:00","twitter_card":"summary_large_image","twitter_misc":{"Est. reading time":"3 minutes"},"schema":{"@context":"https:\/\/schema.org","@graph":[{"@type":"WebPage","@id":"https:\/\/www.dppireland.ie\/ga\/victims-witnesses\/decisions-not-to-procecute\/fatal-cases\/","url":"https:\/\/www.dppireland.ie\/ga\/victims-witnesses\/decisions-not-to-procecute\/fatal-cases\/","name":"C\u00e1sanna Marfacha - Office of the Director of Public Prosecutions","isPartOf":{"@id":"https:\/\/www.dppireland.ie\/#website"},"datePublished":"2019-03-05T13:56:23+00:00","dateModified":"2022-08-18T14:59:54+00:00","description":"Office of the Director of Public Prosecutions - Providing a prosecution that is independent, fair and effective","breadcrumb":{"@id":"https:\/\/www.dppireland.ie\/ga\/victims-witnesses\/decisions-not-to-procecute\/fatal-cases\/#breadcrumb"},"inLanguage":"ga-IE","potentialAction":[{"@type":"ReadAction","target":["https:\/\/www.dppireland.ie\/ga\/victims-witnesses\/decisions-not-to-procecute\/fatal-cases\/"]}]},{"@type":"BreadcrumbList","@id":"https:\/\/www.dppireland.ie\/ga\/victims-witnesses\/decisions-not-to-procecute\/fatal-cases\/#breadcrumb","itemListElement":[{"@type":"ListItem","position":1,"name":"Home","item":"https:\/\/www.dppireland.ie\/ga\/"},{"@type":"ListItem","position":2,"name":"\u00cdospartaigh agus Finn\u00e9ithe","item":"https:\/\/www.dppireland.ie\/ga\/victims-witnesses\/"},{"@type":"ListItem","position":3,"name":"Cinnt\u00ed gan ionch\u00faiseamh a dh\u00e9anamh","item":"https:\/\/www.dppireland.ie\/ga\/victims-witnesses\/decisions-not-to-procecute\/"},{"@type":"ListItem","position":4,"name":"C\u00e1sanna Marfacha"}]},{"@type":"WebSite","@id":"https:\/\/www.dppireland.ie\/#website","url":"https:\/\/www.dppireland.ie\/","name":"Office of the Director of Public Prosecutions","description":"Providing a prosecution that is independent, fair and effective","potentialAction":[{"@type":"SearchAction","target":{"@type":"EntryPoint","urlTemplate":"https:\/\/www.dppireland.ie\/?s={search_term_string}"},"query-input":{"@type":"PropertyValueSpecification","valueRequired":true,"valueName":"search_term_string"}}],"inLanguage":"ga-IE"}]}},"jetpack_sharing_enabled":true,"_links":{"self":[{"href":"https:\/\/www.dppireland.ie\/ga\/wp-json\/wp\/v2\/pages\/10455","targetHints":{"allow":["GET"]}}],"collection":[{"href":"https:\/\/www.dppireland.ie\/ga\/wp-json\/wp\/v2\/pages"}],"about":[{"href":"https:\/\/www.dppireland.ie\/ga\/wp-json\/wp\/v2\/types\/page"}],"author":[{"embeddable":true,"href":"https:\/\/www.dppireland.ie\/ga\/wp-json\/wp\/v2\/users\/1"}],"replies":[{"embeddable":true,"href":"https:\/\/www.dppireland.ie\/ga\/wp-json\/wp\/v2\/comments?post=10455"}],"version-history":[{"count":2,"href":"https:\/\/www.dppireland.ie\/ga\/wp-json\/wp\/v2\/pages\/10455\/revisions"}],"predecessor-version":[{"id":13568,"href":"https:\/\/www.dppireland.ie\/ga\/wp-json\/wp\/v2\/pages\/10455\/revisions\/13568"}],"up":[{"embeddable":true,"href":"https:\/\/www.dppireland.ie\/ga\/wp-json\/wp\/v2\/pages\/10485"}],"wp:attachment":[{"href":"https:\/\/www.dppireland.ie\/ga\/wp-json\/wp\/v2\/media?parent=10455"}],"curies":[{"name":"wp","href":"https:\/\/api.w.org\/{rel}","templated":true}]}}